{"page":{"id":1,"pid":0,"title":"essociation","type":"Standard","meta":{"title":"essociation.de \u2013 Die Plattform f\u00fcr Veranstaltungen zu E-Themen","subtitle":"","abstract":"","description":"Finden Sie auf essociation.de Veranstaltungen und Weiterbildungen rundum die Themen der Energiebranche und Wasserwirtschaft!","keywords":"","canonical":"","robots":{"noIndex":false,"noFollow":false},"noIndex":"0","noFollow":"0"},"socialMedia":{"ogTitle":"","ogDescription":"","ogImage":[],"twitterTitle":"","twitterDescription":"","twitterCard":"summary","twitterImage":[]},"resources":{"media":[{"publicUrl":"https:\/\/api.stage.essociation.de\/fileadmin\/\/dokumente\/home\/home_keyvisual.mp4","properties":{"title":null,"alternative":null,"description":null,"mimeType":"video\/mp4","type":"video","target":null,"filename":"home_keyvisual.mp4","originalUrl":"https:\/\/api.stage.essociation.de\/fileadmin\/\/dokumente\/home\/home_keyvisual.mp4","uidLocal":279,"fileReferenceUid":777,"size":"2 MB","link":null,"dimensions":{"width":0,"height":0},"cropDimensions":{"width":0,"height":0},"crop":"","poster":1,"extension":"mp4","loadingLazy":1,"autoplay":1,"loop":1,"muted":1,"preload":0,"controls":0,"posterImage":{"src":"https:\/\/api.stage.essociation.de\/fileadmin\/dokumente\/home\/home_keyvisual.jpg","alt":null,"title":null,"mimeType":"image\/jpeg","originalUrl":"fileadmin\/dokumente\/home\/home_keyvisual.jpg","extension":"jpg"}}}]},"categories":"","editorial":{"author":"","authorEmail":""},"navigation":{"slug":"\/","navTitle":"","target":"","noSearch":"0"},"breadcrumbs":[{"title":"essociation","link":"\/","target":"","active":1,"current":1,"spacer":0}],"cache":{"timeout":"","tags":""},"appearance":{"layout":"layout-1","backendLayout":"layout1","backendLayoutNextLevel":"","newUntil":"0"},"l10n":{"languageId":0},"system":{"tstamp":1784822242,"crdate":1635962450,"starttime":0,"endtime":0,"feGroup":"","sorting":256},"brandPage":[],"discountInfo":[],"notificationInfo":{"code":"1","cssclass":"info","title":"Treffen Sie uns auf der E-world","description":"<p>20.-22. Februar 2024 in der Galeria am Stand <strong>GA-37<\/strong><\/p>"},"hideQuestions":"0"},"content":{"colPos1":[{"id":17,"pid":1,"type":"text","colPos":1,"categories":"","appearance":{"layout":"default","frameClass":"default","spaceBefore":"","spaceAfter":"","frameHide":""},"content":{"header":"essociation Gemeinsam. Mehr Wissen.","subheader":"","headerLayout":100,"headerPosition":"","headerLink":"","bodytext":"<h1>essociation<br> Gemeinsam. Mehr Wissen.<\/h1>\n<p>Die Plattform f\u00fcr Veranstaltungen und Weiterbildungen zu E-Themen <a href=\"\/search\">Alle ansehen<\/a><\/p>"}},{"id":286,"pid":1,"type":"q3ivdeevents_events","colPos":1,"categories":"","appearance":{"layout":"default","frameClass":"default","spaceBefore":"","spaceAfter":"","frameHide":""},"content":{"header":"Beliebte Suchbegriffe - PHASE 2","subheader":"","headerLayout":100,"headerPosition":"","headerLink":"","data":

{"view":"searchBar","settings":{"frontendBase":"https:\/\/stage.essociation.de\/","apiBase":"https:\/\/api.stage.essociation.de\/","apiEndpoint":"https:\/\/api.stage.essociation.de\/api\/v1\/","pid":{"eventDetailView":"19","partyDetailView":"79","eventBookingForm":"45","eventAgendaView":"20","privacy":"16","termsOfUse":"14"},"auth":{"credentials":"{$plugin.tx_q3ivdeevents_events.settings.auth.credentials}"},"email":{"adminEmail":"admin@essociation.de","adminName":"TYPO3 Admin","fromEmail":"noreply@essociation.de","fromName":"stage.essociation.de","bccList":"fbecker@vde-verlag.de,sandt@vde-verlag.de,web@bosbach.de"},"eventContext":{"eventNumber":"0","eventMaster":"0"},"searchBar":{"type":"home-page-bar"},"termListSection":{"6245a6178a226869236499":{"termItem":{"termItemName":"Elektrofachkraft","termItemType":"termItemUrl","termItemUrlName":"Direktaufruf","termItemUrl":"https:\/\/stage.essociation.de\/event\/praxis-der-sternpunktbehandlung","termItemTarget":""}},"6245a60d913a3655230538":{"termItem":{"termItemName":"Energie","termItemType":"termItemUrl","termItemUrlName":"Suchfilter","termItemUrl":"https:\/\/stage.essociation.de\/search\/?q=energie&f%5Bbrand%5D=BDEW&p=1","termItemTarget":""}},"6245bf5be89f8605452252":{"termItem":{"termItemName":"Elektrische Anlagen","termItemType":"termItemName"}},"62e15324ab86b215614191":{"termItem":{"termItemName":"Informationstechnik","termItemType":"termItemName"}},"6245a61d2bd4d461981538":{"termItem":{"termItemName":"Strom","termItemType":"termItemName"}},"6245bd92ce175189523683":{"termItem":{"termItemName":"Gas","termItemType":"termItemName"}},"66278896a8f94177052133":{"termItem":{"termItemType":"termItemUrl","termItemUrlName":"test","termItemUrl":"https:\/\/stage.essociation.de\/event\/jahresunterweisung-verantwortliche-elektrofachkraft","termItemTarget":""}},"662f7257e7e7e905225908":{"termItem":{"termItemType":"termItemUrl","termItemName":"EEG","termItemUrlName":"EEG_top","termItemUrl":"https:\/\/www.energie.de","termItemTarget":"_top"}},"664dc0a262fff846206853":{"termItem":{"termItemType":"termItemUrl","termItemUrlName":"energie2","termItemUrl":"https:\/\/www.energie.de","termItemName":"","termItemTarget":"_blank"}}},"detailPid":"3","listPid":"4","backPid":"8","list":{"paginate":{"itemsPerPage":"8"}},"search":{"paginate":{"itemsPerPage":"8"}}}}

}}],"colPos0":[{"id":290,"pid":1,"type":"structured_content","colPos":0,"categories":"","appearance":{"layout":"highlights-intro-container","frameClass":"container-lg","spaceBefore":"","spaceAfter":"","frameHide":""},"content":{"header":"PHASE 2","subheader":"","headerLayout":100,"headerPosition":"","headerLink":"","structure":{"layout":"twocol","grid":{"twocol":"2"},"rows":[{"columns":[{"config":{"name":"First column","colPos":"101"},"elements":[{"id":288,"pid":1,"type":"text","colPos":-1,"categories":"","appearance":{"layout":"text","frameClass":"default","spaceBefore":"","spaceAfter":"","frameHide":""},"content":{"header":"Herzlich Willkommen","subheader":"","headerLayout":2,"headerPosition":"","headerLink":"","bodytext":"<p>Wir hei\u00dfen alle Interessenten an E-Themen sowie Kunden der VDE ACADEMY und von EW Medien und Kongresse herzlich auf unserer Veranstaltungsplattform willkommen.<\/p>\n<p>Als branchen\u00fcbergreifender Wissensvermittler bieten wir Fach- und F\u00fchrungskr\u00e4ften Chancen f\u00fcr Ihre berufliche Entwicklung und erm\u00f6glichen Ihnen den Auf- und Ausbau Ihres Netzwerks.<\/p>\n<p>Erfahren Sie mehr \u00fcber das einmalige Konzept hinter essociation.de.<\/p>\n\n<p><a href=\"\/ueber-uns\" class=\"btn btn-secondary\">Mehr dazu<\/a><\/p>"}}]},{"config":{"name":"Second column","colPos":"102"},"elements":[{"id":287,"pid":1,"type":"q3i_icon_list","colPos":-1,"categories":"","appearance":{"layout":"default","frameClass":"default","spaceBefore":"","spaceAfter":"","frameHide":""},"content":{"header":"Liste mit Icons","subheader":"","headerLayout":100,"headerPosition":"","headerLink":"","items":[{"header":"Kompetenzen ausbauen","bodytext":"<p>Praktiker und Experten vermitteln Ihnen aktuelles Know-how und geben Impulse f\u00fcr fachliche Herausforderungen.<\/p>","icon":"icon-Ic_32x32_Brain"},{"header":"Netzwerke entwickeln","bodytext":"<p>Erweitern Sie Ihren Horizont im Austausch mit Kollegen und Spezialisten und bauen Sie Ihre Fach-Community auf.<\/p>","icon":"icon-Ic_32x32_Network"},{"header":"In Szene setzen","bodytext":"<p>Erweitern Sie Ihren Bekanntheitsgrad, st\u00e4rken Ihre Marke und pr\u00e4sentieren Sie Ihre Innovationen.<\/p>","icon":"icon-Ic_32x32_Presence"}]}}]}]}]}}},{"id":395,"pid":1,"type":"q3ivdeevents_events","colPos":0,"categories":"","appearance":{"layout":"default","frameClass":"default","spaceBefore":"","spaceAfter":"","frameHide":""},"content":{"header":"Slider \/ Unsere Seminar-Highlights","subheader":"","headerLayout":0,"headerPosition":"","headerLink":"","data":{"view":"slider","settings":{"frontendBase":"https:\/\/stage.essociation.de\/","apiBase":"https:\/\/api.stage.essociation.de\/","apiEndpoint":"https:\/\/api.stage.essociation.de\/api\/v1\/","pid":{"eventDetailView":"19","partyDetailView":"79","eventBookingForm":"45","eventAgendaView":"20","privacy":"16","termsOfUse":"14"},"auth":{"credentials":"{$plugin.tx_q3ivdeevents_events.settings.auth.credentials}"},"email":{"adminEmail":"admin@essociation.de","adminName":"TYPO3 Admin","fromEmail":"noreply@essociation.de","fromName":"stage.essociation.de","bccList":"fbecker@vde-verlag.de,sandt@vde-verlag.de,web@bosbach.de"},"eventContext":{"eventNumber":"0","eventMaster":"0"},"event":"1","teaserType":"variant_1","detailPid":"","listPid":"","backPid":"","list":{"paginate":{"itemsPerPage":"0"}},"searchBar":{"type":"home-page-bar"},"sliderTabGeneration":"tabs_by_external_config","singleTabLimit":"5","sliderTitle":"VERANSTALTUNGS-HIGHLIGHTS","sliderMoreUrl":"https:\/\/stage.essociation.de\/search\/","externalTabConfig":"17,18,31,44","topics":"","events":"","brands":"1,2,4,3,5,6","eventtypes":"","isRecommendedEvent":"1","isRecommended":"0"},"events":[],"tabConfigs":[{"config":{"tabTitle":"Empfohlen","singleTabLimit":5},"events":[{"updatedAt":"2026-08-05T12:01:58+02:00","createdAt":"2026-07-22T14:52:13+02:00","executionType":"praesenz","executionTypes":["Pr\u00e4senz"],"clientKey":"101","number":"220297","title":"TAR-Fachforum 2026","subtitle":"Stabile Netze und sichere Versorgung jetzt und in Zukunft","titleShort":"TAR-Fachforum","start":"2026-04-14T09:00:00+02:00","end":"2026-09-23T00:00:00+02:00","registrationDeadline":null,"location":[],"locationContactNo":"","brand":{"code":"FNN","description":"VDE FNN","mail_to":"web@bosbach.de","tel":"030 284494 242","mail_to_sales":"ausstellung@ew-online.de","tel_sales":"069 7104687 145","logo":"https:\/\/api.stage.essociation.de\/fileadmin\/templates\/brand-logos\/logo_vde_fnn.svg","ogImage":"https:\/\/api.stage.essociation.de\/fileadmin\/_processed_\/4\/2\/csm_logo_vde_fnn_1a1f3cf513.jpg","link":"https:\/\/stage.essociation.de\/search\/?f%5Bbrand%5D=FNN&p=1","mail_to_inhouse":"inhouse@essociation.de","link_terms":"https:\/\/stage.essociation.de\/agb-ew","link_privacy":"https:\/\/stage.essociation.de\/datenschutz","link_sponsor":"seminare@vde-verlag.de","mail_to_order":"anmeldung@ew-online.de","tel_order":"030 284494 242","notice_order":"<p>Sobald die Mindestteilnehmerzahl erreicht ist, erhalten die Teilnehmer eine Buchungsbest&auml;tigung per E-Mail. Eine Rechnung versenden wir an die hinterlegte Rechnungsadresse.<\/p>\\n<p>Bitte beachten Sie, dass eine kostenfreie Stornierung bis zum 30. Kalendertag vor Veranstaltungsbeginn m&ouml;glich ist.<\/p>","mail_to_support":"vdefnn@essociation.de","metadata_author":"VDE FNN","slider_content":null},"status":"HAUPT","participantsMin":50,"participantsMax":100,"isRecommended":true,"isNewUntil":"0","isInhouse":false,"mainTopic":{"uid":40,"code":"NETZTECHNIK","description":"Netztechnik","image":null,"topicPage":"","isTopTopic":false},"subtopics":[],"parties":[],"slots":[],"slotsAgendaViewUrl":"\/event\/programm\/list\/tar-fachforum-2026","services":[{"prices":[{"type":"","value":1690,"priceGroup":"","minAmount":0,"discountPercent":0,"discountType":{"code":null,"title":null,"description":null,"labelPercent":null},"start":null,"end":null}],"service":{"number":"VAL_001","description":"Normalpreis","info":"","type":"Hauptleistung","canCarryDiscountCode":true,"requiresFileUpload":false,"requiresMemberNumber":false}},{"prices":[],"service":{"number":"VAL_007","description":"Abendveranstaltung","info":"","type":"Zusatzleistung","canCarryDiscountCode":false,"requiresFileUpload":false,"requiresMemberNumber":false}},{"prices":[{"type":"","value":1540,"priceGroup":"","minAmount":0,"discountPercent":0,"discountType":{"code":null,"title":null,"description":null,"labelPercent":null},"start":null,"end":null}],"service":{"number":"VAL_016","description":"Normalpreis (online) \/ mit Studentennachweis","info":"<ul><li>Virtuelle Teilnahme<\/li><\/ul>","type":"Hauptleistung","canCarryDiscountCode":false,"requiresFileUpload":true,"requiresMemberNumber":false}},{"prices":[{"type":"","value":1290,"priceGroup":"","minAmount":0,"discountPercent":0,"discountType":{"code":null,"title":null,"description":null,"labelPercent":null},"start":null,"end":null}],"service":{"number":"VAL_058","description":"Mitgliedspreis VDE","info":"","type":"Hauptleistung","canCarryDiscountCode":false,"requiresFileUpload":true,"requiresMemberNumber":false}},{"prices":[{"type":"","value":1140,"priceGroup":"","minAmount":0,"discountPercent":0,"discountType":{"code":null,"title":null,"description":null,"labelPercent":null},"start":null,"end":null}],"service":{"number":"VAL_059","description":"Mitgliedspreis VDE (online)","info":"<ul><li>Virtuelle Teilnahme<\/li><\/ul>","type":"Hauptleistung","canCarryDiscountCode":false,"requiresFileUpload":false,"requiresMemberNumber":false}}],"metaData":[{"code":"VA-SEMINARINHALT","value":"<p>F&uuml;r den sicheren Betrieb der Stromnetze ist die Netzintegration erneuerbarer Energien und die Interoperabilit&auml;t der Netze auf allen Spannungsebenen unerl&auml;sslich. Zu diesem Zweck entwickelt der VDE FNN kontinuierlich die technischen Regeln f&uuml;r den Netzanschluss auf allen Spannungsebenen weiter.<\/p><p>Unsere Experten informieren Sie wieder umfassend &uuml;ber die aktuellen Ver&auml;nderungen der VDE FNN Regelwerke. Machen Sie sich unter anderem mit den neuen Anforderungen gem&auml;&szlig; VDE-AR-N 4100 beim Einsatz von Stromsensoren zur Messwerterfassung im Vorz&auml;hlerbereich in der Niederspannung vertraut. Erfahren Sie, was bei mehreren Netzanschl&uuml;ssen in einem Geb&auml;ude oder bei Z&auml;hlerpl&auml;tzen in Bestandsanlagen zu beachten ist.<\/p><p>Mit dem zunehmenden Ausbau der Erneuerbaren Energien steigt auch die Systemrelevanz der dezentralen Erzeugungsanlagen im Niederspannungsnetz. Vor diesem Hintergrund wurde auch die VDE-AR-N 4105 &uuml;berarbeitet. Zuk&uuml;nftig m&uuml;ssen Erzeugungsanlagen bei Anschluss in der Niederspannung h&ouml;here technische Anforderungen erf&uuml;llen und einen Beitrag zur Netzst&uuml;tzung leisten. Informieren Sie sich &uuml;ber die technischen Voraussetzungen f&uuml;r die Eigenversorgung in Kundenanlagen sowie die Netzeinbindung der bidirektionalen Ladevorg&auml;nge der E-Mobilit&auml;t.<\/p><p>Neben dem steigenden Anteil dezentraler Erzeugungsanlagen werden auch steuerbare Verbrauchseinrichtungen eine wichtige Rolle bei den technischen Anschlussregeln spielen. Der neue &sect; 14 a EnWG regelt die netzorientierte Steuerung von Letztverbrauchereinrichtungen. Diskutieren Sie mit Ihren Kolleg;innen die Auswirkungen auf das Last- und Energiemanagement im Niederspannungsnetz und wie Dauerstromanwendungen wie W&auml;rmepumpen oder Elektroautos netzdienlich integriert werden k&ouml;nnen.<\/p><p>Die TAR-Fachforen bieten Ihnen wieder viel Raum f&uuml;r den fachlichen Austausch. Die begleitende Fachausstellung mit namhaften Herstellern und Dienstleistern l&auml;dt Sie nicht nur tags&uuml;ber zum Entdecken ein, auch zur Abendveranstaltung k&ouml;nnen Sie hier in entspannter Atmosph&auml;re die Themen des Tages diskutieren.<\/p>"},{"code":"VA-KURZTEXT","value":"Der forcierte Ausbau von EE-Anlagen, Speichern und Elektromobilit\u00e4t erh\u00f6ht die Systemrelevanz von dezentralen Erzeugungsanlagen und Verbrauchseinrichtungen am Niederspannungsnetz. Die aktuellen \u00dcberarbeitungen der VDE-AR-N 4100 und VDE-AR-N 4105 tragen dieser Entwicklung Rechnung. Unsere Experten informieren Sie \u00fcber die neuen technischen Anforderungen zur sicheren Integration dieser Erzeugungsleistung in das Niederspannungsnetz. <a href=\"https:\/\/www.tar-fachforum.de\/\" target=\"_blank\">Zur Kongress Website<\/a>"},{"code":"VA-TEILNEHMER","value":"<p>Fach- und F&uuml;hrungskr&auml;fte, Verantwortliche und Expert:innen aus Netzbetrieb, Netztechnik, Messstellenbetreiber, Elektrotechniker:innen des Elektrohandwerks sowie Hersteller und Planer.<\/p>"},{"code":"VA-ARGUMENTE","value":"<ul><li>Sicherheit beim Umgang mit den neuen Anforderungen der VDE-AR-N 4100 und VDE-AR-N 4105<\/li><li>Praktische Tipps zur netzdienlichen Steuerung von Verbrauchseinrichtungen gem&auml;&szlig; &sect; 14a EnWG<\/li><li>&Uuml;berblick &uuml;ber die aktuellen technischen Entwicklungen und fachlichen Austausch im Rahmen der Fachausstellung<\/li><\/ul>"},{"code":"VA-THEMENSCHWERPUNKT","value":"<ul><li>Aktueller Rechtsrahmen: EEG 2023, &sect;14a EnWG und GNDEW<\/li><li>&Auml;nderungen der VDE-AR-N 4100<\/li><li>Neue Anforderungen an dezentrale Erzeugungsanlagen am Niederspannungsnetz &ndash; Novelle VDE-AR-N 4105<\/li><li>Netzvertr&auml;gliche Steuerung von Verbrauchseinrichtungen &ndash; Auswirkungen des &sect; 14a EnWG<\/li><li>Digitalisierung der Prozesse und Grunds&auml;tze der Zusammenarbeit<\/li><\/ul>"},{"code":"VA-META-TITLE","value":"TAR-Fachforen: 4 Termine im 2. Quartal 2026; Pr\u00e4senz"},{"code":"VA-METADESCRIPTION","value":"TAR-Fachforen: Neue Regeln durch VDE-AR-N 4100 & 4105 | Auswirkungen \u00a7 14 a EnWG | Mit begleitender Fachausstellung in Hamburg, Dresden, K\u00f6ln, Ulm"},{"code":"VA-FOCUS-KEYWORD","value":"TAR-Fachforen"},{"code":"VA-EMPFEHLUNG","value":"Ja"}],"eventType":{"code":"FACHTAGUNG","value":"Fachtagung","uid":1},"learnLevel":"","meta":{"title":"","subtitle":"","abstract":"","description":"","keywords":"","canonical":""},"socialMedia":{"ogTitle":"","ogDescription":"","ogImage":[],"twitterTitle":"","twitterDescription":"","twitterCard":"","twitterImage":[]},"venueCount":5,"subeventCount":5,"occupancy":0,"links":{"Links":[{"Link_Adresse":"K:\\220297\\","Link_Beschreibung":"Projektordner"},{"Link_Adresse":"https:\/\/www.tar-fachforum.de\/","Link_Beschreibung":"VA-EXT-WEBSITE"}]},"detailViewUrl":"\/event\/tar-fachforum-2026","bookingFormUrl":"\/event\/booking\/form\/tar-fachforum-2026","detailViewUrlMainEvent":"\/event\/tar-fachforum-2026","relatedEvents":""},{"updatedAt":"2026-08-05T12:01:58+02:00","createdAt":"2026-07-22T14:52:13+02:00","executionType":"praesenz","executionTypes":["Inhouse","Pr\u00e4senz"],"clientKey":"101","number":"250435","title":"Die 55 h\u00e4ufigsten Fehler im Energievertrieb","subtitle":"Energievertrieb rechtssicher gestalten","titleShort":"EF55","start":"2026-09-16T09:00:00+02:00","end":"2026-09-17T13:00:00+02:00","registrationDeadline":null,"location":[],"locationContactNo":"","brand":{"code":"BDEW AKADEMIE","description":"BDEW Akademie","mail_to":"web@bosbach.de","tel":"030 284494 242","mail_to_sales":"ausstellung@ew-online.de","tel_sales":"069 7104687 553","logo":"https:\/\/api.stage.essociation.de\/fileadmin\/templates\/brand-logos\/logo_bdew_akademie.svg","ogImage":"https:\/\/api.stage.essociation.de\/fileadmin\/_processed_\/c\/4\/csm_logo_bdew_akademie_3b758de2f5.jpg","link":"https:\/\/stage.essociation.de\/veranstalter\/bdew-akademie","mail_to_inhouse":"inhouse@essociation.de","link_terms":"https:\/\/stage.essociation.de\/agb-ew","link_privacy":"https:\/\/stage.essociation.de\/datenschutz","link_sponsor":"ausstellung@ew-online.de","mail_to_order":"anmeldung@ew-online.de","tel_order":"030 284494 242","notice_order":"<p>Sobald die Mindestteilnehmerzahl erreicht ist, erhalten die Teilnehmer eine Buchungsbest&auml;tigung per E-Mail. Eine Rechnung versenden wir an die hinterlegte Rechnungsadresse.<\/p> <p>Bitte beachten Sie, dass eine kostenfreie Stornierung bis zum 30. Kalendertag vor Veranstaltungsbeginn m&ouml;glich ist.<\/p>","mail_to_support":"bdewakademie@essociation.de","metadata_author":"BDEW AKADEMIE","slider_content":null},"status":"HAUPT","participantsMin":0,"participantsMax":0,"isRecommended":true,"isNewUntil":"1767178928","isInhouse":true,"mainTopic":{"uid":32,"code":"VERTRIEB","description":"Vertrieb","image":null,"topicPage":"","isTopTopic":false},"subtopics":[{"uid":38,"code":"MANAGEMENT","description":"Management","image":null,"topicPage":"","isTopTopic":false},{"uid":41,"code":"RECHT","description":"Recht","image":null,"topicPage":"","isTopTopic":false}],"parties":[],"slots":[],"slotsAgendaViewUrl":"\/event\/programm\/list\/die-55-haeufigsten-fehler-im-energievertrieb","services":[{"prices":[],"service":{"number":"VAL_001","description":"Normalpreis","info":"","type":"Hauptleistung","canCarryDiscountCode":true,"requiresFileUpload":false,"requiresMemberNumber":false}}],"metaData":[{"code":"VA-KURZTEXT","value":"Der Energievertrieb steht unter Druck: Gesetzesnovellen, neue Marktregeln, Preisobergrenzen und BGH-Vorgaben stellen Unternehmen vor komplexe Herausforderungen. Das Seminar zeigt praxisnah die 55 h\u00e4ufigsten Fehler im Energievertrieb \u2013 von der Grundversorgung bis zur Sonderkundenbelieferung. Sie lernen aus realen Beratungssituationen, wie Sie rechtliche Risiken vermeiden und Ihren Vertrieb zukunftssicher aufstellen."},{"code":"VA-THEMENSCHWERPUNKT","value":"<ul><li>Fehlerquellen in der Grund- und Ersatzversorgung<\/li><li>Fehler bei der Vertragsgestaltung und Umsetzung von Sonderliefervertr&auml;gen<\/li><li>Fehler bei der Anwendung von Preisanpassungen<\/li><li>Herausforderungen im Online-Vertrieb<\/li><li>Rechtliche Stolpersteine in der Werbung<\/li><li>Vertriebsbezogene Datenschutzfehler<\/li><\/ul>"},{"code":"VA-LERN-LEVEL","value":"BASIS"},{"code":"VA-TEILNEHMER","value":"<p>Vertriebsleitung, Fachkr&auml;fte und Verantwortliche f&uuml;r Vertrieb und Vertriebsplanung, Kundenmanagement sowie Gesch&auml;ftsf&uuml;hrung<\/p>"},{"code":"VA-ARGUMENTE","value":"<ul><li>Fehlerquellen in der Grund- und Ersatzversorgung erkennen und rechtliche Konflikte vermeiden<\/li><li>Sonderliefervertr&auml;ge rechtssicher gestalten, um teure Auseinandersetzungen zu verhindern<\/li><li>Preisanpassungen korrekt umsetzen, um rechtliche und wirtschaftliche Nachteile zu vermeiden<\/li><li>Stolpersteine im Online-Vertrieb identifizieren<\/li><li>Rechtliche Vorgaben bei der Produktwerbung verstehen und Fehler in Social Media vermeiden<\/li><li>Vertriebsdatenschutz rechtssicher umsetzen und rechtliche Probleme vorbeugen<\/li><\/ul>"},{"code":"VA-FOCUS-KEYWORD","value":"Energievertrieb"},{"code":"VA-SEMINARINHALT","value":"<p>Die Anforderungen an den Energievertrieb sind in den letzten Jahren stetig gewachsen. Diverse Novellen des Energiewirtschaftsgesetzes, die &uuml;berarbeiteten Regeln zur Marktkommunikation, die neuen Preisobergrenzen f&uuml;r moderne Messeinrichtungen und intelligente Messsysteme, dazu eine F&uuml;lle neuer Rechtsprechung zum AGB- und Lauterkeitsrecht und nicht zuletzt die pr&auml;zisen Vorgaben des BGH f&uuml;r Preisanpassungen stellen die Energiewirtschaft vor besondere Herausforderungen. Neue Werbeformen auf Social Media erweitern zwar &bdquo;klassische&ldquo; Ma&szlig;nahmen der Kundenbindung, bieten aber zugleich oftmals unbekannte rechtliche Fallstricke.<\/p><p>Das Seminar &quot;Die 55 h&auml;ufigsten Fehler im Energievertrieb&quot; bietet eine kurzweilige Reise durch eine Sammlung von Fehlerquellen im Energievertrieb, die &uuml;ber die Jahre Gegenstand anwaltlicher Beratung gewesen sind. Besprochen werden auch Konstellationen, die in der nahen Zukunft absehbare Herausforderungen des Vertriebs sein werden.<\/p><p>Die Reise beginnt in der Grund- und Ersatzversorgung sowie aktuellen Streitf&auml;llen. Danach beleuchten wir Fehlerquellen bei der Gestaltung und Umsetzung von Energieliefervertr&auml;gen mit Sonderkunden. Dabei spielen die Wahl des Preissystems und die Rechtskonformit&auml;t von Preisgarantien eine entscheidende Rolle. Unter anderem kl&auml;ren wir folgende Fragen: Wie gew&auml;hrt man einen Bonus oder Rabatt und regelt den Fall des Umzugs? Welche Klauseln werden durch den beschleunigten Lieferantenwechsel und den Einbau intelligenter Messsysteme unwirksam? Wie gestaltet man neue Vertragsformen wie die Belieferung steuerbarer Verbrauchseinrichtungen oder dynamische Tarife? Welche Fehler gibt es bei der Preisanpassung und der CO2-Preisweitergabe in Vertr&auml;gen? Zudem analysieren wir rechtliche Stolpersteine bei der Produktwerbung, E-Mail- und Social Media-Werbung sowie bei der Einhaltung des Datenschutzes im Vertrieb.<\/p>"},{"code":"VA-EMPFEHLUNG","value":"Ja"},{"code":"VA-NEU","value":"31.12.25"},{"code":"VA-INHOUSE","value":"Ja"}],"eventType":{"code":"SEMINAR","value":"Seminar","uid":6},"learnLevel":"BASIS","meta":{"title":"","subtitle":"","abstract":"","description":"","keywords":"","canonical":""},"socialMedia":{"ogTitle":"","ogDescription":"","ogImage":[],"twitterTitle":"","twitterDescription":"","twitterCard":"","twitterImage":[]},"venueCount":1,"subeventCount":1,"occupancy":0,"links":{"Links":[{"Link_Adresse":"K:\\250435\\","Link_Beschreibung":"Projektordner"}]},"detailViewUrl":"\/event\/die-55-haeufigsten-fehler-im-energievertrieb","bookingFormUrl":"\/event\/booking\/form\/die-55-haeufigsten-fehler-im-energievertrieb","detailViewUrlMainEvent":"\/event\/die-55-haeufigsten-fehler-im-energievertrieb","relatedEvents":""},{"updatedAt":"2026-08-05T12:01:58+02:00","createdAt":"2026-07-22T14:52:13+02:00","executionType":"praesenz","executionTypes":["Pr\u00e4senz"],"clientKey":"102","number":"S018098","title":"Fachkraft f\u00fcr Glasfaserinstallation (VDE)","subtitle":"Zertifizierungslehrgang mit theoretischer und praktischer Pr\u00fcfung","titleShort":"Fachkraft f\u00fcr Glasfaserinstallation (VDE)","start":"2026-09-21T09:00:00+02:00","end":"2026-11-12T00:00:00+01:00","registrationDeadline":null,"location":{"number":"828849","contactType":"Unternehmen","name":"ANEDIS Management GmbH","name2":"","name3":"","firstName":"","middleName":"","lastName":"","addressStreet":"Alexander-Mei\u00dfner-Str.","addressHouseNo":"24-28","addressZip":"12526","addressCity":"Berlin","addressCountry":[],"addressCountryName":"Deutschland","salutation":"OHNE","title":"","email":"","phone":"030\/710963-23","fax":"","www":"","companyName":"ANEDIS Management GmbH","companyPosition":"","image":null,"imageExternal":"","slug":"anedis-management-gmbh","portrait":"","uid":9649,"booth":null,"links":[{"Link-Adresse":"\\\\sanprodoff\\OFFPROD\\Gruppenordner\\Seminare\\21-externe R\u00e4ume\\Berlin\\Berlin_ANEDIS","Link_Beschreibung":"Berlin_ANEDIS"}]},"locationContactNo":"","brand":{"code":"VDE ACADEMY","description":"VDE ACADEMY","mail_to":"web@bosbach.de","tel":"069 840006 1312","mail_to_sales":"seminare@vde-verlag.de","tel_sales":"069 840006 1312","logo":"https:\/\/api.stage.essociation.de\/fileadmin\/templates\/brand-logos\/logo_vde_academy.svg","ogImage":"https:\/\/api.stage.essociation.de\/fileadmin\/_processed_\/3\/5\/csm_logo_vde_academy_41953a8f97.jpg","link":"https:\/\/stage.essociation.de\/veranstalter\/vde-academy","mail_to_inhouse":"seminare@vde-verlag.de","link_terms":"https:\/\/stage.essociation.de\/agb-vdev","link_privacy":"https:\/\/stage.essociation.de\/datenschutz","link_sponsor":"seminare@vde-verlag.de","mail_to_order":"seminare@vde-verlag.de","tel_order":"069 840006 1312","notice_order":"<p>Sobald die Mindestteilnehmerzahl erreicht ist, sp&auml;testens jedoch 14 Tage vor Ihrer Veranstaltung, erhalten Sie von uns eine Buchungsbest&auml;tigung per E-Mail an die von Ihnen angegebene Adresse. Sollten sich &Auml;nderungen oder Erg&auml;nzungen zu Ihrer Buchung ergeben, so senden Sie diese bitte per Mail an seminare@vde-verlag.de. Wir werden uns umgehend bei Ihnen zur&uuml;ckmelden.<\/p>","mail_to_support":"vdeacademy@essociation.de","metadata_author":"VDE ACADEMY","slider_content":null},"status":"HAUPT","participantsMin":5,"participantsMax":8,"isRecommended":true,"isNewUntil":"0","isInhouse":false,"mainTopic":{"uid":37,"code":"INFORMATIONSTECHNIK","description":"Informationstechnik","image":null,"topicPage":"","isTopTopic":false},"subtopics":[{"uid":13,"code":"GEB\u00c4UDE","description":"Geb\u00e4udetechnik","image":null,"topicPage":"","isTopTopic":false},{"uid":17,"code":"LEITUNG UND KABEL","description":"Leitungs- und Kabelverlegung","image":null,"topicPage":"","isTopTopic":false}],"parties":[{"role":"REFERENT","party":{"number":"828875","contactType":"Person","name":"G\u00fcnter Richter","name2":"","name3":"","firstName":"G\u00fcnter","middleName":"","lastName":"Richter","salutation":"HR","title":"Dipl.-Ing.","www":"","companyName":"","companyPosition":"","image":null,"imageExternal":"https:\/\/essociation.px.media\/plk\/828875-Richter_G%C3%BCnter.jpg","slug":"guenter-richter","portrait":"<p>Bildungsweg:<\/p><ul><li>Berufsausbildung zum Facharbeiter f&uuml;r Nachrichtentechnik mit Abitur<\/li><li>Studium zum Dipl.Ing. (FH) f&uuml;r Fernmeldetechniktechnik und Studium zum Dipl.Ing. f&uuml;r Fernmeldetechnik und IT<\/li><\/ul><p>Beruflicher Werdegang:<\/p><ul><li>Deutsche Post &ndash; Fernmeldemonteur<\/li><li>Offizier NVA \/ Bundeswehr f&uuml;r Fernmeldetechnik und IT<\/li><li>Planungsingenieur \/ Bau- und Projektmanager Telekommunikation Orts- und Weitnetze, CATV und LWL-Netze<\/li><li>Vertrieb elektronischer Messtechnik f&uuml;r die Bereiche LWL, Digital, HF und Mobilfunk f&uuml;r ANRITSU, Sunrise Telecom, VeEX, VIAVI Solution,CORNING, ComSonics, Inno Instruments<\/li><\/ul><p>Dozent f&uuml;r die Fachgebiete: LWL- Digital, HF- und Mobilfunkmesstechnik, Grundlagen der optischen Nachrichten&uuml;bertragung, Messungen an LWL-Netzen und Auswertung der Messergebnisse mit Auswertesoftware FiberDoc, FiberCable\/Fibertrace, Grundlagen der LWL &ndash; Montage, Anwenderschulungen f&uuml;r die Montage von LWL-Komponenten CORNING<\/p>","uid":9650}},{"role":"REFERENT","party":{"number":"828849-003","contactType":"Ansprechpartner","name":"Matthias Reu\u00df","name2":"","name3":"","firstName":"Matthias","middleName":"","lastName":"Reu\u00df","salutation":"HR","title":"","www":"","companyName":"ANEDIS Management GmbH","companyPosition":"","image":null,"imageExternal":"","slug":"matthias-reuss","portrait":"","uid":9651}}],"slots":[],"slotsAgendaViewUrl":"\/event\/programm\/list\/fachkraft-fuer-glasfaserinstallation-vde","services":[{"prices":[{"type":"","value":2920,"priceGroup":"","minAmount":0,"discountPercent":0,"discountType":{"code":null,"title":null,"description":null,"labelPercent":null},"start":null,"end":null}],"service":{"number":"VAL_001","description":"Normalpreis","info":"","type":"Hauptleistung","canCarryDiscountCode":true,"requiresFileUpload":false,"requiresMemberNumber":false}},{"prices":[{"type":"","value":2920,"priceGroup":"","minAmount":0,"discountPercent":0,"discountType":{"code":null,"title":null,"description":null,"labelPercent":null},"start":null,"end":null}],"service":{"number":"VAL_016","description":"Normalpreis (online) \/ mit Studentennachweis","info":"<ul><li>Virtuelle Teilnahme<\/li><\/ul>","type":"Hauptleistung","canCarryDiscountCode":false,"requiresFileUpload":true,"requiresMemberNumber":false}},{"prices":[{"type":"","value":2840,"priceGroup":"","minAmount":0,"discountPercent":0,"discountType":{"code":null,"title":null,"description":null,"labelPercent":null},"start":null,"end":null}],"service":{"number":"VAL_058","description":"Mitgliedspreis VDE","info":"","type":"Hauptleistung","canCarryDiscountCode":false,"requiresFileUpload":true,"requiresMemberNumber":false}},{"prices":[{"type":"","value":2840,"priceGroup":"","minAmount":0,"discountPercent":0,"discountType":{"code":null,"title":null,"description":null,"labelPercent":null},"start":null,"end":null}],"service":{"number":"VAL_059","description":"Mitgliedspreis VDE (online)","info":"<ul><li>Virtuelle Teilnahme<\/li><\/ul>","type":"Hauptleistung","canCarryDiscountCode":false,"requiresFileUpload":false,"requiresMemberNumber":false}}],"metaData":[{"code":"VA-SEMINARZIEL","value":"Die Teilnehmer erlernen zentrale F\u00e4higkeiten und praktische Fertigkeiten zur Glasfaserinstallation. Es werden Kenntnisse zum Aufbau von LWL-\u00dcbertragungsstrecken, zu den grundlegenden Messverfahren vermittelt und durch praktische \u00dcbungen trainiert."},{"code":"VA-SEMINARINHALT","value":"<p>Die Weiterbildung vermittelt zentrale F&auml;higkeiten und Fertigkeiten in der Glasfaserinstallation und zur Lichtwellenleitertechnik (LWL-Technik). Wesentliche Arbeitsmethoden der LWL-Technik werden von den Absolventen nach erfolgreicher Beendigung der Weiterbildung beherrscht. Die Teilnehmer erlernen Kenntnisse &uuml;ber den Aufbau, das Verlegen, das Splei&szlig;en und den Abschluss von LWL-Kabeln. Des Weiteren werden die Kursteilnehmer mit dem Aufbau von LWL-&Uuml;bertragungsstrecken und den grundlegenden Begriffen und Funktionsweisen der optischen Nachrichten&uuml;bertragung vertraut gemacht.<\/p>"},{"code":"VA-TEILNEHMER","value":"<p>Fachkr&auml;fte aus dem Handwerk und der Industrie mit elektro- und informationstechnischem Hintergrund sowie Quereinsteiger\/ - innen, z. B. aus dem Tief- und Rohrleitungsbau.<\/p>"},{"code":"VA-KURZTEXT","value":"In diesem Seminar erlernen die Teilnehmer zentrale F\u00e4higkeiten und praktische Fertigkeiten zur Glasfaserinstallation. Es werden Kenntnisse zum Aufbau von LWL-\u00dcbertragungsstrecken, zu den grundlegenden Messverfahren vermittelt und durch praktische \u00dcbungen trainiert."},{"code":"VA-ARGUMENTE","value":"<ul><li>Wir vermitteln Ihnen die wichtigsten Grundlagen der optischen Nachrichten&uuml;bertragung<\/li><li>Unser Zertifikatslehrgang betrachtet dabei eine Vielzahl an grundlegenden Messverfahren<\/li><li>Profitieren Sie auch von der praktischen Anwendung, wie der Durchf&uuml;hrung von D&auml;mpfungs- &amp; Leistungsmessungen mit OLS- und OLP<\/li><li>Im Detail erhalten Sie Einblicke in die LWL Installation, die Vorbereitung von Glasfaserkabeln zum Splei&szlig;en und dem Splei&szlig;en von LWL-Fasern<\/li><\/ul>"},{"code":"VA-FOCUS-KEYWORD","value":"Glasfaser Breitband Lichtwellenleiter "},{"code":"VA-METADESCRIPTION","value":"Die Weiterbildung vermittelt zentrale F\u00e4higkeiten und Fertigkeiten in der Glasfaserinstallation und zur Lichtwellenleitertechnik (LWL-Technik). Wesentliche Arbeitsmethoden der LWL-Technik werden von den Absolventen nach erfolgreicher Beendigung der Weiterbildung beherrscht."},{"code":"VA-LERN-LEVEL","value":"BASIS"},{"code":"VA-THEMENSCHWERPUNKT","value":"<ul><li>Grundlagen der optischen Nachrichten&uuml;bertragung<\/li><li>Grundlegende Messverfahren<\/li><li>LWL-Installation <\/li><li>Vorbereitung von Glasfaserkabeln zum Splei&szlig;en <\/li><li>Splei&szlig;en von LWL-Fasern<\/li><\/ul><p> <\/p>"},{"code":"VA-EMPFEHLUNG","value":"Ja"},{"code":"VA-INHOUSE","value":"Nein"}],"eventType":{"code":"SEMINAR","value":"Seminar","uid":6},"learnLevel":"BASIS","meta":{"title":"","subtitle":"","abstract":"","description":"","keywords":"","canonical":""},"socialMedia":{"ogTitle":"","ogDescription":"","ogImage":[],"twitterTitle":"","twitterDescription":"","twitterCard":"","twitterImage":[]},"venueCount":2,"subeventCount":2,"occupancy":0,"links":{"Links":[{"Link_Adresse":"\\\\sanprodoff\\OFFPROD\\Gruppenordner\\Seminare\\11-Seminarunterlagen\\Seminare ab 2022\\S018098","Link_Beschreibung":"S018098"}]},"detailViewUrl":"\/event\/fachkraft-fuer-glasfaserinstallation-vde","bookingFormUrl":"\/event\/booking\/form\/fachkraft-fuer-glasfaserinstallation-vde","detailViewUrlMainEvent":"\/event\/fachkraft-fuer-glasfaserinstallation-vde","relatedEvents":""},{"updatedAt":"2026-08-05T12:01:58+02:00","createdAt":"2026-07-22T14:52:13+02:00","executionType":"praesenz","executionTypes":["Inhouse","Pr\u00e4senz"],"clientKey":"101","number":"210044","title":"Nieder- und Mittelspannungsfreileitungen","subtitle":"","titleShort":"NM","start":"2026-09-22T08:30:00+02:00","end":"2026-09-23T17:30:00+02:00","registrationDeadline":null,"location":[],"locationContactNo":"","brand":{"code":"BDEW AKADEMIE","description":"BDEW Akademie","mail_to":"web@bosbach.de","tel":"030 284494 242","mail_to_sales":"ausstellung@ew-online.de","tel_sales":"069 7104687 553","logo":"https:\/\/api.stage.essociation.de\/fileadmin\/templates\/brand-logos\/logo_bdew_akademie.svg","ogImage":"https:\/\/api.stage.essociation.de\/fileadmin\/_processed_\/c\/4\/csm_logo_bdew_akademie_3b758de2f5.jpg","link":"https:\/\/stage.essociation.de\/veranstalter\/bdew-akademie","mail_to_inhouse":"inhouse@essociation.de","link_terms":"https:\/\/stage.essociation.de\/agb-ew","link_privacy":"https:\/\/stage.essociation.de\/datenschutz","link_sponsor":"ausstellung@ew-online.de","mail_to_order":"anmeldung@ew-online.de","tel_order":"030 284494 242","notice_order":"<p>Sobald die Mindestteilnehmerzahl erreicht ist, erhalten die Teilnehmer eine Buchungsbest&auml;tigung per E-Mail. Eine Rechnung versenden wir an die hinterlegte Rechnungsadresse.<\/p> <p>Bitte beachten Sie, dass eine kostenfreie Stornierung bis zum 30. Kalendertag vor Veranstaltungsbeginn m&ouml;glich ist.<\/p>","mail_to_support":"bdewakademie@essociation.de","metadata_author":"BDEW AKADEMIE","slider_content":null},"status":"HAUPT","participantsMin":5,"participantsMax":17,"isRecommended":true,"isNewUntil":"0","isInhouse":true,"mainTopic":{"uid":17,"code":"LEITUNG UND KABEL","description":"Leitungs- und Kabelverlegung","image":null,"topicPage":"","isTopTopic":false},"subtopics":[{"uid":25,"code":"NORMEN","description":"Normen und Sicherheit","image":null,"topicPage":"","isTopTopic":false},{"uid":40,"code":"NETZTECHNIK","description":"Netztechnik","image":null,"topicPage":"","isTopTopic":false}],"parties":[{"role":"REFERENT","party":{"number":"31004784","contactType":"Person","name":"Andreas Grohs","name2":"","name3":"","firstName":"Andreas","middleName":"","lastName":"Grohs","salutation":"HR","title":"","www":"","companyName":"","companyPosition":"Langj\u00e4hriger Vorsitzender DKE-Arbeitskreis","image":null,"imageExternal":"","slug":"andreas-grohs","portrait":"","uid":9101}},{"role":"REFERENT","party":{"number":"31004863","contactType":"Person","name":"Dirk Herweg","name2":"","name3":"","firstName":"Dirk","middleName":"","lastName":"Herweg","salutation":"HR","title":"","www":"","companyName":"","companyPosition":"Vorsitzender FNN-Projektgruppe Standsicherheit ","image":null,"imageExternal":"","slug":"dirk-herweg","portrait":"","uid":9102}}],"slots":[],"slotsAgendaViewUrl":"\/event\/programm\/list\/nieder-und-mittelspannungsfreileitungen","services":[{"prices":[{"type":"","value":1490,"priceGroup":"","minAmount":0,"discountPercent":0,"discountType":{"code":null,"title":null,"description":null,"labelPercent":null},"start":null,"end":null}],"service":{"number":"VAL_001","description":"Normalpreis","info":"","type":"Hauptleistung","canCarryDiscountCode":true,"requiresFileUpload":false,"requiresMemberNumber":false}}],"metaData":[{"code":"VA-SEMINARINHALT","value":"<p>Neue Freileitungen werden nicht mehr in gewohntem Ma&szlig;e gebaut und die Freileitungsnetze immer mehr verkabelt. Trotz allem gibt es noch einen enormen Freileitungsbestand mit Millionen von St&uuml;tzpunkten, die nicht von heute auf morgen abgebaut und verkabelt werden k&ouml;nnen.<\/p><p>F&uuml;r den wirtschaftlichen und sicheren Betrieb<strong> <\/strong>ist es wichtig, die Instandhaltung und Erneuerung von Nieder- und Mittelspannungsfreileitungen, die aktuelle Gesetzgebung, den Stand der Normen sowie etwaige Materialentwicklungen zu kennen.<\/p><p>Neben der DIN EN 50341 (ab 1kV) und der DIN VDE 0211 werden die Freileitungsanlagen und deren Anlagenkomponenten sowie die Planung und Berechnung von Nieder- und Mittelspannungsfreileitungen erl&auml;utert. Weitere Schwerpunkte sind die Auswahl und der Einsatz von Materialien und Werkstoffen sowie Beispiele f&uuml;r die Erkundung und Beurteilung des Anlagenzustandes<strong> <\/strong>inkl. Instandhaltung.<\/p><p> <\/p>"},{"code":"VA-KURZTEXT","value":"Neue Norm zu Freileitungen seit Mai 2021! Sie betreiben nur noch wenige Freileitungsstrecken. Das Know-how geht bald mit dem letzten Spezialisten in den Ruhestand. Lernen Sie im Seminar Wichtiges \u00fcber Anlagen und Normung! Tauschen Sie sich mit Kolleg:innen und erfahrenen Referenten aus! "},{"code":"VA-TEILNEHMER","value":"<p>Ingenieur:innen, Meister:innen und qualifizierte Mitarbeiter:innen, die f&uuml;r Bau und Betrieb von Nieder- und Mittelspannungsfreileitungen zust&auml;ndig sind<\/p>"},{"code":"VA-ARGUMENTE","value":"<ul><li>Spannende Informationen zu Anlagenkomponenten &ndash; Tauschen Sie sich im Seminar mit Kolleg:innen und erfahrenen Referenten aus<\/li><li>Wissenswertes zur Instandhaltung &ndash; Betreiben Sie Ihre Freileitungsanlage wirtschaftlich und sicher<\/li><li>Neues &uuml;ber aktualisierte Vorschriften zur DIN EN 50 341 &ndash; DIN VDE 0211 <\/li><li>Erfahrungen &uuml;ber Materialien und Werkstoffe von Freileitungsanlagen<\/li><li>Wie Sie bew&auml;hrte EDV nutzen zur Planung und Berechnung<\/li><\/ul>"},{"code":"VA-LERN-LEVEL","value":"SPEZIAL"},{"code":"MA-HINWEIS HOMEPAGE","value":"<p>Mit Ausstellungsst&uuml;cken vor Ort!<\/p>"},{"code":"VA-FOCUS-KEYWORD","value":"Freileitungen Niederspannung Mittelspannung "},{"code":"VA-METADESCRIPTION","value":"Aktuelle Insights zum wirtschaftlichen und sicheren Betrieb vonNieder- und Mittelspannungsfreileitungen im Seminar erhalten."},{"code":"VA-META-TITLE","value":"Seminar: Nieder- und Mittelspannungsfreileitungen"},{"code":"VA-INHOUSE","value":"Ja"},{"code":"VA-THEMENSCHWERPUNKT","value":"<ul><li>Anlage und Komponenten<\/li><li>Material<\/li><li>DIN EN 50341<\/li><li>DIN VDE 0211<\/li><li>Netzum- und &ndash;r&uuml;ckbauten<\/li><li> Planung und Berechnung<\/li><\/ul>"},{"code":"VA-EMPFEHLUNG","value":"Ja"}],"eventType":{"code":"SEMINAR","value":"Seminar","uid":6},"learnLevel":"SPEZIAL","meta":{"title":"","subtitle":"","abstract":"","description":"","keywords":"","canonical":""},"socialMedia":{"ogTitle":"","ogDescription":"","ogImage":[],"twitterTitle":"","twitterDescription":"","twitterCard":"","twitterImage":[]},"venueCount":1,"subeventCount":1,"occupancy":0,"links":{"Links":null},"detailViewUrl":"\/event\/nieder-und-mittelspannungsfreileitungen","bookingFormUrl":"\/event\/booking\/form\/nieder-und-mittelspannungsfreileitungen","detailViewUrlMainEvent":"\/event\/nieder-und-mittelspannungsfreileitungen","relatedEvents":""},{"updatedAt":"2026-08-05T12:01:58+02:00","createdAt":"2026-07-22T14:52:13+02:00","executionType":"praesenz","executionTypes":["Inhouse","Pr\u00e4senz"],"clientKey":"102","number":"S018090","title":"Schaltberechtigung f\u00fcr Starkstromanlagen bis 36 kV Teil 1: Grundlagen","subtitle":"Unterweisung f\u00fcr den neuen Arbeitsbereich gem. Arbeitsschutzgesetz \u00a7\u00a7 7, 12 (1), der Betriebssicherheitsverordnung \u00a7 12 (1), der Unfallverh\u00fctungsvorschrift DGUV Vorschr. 1 \u00a7\u00a7 4, 7 ","titleShort":"Schaltberechtigung f\u00fcr Starkstromanlagen bis 36 kV","start":"2026-09-28T09:00:00+02:00","end":"2026-11-24T00:00:00+01:00","registrationDeadline":null,"location":[],"locationContactNo":"","brand":{"code":"VDE ACADEMY","description":"VDE ACADEMY","mail_to":"web@bosbach.de","tel":"069 840006 1312","mail_to_sales":"seminare@vde-verlag.de","tel_sales":"069 840006 1312","logo":"https:\/\/api.stage.essociation.de\/fileadmin\/templates\/brand-logos\/logo_vde_academy.svg","ogImage":"https:\/\/api.stage.essociation.de\/fileadmin\/_processed_\/3\/5\/csm_logo_vde_academy_41953a8f97.jpg","link":"https:\/\/stage.essociation.de\/veranstalter\/vde-academy","mail_to_inhouse":"seminare@vde-verlag.de","link_terms":"https:\/\/stage.essociation.de\/agb-vdev","link_privacy":"https:\/\/stage.essociation.de\/datenschutz","link_sponsor":"seminare@vde-verlag.de","mail_to_order":"seminare@vde-verlag.de","tel_order":"069 840006 1312","notice_order":"<p>Sobald die Mindestteilnehmerzahl erreicht ist, sp&auml;testens jedoch 14 Tage vor Ihrer Veranstaltung, erhalten Sie von uns eine Buchungsbest&auml;tigung per E-Mail an die von Ihnen angegebene Adresse. Sollten sich &Auml;nderungen oder Erg&auml;nzungen zu Ihrer Buchung ergeben, so senden Sie diese bitte per Mail an seminare@vde-verlag.de. Wir werden uns umgehend bei Ihnen zur&uuml;ckmelden.<\/p>","mail_to_support":"vdeacademy@essociation.de","metadata_author":"VDE ACADEMY","slider_content":null},"status":"HAUPT","participantsMin":4,"participantsMax":12,"isRecommended":true,"isNewUntil":"0","isInhouse":true,"mainTopic":{"uid":7,"code":"ELEKTROTECHNIK","description":"Elektrotechnik","image":null,"topicPage":"","isTopTopic":false},"subtopics":[{"uid":25,"code":"NORMEN","description":"Normen und Sicherheit","image":null,"topicPage":"","isTopTopic":false},{"uid":40,"code":"NETZTECHNIK","description":"Netztechnik","image":null,"topicPage":"","isTopTopic":false}],"parties":[{"role":"REFERENT","party":{"number":"247139","contactType":"Person","name":"Burkhard Henski","name2":"","name3":"","firstName":"Burkhard","middleName":"","lastName":"Henski","salutation":"HR","title":"Diplomingenieur Fachhochschule","www":"","companyName":"","companyPosition":"","image":null,"imageExternal":"https:\/\/vde.px.media\/plk\/V1\/247139-Henski_Burkhard.jpg","slug":"burkhard-henski","portrait":"<p>Titel:<\/p><ul><li>Dipl.-Ing. (FH) f&uuml;r Elektroenergieanlagen<\/li><\/ul><p> <\/p><p>Beruflicher Werdegang:<\/p><ul><li>Berufsausbildung als Elektromonteur im Elektroinstallations-Handwerk,<\/li><li>Studium Elektroenergieanlagen, Abschluss: Dipl.-Ing. (FH) f&uuml;r Elektroenergieanlagen<\/li><\/ul><p> <\/p><p>Arbeitsfelder:<\/p><ul><li>Projektant f&uuml;r Steuerungsanlagen in Kohlekraftwerken im Unternehmen &bdquo;Elektroanlagenbau Berlin&ldquo;, heute Elpro AG<\/li><li>Konstrukteur f&uuml;r elektrische Ausr&uuml;stung und Fertigungsbetreuung von Spezialmaschinen (Flechtmaschinen) im Maschinenbaubetrieb &bdquo;Schnellflechter Berlin&quot;<\/li><li>freiberuflicher Ingenieur f&uuml;r Beratung und Planung von Elektroenergieanlagen nach HOAI &sect;&sect; 68 bis 76 (1992 bis 2010)<\/li><li>Dozent f&uuml;r die berufliche Umschulung von Elektrofachkr&auml;ften aus dem Kraftwerksbereich Region Lausitz (1994 bis 2008)<\/li><li>Sachverst&auml;ndiger des VdS zum Pr&uuml;fen elektrischer Anlagen (1994 bis 2012)<\/li><li>&bdquo;Beratenden Ingenieur&ldquo; in der Baukammer Berlin (1997 bis 2021)<\/li><\/ul><p> <\/p><p>Jetzige T&auml;tigkeit:<\/p><ul><li>Durchf&uuml;hrung von Unterweisungen und Schulungen f&uuml;r Elektroberufe von 1996 bis heute, wie<\/li><li>Jahresunterweisungen f&uuml;r Elektrofachkr&auml;fte, verantwortliche Elektrofachkr&auml;fte, Schaltberechtigte<\/li><li>Unterweisung f&uuml;r den Erwerb der Schaltberechtigung<\/li><li>Fachkunde f&uuml;r die elektrotechnisch unterwiesene Person<\/li><li>Die DIN VDE 0100 - Normen f&uuml;r Niederspannungsanlagen<\/li><li>Sicherheitsbeleuchtung in baulichen Anlagen nach DIN VDE 0108-100 und DIN EN 1838<\/li><\/ul>","uid":9647}}],"slots":[],"slotsAgendaViewUrl":"\/event\/programm\/list\/schaltberechtigung-fuer-starkstromanlagen-bis-36-kv-teil-1-grundlagen","services":[{"prices":[{"type":"","value":1050,"priceGroup":"","minAmount":0,"discountPercent":0,"discountType":{"code":null,"title":null,"description":null,"labelPercent":null},"start":null,"end":null}],"service":{"number":"VAL_001","description":"Normalpreis","info":"","type":"Hauptleistung","canCarryDiscountCode":true,"requiresFileUpload":false,"requiresMemberNumber":false}},{"prices":[{"type":"","value":1050,"priceGroup":"","minAmount":0,"discountPercent":0,"discountType":{"code":null,"title":null,"description":null,"labelPercent":null},"start":null,"end":null}],"service":{"number":"VAL_016","description":"Normalpreis (online) \/ mit Studentennachweis","info":"<ul><li>Virtuelle Teilnahme<\/li><\/ul>","type":"Hauptleistung","canCarryDiscountCode":false,"requiresFileUpload":true,"requiresMemberNumber":false}},{"prices":[{"type":"","value":960,"priceGroup":"","minAmount":0,"discountPercent":0,"discountType":{"code":null,"title":null,"description":null,"labelPercent":null},"start":null,"end":null}],"service":{"number":"VAL_058","description":"Mitgliedspreis VDE","info":"","type":"Hauptleistung","canCarryDiscountCode":false,"requiresFileUpload":true,"requiresMemberNumber":false}},{"prices":[{"type":"","value":960,"priceGroup":"","minAmount":0,"discountPercent":0,"discountType":{"code":null,"title":null,"description":null,"labelPercent":null},"start":null,"end":null}],"service":{"number":"VAL_059","description":"Mitgliedspreis VDE (online)","info":"<ul><li>Virtuelle Teilnahme<\/li><\/ul>","type":"Hauptleistung","canCarryDiscountCode":false,"requiresFileUpload":false,"requiresMemberNumber":false}}],"metaData":[{"code":"VA-SEMINARZIEL","value":"<p>Es wird Grund- und Fachwissen vermittelt, welches zum Schalten in Mittelspannungs-Schaltanlagen erforderlich ist.<\/p><p>Der zuk&uuml;nftige Schaltberechtigte kann daraus ableiten, wie Schalthandlungen in Mittelspannungs-Schaltanlagen erledigt werden m&uuml;ssen, wie:<\/p><ul><li>f&uuml;r die gewollte Netzf&uuml;hrung, st&ouml;rungsfreier Betrieb von Mittelspannungs-Schaltanlagen,<\/li><li>zum Freischalten von Mittelspannungs-Schaltanlagen f&uuml;r Instandhaltung, Wartung, Durchf&uuml;hrung von Kontrollen \/ Inspektionen, usw.,<\/li><li>f&uuml;r geplante Au&szlig;er- und Inbetriebnahmen von Mittelspannungs-Schaltanlagen.<\/li><\/ul><p>Die Unterweisung &bdquo;Schaltberechtigung f&uuml;r Starkstromanlagen bis 36 kV, Teil 1&ldquo; soll Arbeitgeber und Betreiber unterst&uuml;tzen, Elektrofachkr&auml;fte zu Schaltberechtigten heranzuf&uuml;hren, um Schalthandlungen in Mittelspannungs-Schaltanlagen &uuml;bernehmen zu k&ouml;nnen.<\/p><p>F&uuml;r die praktische Umsetzung und Festigung von Schalthandlungen in Mittelspannungsanlagen ist der Besuch des Seminars &bdquo;Schaltberechtigung f&uuml;r Starkstromanlagen bis 36 kV - Teil 2: Training&ldquo; unbedingt notwendig.<\/p><p>Nach dem Besuch der Unterweisung Schaltberechtigung Teil 1 und Teil 2 und der betrieblichen Unterweisung vor Ort kann der Betreiber dieser Elektrofachkraft eine Schaltberechtigung erteilen.<\/p>"},{"code":"VA-HINWEIS","value":"<p>Die Teilnehmer m&uuml;ssen eine elektrotechnische Ausbildung durchlaufen haben.<\/p>"},{"code":"VA-SEMINARINHALT","value":"<p>In diesem Seminar vermitteln wir Ihnen das notwendige Grund- und Fachwissen f&uuml;r Schaltvorg&auml;nge in Mittelspannungs-Schaltanlagen. Sie lernen, wie Sie Schalthandlungen korrekt und sicher durchf&uuml;hren.<\/p><hr \/><p>Nach diesem Seminar k&ouml;nnen Sie Schalthandlungen in Mittelspannungs-Schaltanlagen sicher und zielgerichtet ausf&uuml;hren. Dazu geh&ouml;ren insbesondere:<\/p><ul><li>Sicherer Betrieb: Gew&auml;hrleistung eines st&ouml;rungsfreien Betriebs und einer effizienten Netzf&uuml;hrung.<\/li><li>Freischalten: Durchf&uuml;hrung des Freischaltens von Anlagen f&uuml;r Instandhaltung, Wartung, Kontrollen und Inspektionen.<\/li><li>In- und Au&szlig;erbetriebnahme: Planung und Realisierung der In- und Au&szlig;erbetriebnahme von Mittelspannungs-Schaltanlagen.<\/li><\/ul><hr \/><p>Ihr Weg zur Schaltberechtigung: Die Seminarreihe &quot;Schaltberechtigung f&uuml;r Starkstromanlagen bis 36 kV, Teil 1 und Teil 2&quot; unterst&uuml;tzt Arbeitgeber und Betreiber dabei, Elektrofachkr&auml;fte zu Schaltberechtigten auszubilden. So k&ouml;nnen Ihre Mitarbeiter Schalthandlungen in Mittelspannungs-Schaltanlagen eigenverantwortlich &uuml;bernehmen.<\/p><hr \/><p>Praktische Vertiefung: Um die gelernten Schalthandlungen in Mittelspannungsanlagen praktisch zu festigen, ist der Besuch unseres Seminars &quot;Schaltberechtigung f&uuml;r Starkstromanlagen bis 36 kV - Teil 2: Training&quot; unerl&auml;sslich. Nach dem erfolgreichen Abschluss beider Seminarteile und einer zus&auml;tzlichen betrieblichen Unterweisung vor Ort kann Ihr Betreiber Ihnen die offizielle Schaltberechtigung erteilen.<\/p><hr \/><p>Diese Seminare k&ouml;nnten zum Thema auch interessant sein:<\/p><ul><li><a href=\"https:\/\/www.essociation.de\/event\/schaltberechtigung-fuer-starkstromanlagen-bis-36-kv-teil-2-praxis\">Schaltberechtigung f&uuml;r Starkstromanlagen bis 36 kV Teil 2: Praxis<\/a><\/li><\/ul>"},{"code":"VA-TEILNEHMER","value":"<p>Dieses Seminar richtet sich an Elektrofachkr&auml;fte, denen f&uuml;r Schaltaufgaben in elektrischen Mittelspannungs-Schaltanlagen bis 36 kV eine Schaltberechtigung erteilt werden soll.<\/p><p>Die Teilnehmer m&uuml;ssen eine elektrotechnische Berufsausbildung durchlaufen haben.<\/p>"},{"code":"VA-REGELWERK","value":"<p>Arbeitsschutzgesetz &sect;&sect; 7, 12 (1), der Betriebssicherheitsverordnung &sect; 12 (1), der Unfallverh&uuml;tungsvorschrift DGUV Vorschrift 1 &sect;&sect; 4, 7<\/p>"},{"code":"VA-KURZTEXT","value":"Dieses Seminar vermittelt Ihnen die Grundlagen f\u00fcr sichere Schalthandlungen in Mittelspannungs-Schaltanlagen. Sie lernen die Besonderheiten der Mittelspannungs-Anlagentechnik kennen, darunter Erzeugung, Transport, Umspannwerke, Schaltger\u00e4te und Netztopologie. Nach dem Seminar sind Sie optimal vorbereitet, um die Schaltberechtigung in Ihrem Unternehmen zu erlangen und eigenverantwortlich Schalthandlungen durchzuf\u00fchren."},{"code":"VA-LERN-LEVEL","value":"AUFBAU"},{"code":"VA-FOCUS-KEYWORD","value":"Schaltberechtigung 36 kV"},{"code":"VA-ARGUMENTE","value":"<p>Nach dem Besuch dieses Seminars wird Ihnen als Elektrofachkraft klar sein, welche Kenntnisse und welches Grundwissen erforderlich sind, um als schaltberechtigte Elektrofachkraft (Schaltberechtigter) Schalthandlungen in Mittelspannungs-Schaltanlagen sicher durchf&uuml;hren zu k&ouml;nnen.<\/p><p>Sie erhalten fundierte Einblicke in wichtige Arbeitsschutzma&szlig;nahmen, die dazu beitragen:<\/p><ul><li>Gef&auml;hrdungen zu reduzieren und das Gef&auml;hrdungsbewusstsein zu erh&ouml;hen.<\/li><li>Sicherheitswidrige Verhaltensweisen und die Anzahl der Arbeitsunf&auml;lle bei Schalthandlungen zu verringern.<\/li><li>Das Image in der &Ouml;ffentlichkeit und die Betriebskultur zu verbessern.<\/li><li>Ausfallzeiten und Betriebsst&ouml;rungen zu reduzieren.<\/li><\/ul><p>Die Teilnahme an den Seminaren &bdquo;Schaltberechtigung Teil 1 und Teil 2&ldquo; bildet die unabdingbare Grundlage f&uuml;r die Erteilung der Schaltberechtigung in Ihrem Unternehmen &ndash; eine besondere und anerkannte Qualifikation.<\/p>"},{"code":"VA-METADESCRIPTION","value":"Erlangen Sie die Schaltberechtigung 36 kV! Dieses Seminar vermittelt Grundlagen f\u00fcr sichere Schalthandlungen in Mittelspannungsanlagen & Netztopologien. Bereiten Sie sich optimal vor."},{"code":"VA-EMPFEHLUNG","value":"Ja"},{"code":"VA-THEMENSCHWERPUNKT","value":"<p>Dieses Seminar legt den Fokus auf entscheidende Aspekte, die f&uuml;r das Erlangen der Schaltberechtigung f&uuml;r Starkstromanlagen bis 36 kV unerl&auml;sslich sind:<\/p><ul><li>Erfordernis der Schaltberechtigung: Warum ist diese Qualifikation notwendig und welche rechtlichen sowie sicherheitstechnischen Grundlagen gibt es?<\/li><li>Besonderheiten der Mittelspannungstechnik: Einf&uuml;hrung in die speziellen Eigenschaften, Komponenten und Herausforderungen von Mittelspannungsanlagen.<\/li><li>Ausr&uuml;stung f&uuml;r das Arbeiten an elektrischen Anlagen: &Uuml;berblick &uuml;ber notwendige Werkzeuge, Messger&auml;te und pers&ouml;nliche Schutzausr&uuml;stung f&uuml;r den Mittelspannungsbereich.<\/li><li>Freischalten mit Schaltgespr&auml;ch: Erlernen der korrekten Schritte und der Bedeutung des Schaltgespr&auml;chs f&uuml;r ein sicheres Freischalten von Anlagen.<\/li><li>&Uuml;bertragung der Schaltberechtigung: Informationen &uuml;ber den Prozess und die Voraussetzungen zur Erlangung der offiziellen Schaltberechtigung im Unternehmen.<\/li><\/ul>"},{"code":"VA-INHOUSE","value":"Ja"},{"code":"VA-META-TITLE","value":"Schaltberechtigung 36 kV: Grundlagen f\u00fcr Starkstromanlagen (Teil 1)"}],"eventType":{"code":"SEMINAR","value":"Seminar","uid":6},"learnLevel":"AUFBAU","meta":{"title":"","subtitle":"","abstract":"","description":"","keywords":"","canonical":""},"socialMedia":{"ogTitle":"","ogDescription":"","ogImage":[],"twitterTitle":"","twitterDescription":"","twitterCard":"","twitterImage":[]},"venueCount":1,"subeventCount":2,"occupancy":0,"links":{"Links":[{"Link_Adresse":"\\\\sanprodoff\\OFFPROD\\Gruppenordner\\Seminare\\11-Seminarunterlagen\\Seminare ab 2022\\S018090\\","Link_Beschreibung":"Projektordner"}]},"detailViewUrl":"\/event\/schaltberechtigung-fuer-starkstromanlagen-bis-36-kv-teil-1-grundlagen","bookingFormUrl":"\/event\/booking\/form\/schaltberechtigung-fuer-starkstromanlagen-bis-36-kv-teil-1-grundlagen","detailViewUrlMainEvent":"\/event\/schaltberechtigung-fuer-starkstromanlagen-bis-36-kv-teil-1-grundlagen","relatedEvents":""}]},{"config":{"tabTitle":"Online","singleTabLimit":5},"events":[{"updatedAt":"2026-08-05T12:01:58+02:00","createdAt":"2026-07-22T14:52:13+02:00","executionType":"online","executionTypes":["Online"],"clientKey":"101","number":"250406","title":"Energy Insights - Das monatliche Online-Update f\u00fcr die Energiewirtschaft","subtitle":"Top-Themen aus Markt, Digitalisierung und Regulierung","titleShort":"EI","start":"2026-08-07T00:00:00+02:00","end":"2026-12-04T00:00:00+01:00","registrationDeadline":null,"location":[],"locationContactNo":"","brand":{"code":"BDEW AKADEMIE","description":"BDEW Akademie","mail_to":"web@bosbach.de","tel":"030 284494 242","mail_to_sales":"ausstellung@ew-online.de","tel_sales":"069 7104687 553","logo":"https:\/\/api.stage.essociation.de\/fileadmin\/templates\/brand-logos\/logo_bdew_akademie.svg","ogImage":"https:\/\/api.stage.essociation.de\/fileadmin\/_processed_\/c\/4\/csm_logo_bdew_akademie_3b758de2f5.jpg","link":"https:\/\/stage.essociation.de\/veranstalter\/bdew-akademie","mail_to_inhouse":"inhouse@essociation.de","link_terms":"https:\/\/stage.essociation.de\/agb-ew","link_privacy":"https:\/\/stage.essociation.de\/datenschutz","link_sponsor":"ausstellung@ew-online.de","mail_to_order":"anmeldung@ew-online.de","tel_order":"030 284494 242","notice_order":"<p>Sobald die Mindestteilnehmerzahl erreicht ist, erhalten die Teilnehmer eine Buchungsbest&auml;tigung per E-Mail. Eine Rechnung versenden wir an die hinterlegte Rechnungsadresse.<\/p> <p>Bitte beachten Sie, dass eine kostenfreie Stornierung bis zum 30. Kalendertag vor Veranstaltungsbeginn m&ouml;glich ist.<\/p>","mail_to_support":"bdewakademie@essociation.de","metadata_author":"BDEW AKADEMIE","slider_content":null},"status":"HAUPT","participantsMin":0,"participantsMax":0,"isRecommended":false,"isNewUntil":"1775037727","isInhouse":false,"mainTopic":{"uid":38,"code":"MANAGEMENT","description":"Management","image":null,"topicPage":"","isTopTopic":false},"subtopics":[{"uid":4,"code":"BWL","description":"BWL","image":null,"topicPage":"","isTopTopic":false},{"uid":20,"code":"MARKTPROZESSE","description":"Marktprozesse","image":null,"topicPage":"","isTopTopic":false}],"parties":[],"slots":[],"slotsAgendaViewUrl":"\/event\/programm\/list\/energy-insights-das-monatliche-online-update-fuer-die-energiewirtschaft","services":[{"prices":[{"type":"","value":2500,"priceGroup":"","minAmount":0,"discountPercent":0,"discountType":{"code":null,"title":null,"description":null,"labelPercent":null},"start":null,"end":null}],"service":{"number":"VAL_016","description":"Normalpreis (online) \/ mit Studentennachweis","info":"<ul><li>Virtuelle Teilnahme<\/li><\/ul>","type":"Hauptleistung","canCarryDiscountCode":false,"requiresFileUpload":true,"requiresMemberNumber":false}}],"metaData":[{"code":"VA-SEMINARINHALT","value":"<p>&bdquo;Energy Insights&ldquo; ist Ihr kompaktes Weiterbildungsformat zur Einordnung aktueller Entwicklungen in der Energiewirtschaft. In jeder Session greifen wir ein konkretes Thema auf, das f&uuml;r die Praxis der Energiebranche besonders relevant ist &ndash; sei es durch neue gesetzliche Anforderungen, technische Umstellungen oder Ver&auml;nderungen in Markt- und Kommunikationsprozessen.<\/p><p>In jeweils 90 Minuten erhalten Sie eine strukturierte Einf&uuml;hrung ins Thema durch erfahrene Referierende. Anschlie&szlig;end haben Sie die M&ouml;glichkeit, Ihre individuellen Fragen einzubringen oder bereits vorab zu senden &ndash; f&uuml;r maximalen Praxisbezug und direkte Anwendbarkeit.<\/p><p><strong>Die Inhalte orientieren sich an aktuellen Branchenschwerpunkten und Herausforderungen wie:<\/strong><\/p><ul><li>7. August 2026 - <a href=\"https:\/\/www.essociation.de\/event\/foerdermittelfinanzierung-von-kommunalen-investitionen\">F&ouml;rdermittelfinanzierung von kommunalen Investitionen<\/a><\/li><li>4.September 2026 - <a href=\"https:\/\/www.essociation.de\/event\/waermepumpen-contracting-neue-waermeloesungen-erfolgreich-denken-und-umsetzen\">W&auml;rmepumpen-Contracting: Neue W&auml;rmel&ouml;sungen erfolgreich denken und umsetzen<\/a><\/li><li>2. Oktober 2026 - <a href=\"https:\/\/www.essociation.de\/event\/fachkraefte-sichern-entwickeln-und-binden-im-transformationsumfeld\">Fachkr&auml;fte sichern, entwickeln und binden im Transformationsumfeld<\/a><\/li><li>6. November 2026 - <a href=\"https:\/\/www.essociation.de\/event\/tarife-fuer-14a-kunden\">Tarife f&uuml;r &sect;14a-Kunden<\/a><\/li><li>4. Dezember 2026 - <a href=\"https:\/\/www.essociation.de\/event\/ki-trends-und-strategien-in-der-energiewirtschaft-was-jetzt-zaehlt\">KI-Trends &amp; Strategien in der Energiewirtschaft<\/a><\/li><\/ul><p>Die Sessions sind einzeln buchbar. So behalten Sie nicht nur den &Uuml;berblick, sondern gewinnen konkrete Anhaltspunkte f&uuml;r die Umsetzung im eigenen Arbeitsumfeld.<\/p>"},{"code":"VA-TEILNEHMER","value":"<ul><li>Fach- und F&uuml;hrungskr&auml;fte, die ihr Wissen regelm&auml;&szlig;ig auffrischen m&ouml;chten<\/li><li>Spezialisten, die sich gezielt zu aktuellen Entwicklungen informieren wollen<\/li><li>Alle Mitarbeitenden, die sich schnell einen &Uuml;berblick &uuml;ber die Branche verschaffen m&ouml;chten<\/li><\/ul>"},{"code":"VA-ARGUMENTE","value":"<ul><li>Regelm&auml;&szlig;ige Updates &ndash; bleiben Sie stets informiert zu Gesetzen, Technologien und Marktentwicklungen<\/li><li>Kompakter Wissenstransfer &ndash; in 1,5 Stunden auf dem neuesten Stand<\/li><li>Erfahrene Expert*innen &ndash; profitieren Sie von fundierten Einsch&auml;tzungen aus der Praxis<\/li><li>Individuelle Relevanz &ndash; stellen Sie Ihre Fragen direkt oder reichen Sie diese vorab ein<\/li><li>Flexible Teilnahme &ndash; buchen Sie die Einzeltermine nach Interesse und Notwendigkeit<\/li><\/ul>"},{"code":"VA-KURZTEXT","value":"Die Energiewirtschaft steht unter hohem Ver\u00e4nderungsdruck: neue gesetzliche Vorgaben, wachsende Anforderungen durch Digitalisierung und sich wandelnde Marktbedingungen erfordern kontinuierliche Information und schnelle Reaktionsf\u00e4higkeit. Mit \"Energy Insights\" bieten wir Ihnen ein neues, kompaktes Format, um genau das zu erm\u00f6glichen.In unserer monatlichen Online-Reihe erhalten Sie jeden 1. Freitag im Monat einen fundierten \u00dcberblick \u00fcber aktuelle Entwicklungen, Herausforderungen und Chancen der Branche \u2013 von regulatorischen \u00c4nderungen \u00fcber digitale Tools bis hin zu neuen Prozessen im Energiemarkt. Das Besondere: In nur 90 Minuten erhalten Sie nicht nur konzentrierten Fachinput, sondern auch 30 Minuten Zeit f\u00fcr den Austausch mit Expert*innen \u2013 live und interaktiv."},{"code":"VA-FOCUS-KEYWORD","value":"monatliches Update zu aktuellen E-Themen"},{"code":"VA-META-TITLE","value":"Energy Insights - Update zu E-Themen"},{"code":"VA-THEMENSCHWERPUNKT","value":"<ul><li>Inhalte variieren je nach Modul<\/li><li>neue gesetzliche Anforderungen<\/li><li>technische Umstellungen<\/li><li>Ver&auml;nderungen in Markt- und Kommunikationsprozessen<\/li><li>Trends im spezifischen Bereich<\/li><li>Diskussionsrunde<\/li><\/ul>"},{"code":"VA-NEU","value":"01.04.26"}],"eventType":{"code":"SEMINAR","value":"Seminar","uid":6},"learnLevel":"","meta":{"title":"","subtitle":"","abstract":"","description":"","keywords":"","canonical":""},"socialMedia":{"ogTitle":"","ogDescription":"","ogImage":[],"twitterTitle":"","twitterDescription":"","twitterCard":"","twitterImage":[]},"venueCount":1,"subeventCount":1,"occupancy":0,"links":{"Links":[{"Link_Adresse":"K:\\250406\\","Link_Beschreibung":"Projektordner"}]},"detailViewUrl":"\/event\/energy-insights-das-monatliche-online-update-fuer-die-energiewirtschaft","bookingFormUrl":"\/event\/booking\/form\/energy-insights-das-monatliche-online-update-fuer-die-energiewirtschaft","detailViewUrlMainEvent":"\/event\/energy-insights-das-monatliche-online-update-fuer-die-energiewirtschaft","relatedEvents":""},{"updatedAt":"2026-08-05T12:01:58+02:00","createdAt":"2026-07-22T14:52:13+02:00","executionType":"online","executionTypes":["Online"],"clientKey":"101","number":"260395","title":"F\u00f6rdermittelfinanzierung von kommunalen Investitionen","subtitle":"Zusch\u00fcsse, F\u00f6rderdarlehen und optimale Finanzierungsstrukturen sicher bewerten und kombinieren","titleShort":"EI_12","start":"2026-08-07T10:00:00+02:00","end":"2026-08-07T12:00:00+02:00","registrationDeadline":null,"location":{"number":"31000001","contactType":"Unternehmen","name":"Virtueller Veranstaltungsraum","name2":"","name3":"","firstName":"","middleName":"","lastName":"","addressStreet":"","addressHouseNo":"","addressZip":"","addressCity":"Online","addressCountry":[],"addressCountryName":"Deutschland","salutation":"OHNE","title":"","email":"","phone":"","fax":"","www":"","companyName":"Virtueller Veranstaltungsraum","companyPosition":"","image":null,"imageExternal":"","slug":"virtueller-veranstaltungsraum","portrait":"","uid":9160,"booth":null,"links":null},"locationContactNo":"","brand":{"code":"BDEW AKADEMIE","description":"BDEW Akademie","mail_to":"web@bosbach.de","tel":"030 284494 242","mail_to_sales":"ausstellung@ew-online.de","tel_sales":"069 7104687 553","logo":"https:\/\/api.stage.essociation.de\/fileadmin\/templates\/brand-logos\/logo_bdew_akademie.svg","ogImage":"https:\/\/api.stage.essociation.de\/fileadmin\/_processed_\/c\/4\/csm_logo_bdew_akademie_3b758de2f5.jpg","link":"https:\/\/stage.essociation.de\/veranstalter\/bdew-akademie","mail_to_inhouse":"inhouse@essociation.de","link_terms":"https:\/\/stage.essociation.de\/agb-ew","link_privacy":"https:\/\/stage.essociation.de\/datenschutz","link_sponsor":"ausstellung@ew-online.de","mail_to_order":"anmeldung@ew-online.de","tel_order":"030 284494 242","notice_order":"<p>Sobald die Mindestteilnehmerzahl erreicht ist, erhalten die Teilnehmer eine Buchungsbest&auml;tigung per E-Mail. Eine Rechnung versenden wir an die hinterlegte Rechnungsadresse.<\/p> <p>Bitte beachten Sie, dass eine kostenfreie Stornierung bis zum 30. Kalendertag vor Veranstaltungsbeginn m&ouml;glich ist.<\/p>","mail_to_support":"bdewakademie@essociation.de","metadata_author":"BDEW AKADEMIE","slider_content":null},"status":"HAUPT","participantsMin":5,"participantsMax":15,"isRecommended":false,"isNewUntil":"0","isInhouse":false,"mainTopic":{"uid":4,"code":"BWL","description":"BWL","image":null,"topicPage":"","isTopTopic":false},"subtopics":[{"uid":15,"code":"HANDEL","description":"Handel","image":null,"topicPage":"","isTopTopic":false},{"uid":38,"code":"MANAGEMENT","description":"Management","image":null,"topicPage":"","isTopTopic":false}],"parties":[{"role":"REFERENT","party":{"number":"31004621-073","contactType":"Ansprechpartner","name":"Mario Stoffels","name2":"","name3":"","firstName":"Mario","middleName":"","lastName":"Stoffels","salutation":"HR","title":"","www":"","companyName":"Campus-EW GmbH","companyPosition":"","image":null,"imageExternal":"","slug":"mario-stoffels","portrait":"","uid":9608}}],"slots":[],"slotsAgendaViewUrl":"\/event\/programm\/list\/foerdermittelfinanzierung-von-kommunalen-investitionen","services":[{"prices":[{"type":"","value":450,"priceGroup":"","minAmount":0,"discountPercent":0,"discountType":{"code":null,"title":null,"description":null,"labelPercent":null},"start":null,"end":null}],"service":{"number":"VAL_016","description":"Normalpreis (online) \/ mit Studentennachweis","info":"<ul><li>Virtuelle Teilnahme<\/li><\/ul>","type":"Hauptleistung","canCarryDiscountCode":false,"requiresFileUpload":true,"requiresMemberNumber":false}}],"metaData":[{"code":"VA-ARGUMENTE","value":"<ul><li>Finanzierungskosten gezielt optimieren: Sie verstehen Pricing-Systeme von F&ouml;rderdarlehen und k&ouml;nnen Zinsvorteile realistisch bewerten<\/li><li>F&ouml;rdervoraussetzungen sicher einsch&auml;tzen: Sie gewinnen Klarheit &uuml;ber Strukturierungsfragen &ndash; insbesondere bei kommunaler Beteiligung<\/li><li>Zusch&uuml;sse strategisch kombinieren: Sie lernen, wie direkte Zusch&uuml;sse, Tilgungszusch&uuml;sse und steuerliche Effekte sinnvoll zusammenspielen<\/li><li>Rating- und Bankenperspektive verstehen: Sie erfahren, wie F&ouml;rdermittel das Rating beeinflussen und welche Rolle die Hausbank tats&auml;chlich spielt<\/li><li>Praxisnahe Umsetzung: Durch Fallstudien und Best-Practice-Beispiele erhalten Sie konkrete Ans&auml;tze f&uuml;r Ihre Investitionsprojekte<\/li><\/ul>"},{"code":"VA-TEILNEHMER","value":"<p>Mitarbeitende kommunaler Unternehmen und Stadtwerke aus den Bereichen Finanzen, Controlling, Beteiligungsmanagement, strategische Unternehmensentwicklung, Investitionsplanung, Regulierungsmanagement sowie Gesch&auml;ftsf&uuml;hrung<\/p>"},{"code":"VA-THEMENSCHWERPUNKT","value":"<ul><li>Grundlagen der F&ouml;rdermittel<\/li><li>Besonderheiten bei Zusch&uuml;ssen<\/li><li>Besonderheiten bei F&ouml;rderdarlehen<\/li><\/ul>"},{"code":"VA-SEMINARINHALT","value":"<p>Investitionen kommunaler Unternehmen stehen zunehmend unter Finanzierungsdruck: steigende Kapitalbedarfe, regulatorische Anforderungen, Transformationsprojekte in Energie, Infrastruktur und Digitalisierung. F&ouml;rdermittel k&ouml;nnen hier einen entscheidenden wirtschaftlichen Hebel darstellen &ndash; wenn sie strategisch richtig eingesetzt werden.<\/p><p>In diesem Seminar erhalten Sie einen fundierten &Uuml;berblick &uuml;ber die aktuelle F&ouml;rdermittelkulisse f&uuml;r kommunale Unternehmen und Stadtwerke. Sie lernen die unterschiedlichen F&ouml;rdermittelarten und -formen kennen &ndash; von direkten Zusch&uuml;ssen &uuml;ber Tilgungszusch&uuml;sse bis hin zu F&ouml;rderdarlehen mit besonderen Pricing-Systemen.<\/p><p>Ein besonderer Fokus liegt auf:<\/p><ul><li>F&ouml;rdervoraussetzungen und Abgrenzungsfragen (&bdquo;mit oder ohne Kommune?&ldquo;)<\/li><li>Besonderheiten bei Zusch&uuml;ssen und steuerlichen Effekten<\/li><li>Rating-Auswirkungen von F&ouml;rderdarlehen<\/li><li>Rolle und Einbindung der Hausbank<\/li><li>Pricing-Mechanismen bei F&ouml;rderkrediten<\/li><\/ul><p>Anhand konkreter Fallstudien und Best-Practice-Beispiele diskutieren wir Erfolgsfaktoren und typische Fehlerquellen. Ziel ist es, Investitionsvorhaben wirtschaftlich zu optimieren, Finanzierungskosten realistisch zu bewerten und F&ouml;rdermittel strategisch in die Unternehmensplanung einzubinden.<\/p><p>Das Seminar verbindet Grundlagenwissen mit praxisorientierter Anwendung &ndash; kompakt, strukturiert und direkt umsetzbar.<\/p><p>Das ist ein Modul der Reihe &quot;Energy Insights&quot; - F&uuml;r kontinuierliche Updates und maximale Wissensvorteile!<\/p><p>Die einzelnen Termine f&uuml;r die Anmeldung finden Sie hier:<\/p><ul><li>7. August 2026 - <a href=\"https:\/\/www.essociation.de\/event\/foerdermittelfinanzierung-von-kommunalen-investitionen\">F&ouml;rdermittelfinanzierung von kommunalen Investitionen<\/a><\/li><li>4.September 2026 - <a href=\"https:\/\/www.essociation.de\/event\/waermepumpen-contracting-neue-waermeloesungen-erfolgreich-denken-und-umsetzen\">W&auml;rmepumpen-Contracting: Neue W&auml;rmel&ouml;sungen erfolgreich denken und umsetzen<\/a><\/li><li>2. Oktober 2026 - <a href=\"https:\/\/www.essociation.de\/event\/fachkraefte-sichern-entwickeln-und-binden-im-transformationsumfeld\">Fachkr&auml;fte sichern, entwickeln und binden im Transformationsumfeld<\/a><\/li><li>6. November 2026 - <a href=\"https:\/\/www.essociation.de\/event\/tarife-fuer-14a-kunden\">Tarife f&uuml;r &sect;14a-Kunden<\/a><\/li><li>4. Dezember 2026 - <a href=\"https:\/\/www.essociation.de\/event\/ki-trends-und-strategien-in-der-energiewirtschaft-was-jetzt-zaehlt\">KI-Trends &amp; Strategien in der Energiewirtschaft<\/a><\/li><\/ul>"},{"code":"VA-KURZTEXT","value":"Dieses Seminar vermittelt einen kompakten \u00dcberblick \u00fcber die F\u00f6rdermittelkulisse bei Investitionen kommunaler Unternehmen und ihrer jeweiligen F\u00f6rdervoraussetzungen. Die unterschiedlichen F\u00f6rdermittelarten und -formen werden vorgestellt und diskutiert. Es wird ein dezidierter \u00dcberblick \u00fcber die unterschiedlichen Pricings bei F\u00f6rdermittelkrediten gegeben."},{"code":"VA-FOCUS-KEYWORD","value":"F\u00f6rdermittelfinanzierung, kommunale Investitionen"},{"code":"VA-METADESCRIPTION","value":"Erhalten Sie kompaktes Wissen zum Thema F\u00f6rdermittelfinanzierung von kommunalen Investitionen!"},{"code":"VA-META-TITLE","value":"F\u00f6rdermittelfinanzierung, kommunale Investitionen, F\u00f6rdermittel, Investitionen, Antr\u00e4ge, Funding"}],"eventType":{"code":"SEMINAR","value":"Seminar","uid":6},"learnLevel":"","meta":{"title":"","subtitle":"","abstract":"","description":"","keywords":"","canonical":""},"socialMedia":{"ogTitle":"","ogDescription":"","ogImage":[],"twitterTitle":"","twitterDescription":"","twitterCard":"","twitterImage":[]},"venueCount":1,"subeventCount":1,"occupancy":0,"links":{"Links":[{"Link_Adresse":"K:\\260395\\","Link_Beschreibung":"Projektordner"}]},"detailViewUrl":"\/event\/foerdermittelfinanzierung-von-kommunalen-investitionen","bookingFormUrl":"\/event\/booking\/form\/foerdermittelfinanzierung-von-kommunalen-investitionen","detailViewUrlMainEvent":"\/event\/foerdermittelfinanzierung-von-kommunalen-investitionen","relatedEvents":""},{"updatedAt":"2026-08-05T12:01:58+02:00","createdAt":"2026-07-22T14:52:13+02:00","executionType":"online","executionTypes":["Online"],"clientKey":"101","number":"260396","title":"W\u00e4rmepumpen-Contracting: Neue W\u00e4rmel\u00f6sungen erfolgreich denken und umsetzen","subtitle":"Modul - Energy-Insights","titleShort":"EI_13","start":"2026-09-04T10:00:00+02:00","end":"2026-09-04T12:00:00+02:00","registrationDeadline":null,"location":{"number":"31000001","contactType":"Unternehmen","name":"Virtueller Veranstaltungsraum","name2":"","name3":"","firstName":"","middleName":"","lastName":"","addressStreet":"","addressHouseNo":"","addressZip":"","addressCity":"Online","addressCountry":[],"addressCountryName":"Deutschland","salutation":"OHNE","title":"","email":"","phone":"","fax":"","www":"","companyName":"Virtueller Veranstaltungsraum","companyPosition":"","image":null,"imageExternal":"","slug":"virtueller-veranstaltungsraum","portrait":"","uid":9160,"booth":null,"links":null},"locationContactNo":"","brand":{"code":"BDEW AKADEMIE","description":"BDEW Akademie","mail_to":"web@bosbach.de","tel":"030 284494 242","mail_to_sales":"ausstellung@ew-online.de","tel_sales":"069 7104687 553","logo":"https:\/\/api.stage.essociation.de\/fileadmin\/templates\/brand-logos\/logo_bdew_akademie.svg","ogImage":"https:\/\/api.stage.essociation.de\/fileadmin\/_processed_\/c\/4\/csm_logo_bdew_akademie_3b758de2f5.jpg","link":"https:\/\/stage.essociation.de\/veranstalter\/bdew-akademie","mail_to_inhouse":"inhouse@essociation.de","link_terms":"https:\/\/stage.essociation.de\/agb-ew","link_privacy":"https:\/\/stage.essociation.de\/datenschutz","link_sponsor":"ausstellung@ew-online.de","mail_to_order":"anmeldung@ew-online.de","tel_order":"030 284494 242","notice_order":"<p>Sobald die Mindestteilnehmerzahl erreicht ist, erhalten die Teilnehmer eine Buchungsbest&auml;tigung per E-Mail. Eine Rechnung versenden wir an die hinterlegte Rechnungsadresse.<\/p> <p>Bitte beachten Sie, dass eine kostenfreie Stornierung bis zum 30. Kalendertag vor Veranstaltungsbeginn m&ouml;glich ist.<\/p>","mail_to_support":"bdewakademie@essociation.de","metadata_author":"BDEW AKADEMIE","slider_content":null},"status":"HAUPT","participantsMin":6,"participantsMax":15,"isRecommended":false,"isNewUntil":"0","isInhouse":false,"mainTopic":{"uid":33,"code":"W\u00c4RME","description":"W\u00e4rmewirtschaft","image":null,"topicPage":"","isTopTopic":false},"subtopics":[{"uid":7,"code":"ELEKTROTECHNIK","description":"Elektrotechnik","image":null,"topicPage":"","isTopTopic":false},{"uid":28,"code":"REGULIERUNG","description":"Regulierung","image":null,"topicPage":"","isTopTopic":false}],"parties":[{"role":"REFERENT","party":{"number":"31004621-037","contactType":"Ansprechpartner","name":"Christoph Langel","name2":"","name3":"","firstName":"Christoph","middleName":"","lastName":"Langel","salutation":"HR","title":"","www":"","companyName":"Campus-EW GmbH","companyPosition":"Partner","image":null,"imageExternal":"https:\/\/essociation.px.media\/plk\/kj\/31004621-037_Langel_Christoph.webp","slug":"christoph-langel","portrait":"<p>Mit seiner langj&auml;hrigen Erfahrung in der Branche, zuletzt in der Position des Gesch&auml;ftsf&uuml;hrers bei einem innovativen Energieversorger, verf&uuml;gt Herr Christoph Langel &uuml;ber ein tiefgreifendes Verst&auml;ndnis der Energiewirtschaft. Zuvor war er bei den Stadtwerken D&uuml;sseldorf AG als Vertriebsleiter f&uuml;r Fernw&auml;rme und Contracting und Funktionen in den Bereichen Contracting und dezentrale Erzeugung t&auml;tig.<\/p><p>Als Referent bringt Herr Christoph Langel umfangreiche Expertise in folgenden Bereichen mit: Energiewirtschaft, Energiewende, erneuerbare Energien, KWK, Fernw&auml;rme, Quartierskonzepte und die Weiterentwicklung von Stadtwerken hin zu nachhaltigen Betriebsmodellen. Auf Grund seiner langj&auml;hrigen T&auml;tigkeit als Gesch&auml;ftsf&uuml;hrer ist er erfahren in der Personal- und Teamentwicklung, unterst&uuml;tzt agile Zusammenarbeit und Ver&auml;nderungsprozesse.<\/p><p>Herr Langel engagierte sich aktiv in verschiedenen Verbandsaktivit&auml;ten, darunter beim BDEW. Er war Mitglied in Expertenkreisen zu erneuerbaren Energien, Kraft-W&auml;rme-Kopplung und Dienstleistungen. Zus&auml;tzlich arbeitet er als Dozent an der FH Aachen.<\/p>","uid":9143}}],"slots":[],"slotsAgendaViewUrl":"\/event\/programm\/list\/waermepumpen-contracting-neue-waermeloesungen-erfolgreich-denken-und-umsetzen","services":[{"prices":[{"type":"","value":450,"priceGroup":"","minAmount":0,"discountPercent":0,"discountType":{"code":null,"title":null,"description":null,"labelPercent":null},"start":null,"end":null}],"service":{"number":"VAL_016","description":"Normalpreis (online) \/ mit Studentennachweis","info":"<ul><li>Virtuelle Teilnahme<\/li><\/ul>","type":"Hauptleistung","canCarryDiscountCode":false,"requiresFileUpload":true,"requiresMemberNumber":false}}],"metaData":[{"code":"VA-KURZTEXT","value":"In 90 Minuten zeigt Ihnen unser Experte, wie Sie mit W\u00e4rmepumpen-Contracting aus steigenden CO2 Kosten, Sanierungsstau und Investitionsdruck handfeste Chancen machen \u2013 f\u00fcr Kommune, Wohnungsbestand und Gewerbe. Im Fokus: schlanke Modelle, klare Verantwortlichkeiten, planbare W\u00e4rmepreise. Kompakt und praxisnah beleuchten wir technische Basics, Business Cases und die wichtigsten Vertrags- und F\u00f6rderfragen \u2013 erg\u00e4nzt um echte Projektbeispiele mit Lessons Learned. Im Dialogteil geht es um Ihre Vorhaben: Welche Projekte eignen sich, wie umgehen Sie typische Stolpersteine \u2013 und wie kommen Sie vom ersten Konzept zum unterschriebenen Vertrag? "},{"code":"VA-SEMINARINHALT","value":"<p>In unserem praxisorientierten 90-min&uuml;tigen Training zeigen wir Ihnen, wie Sie mit W&auml;rmepumpen-Contracting aus den aktuellen Herausforderungen &ndash; wie steigenden CO2-Kosten, einem bestehenden Sanierungsstau und dem zunehmenden Investitionsdruck &ndash; nachhaltige und handfeste Chancen f&uuml;r Ihre Projekte entwickeln k&ouml;nnen. Dabei richten wir den Blick auf verschiedene Sektoren: Kommunen, den Wohnungsbestand sowie gewerbliche Immobilien. Unser Ziel ist es, Ihnen aufzuzeigen, wie Sie durch ma&szlig;geschneiderte Contracting-Modelle Ihre Energieeffizienz steigern, die Energiekosten langfristig senken und gleichzeitig Ihren Beitrag zur Energiewende leisten k&ouml;nnen.<\/p><p>Im Mittelpunkt stehen dabei schlanke und flexible Modelle, die klare Verantwortlichkeiten definieren und planbare W&auml;rmepreise garantieren. So k&ouml;nnen Sie Ihre Projekte effizient und zukunftssicher gestalten. Dabei bieten wir Ihnen nicht nur technisches Wissen, sondern auch wertvolle wirtschaftliche Perspektiven und rechtliche Klarheit zu den Themen Vertragsgestaltung und F&ouml;rderm&ouml;glichkeiten.<\/p><p>Das Training ist so aufgebaut, dass Sie nicht nur die technischen Grundlagen und wichtigsten Business Cases kennenlernen, sondern auch direkt von realen Projektbeispielen profitieren, die Ihnen helfen, praxisorientierte L&ouml;sungen f&uuml;r Ihre eigenen Vorhaben zu entwickeln. Erfahren Sie aus erster Hand, wie Sie typische Stolpersteine im Prozess vermeiden und wie Sie vom ersten Konzept bis zum unterschriebenen Vertrag kommen &ndash; inklusive praktischer Tipps und Best Practices aus erfolgreich umgesetzten Projekten.<\/p><p>Unser Ansatz ist praxisnah und interaktiv, sodass Sie direkt in den Dialog treten k&ouml;nnen, um Ihre Fragen zu stellen und konkrete L&ouml;sungen f&uuml;r Ihre Projekte zu finden. Egal, ob Sie sich in der Planung oder bereits in der Umsetzung befinden &ndash; dieses Training hilft Ihnen, Ihre Herausforderungen im W&auml;rmepumpen-Contracting zu meistern und Ihre Ziele effizient zu erreichen.<\/p><p>Das ist ein Modul der Reihe &quot;Energy Insights&quot; - F&uuml;r kontinuierliche Updates und maximale Wissensvorteile!<\/p><p>Die einzelnen Termine f&uuml;r die Anmeldung finden Sie hier:<\/p><ul><li>7. August 2026 - <a href=\"https:\/\/www.essociation.de\/event\/foerdermittelfinanzierung-von-kommunalen-investitionen\">F&ouml;rdermittelfinanzierung von kommunalen Investitionen<\/a><\/li><li>4.September 2026 - <a href=\"https:\/\/www.essociation.de\/event\/waermepumpen-contracting-neue-waermeloesungen-erfolgreich-denken-und-umsetzen\">W&auml;rmepumpen-Contracting: Neue W&auml;rmel&ouml;sungen erfolgreich denken und umsetzen<\/a><\/li><li>2. Oktober 2026 - <a href=\"https:\/\/www.essociation.de\/event\/fachkraefte-sichern-entwickeln-und-binden-im-transformationsumfeld\">Fachkr&auml;fte sichern, entwickeln und binden im Transformationsumfeld<\/a><\/li><li>6. November 2026 - <a href=\"https:\/\/www.essociation.de\/event\/tarife-fuer-14a-kunden\">Tarife f&uuml;r &sect;14a-Kunden<\/a><\/li><li>4. Dezember 2026 - <a href=\"https:\/\/www.essociation.de\/event\/ki-trends-und-strategien-in-der-energiewirtschaft-was-jetzt-zaehlt\">KI-Trends &amp; Strategien in der Energiewirtschaft<\/a><\/li><\/ul>"},{"code":"VA-TEILNEHMER","value":"<p>Fach -und F&uuml;hrungskr&auml;fte aus der Energie- und Wohnungswirtschaft, in Gewerbe- und Industrieunternehmen sowie Contracting-Anbieter und Projektentwicklung<\/p>"},{"code":"VA-ARGUMENTE","value":"<ul><li>W&auml;rmewende wirtschaftlich denken: Sie lernen, wie sich CO2-Kosten, Sanierungsdruck und Investitionsbedarf in tragf&auml;hige Contracting-Gesch&auml;ftsmodelle &uuml;bersetzen lassen<\/li><li>Klare Modelle statt Komplexit&auml;t: Sie verstehen die Unterschiede zwischen Voll-, Energie- und Betreiber-Contracting &ndash; inklusive St&auml;rken, Risiken und wirtschaftlicher Hebel<\/li><li>F&ouml;rder- und Rechtsrahmen sicher einordnen: Sie gewinnen Sicherheit bei GEG-Bezug, BEG-F&ouml;rderf&auml;higkeit und regulatorischen Schnittstellen &ndash; ohne juristische Detail&uuml;berfrachtung<\/li><li>Praxiswissen statt Theorie: Reale Projektkonstellationen zeigen, was funktioniert &ndash; und wo typische Stolpersteine bei Technik, Wirtschaftlichkeit und Kundenkommunikation liegen<\/li><li>Konkreter Transfer auf Ihre Projekte: Sie pr&uuml;fen welche Objekte sich eignen und wo Risiken liegen<\/li><\/ul>"},{"code":"VA-THEMENSCHWERPUNKT","value":"<ul><li>Strategische Einordnung &amp; Marktumfeld<\/li><li>Technische und wirtschaftliche Grundlagen<\/li><li>Vertragsmodelle, Regulierung &amp; F&ouml;rderung<\/li><li>Umsetzung in der Praxis: Erfolgsfaktoren &amp; Stolpersteine<\/li><\/ul>"},{"code":"VA-METADESCRIPTION","value":"Wissenswertes zum Thema W\u00e4rmepumpen-Contracting erhalten Sie in diesem Workshop!"},{"code":"VA-META-TITLE","value":"W\u00e4rmepumpen-Contracting, W\u00e4rmepumpen, Contracting  "},{"code":"VA-FOCUS-KEYWORD","value":"W\u00e4rmepumpen-Contracting"}],"eventType":{"code":"SEMINAR","value":"Seminar","uid":6},"learnLevel":"","meta":{"title":"","subtitle":"","abstract":"","description":"","keywords":"","canonical":""},"socialMedia":{"ogTitle":"","ogDescription":"","ogImage":[],"twitterTitle":"","twitterDescription":"","twitterCard":"","twitterImage":[]},"venueCount":1,"subeventCount":1,"occupancy":0,"links":{"Links":[{"Link_Adresse":"K:\\260396\\","Link_Beschreibung":"Projektordner"}]},"detailViewUrl":"\/event\/waermepumpen-contracting-neue-waermeloesungen-erfolgreich-denken-und-umsetzen","bookingFormUrl":"\/event\/booking\/form\/waermepumpen-contracting-neue-waermeloesungen-erfolgreich-denken-und-umsetzen","detailViewUrlMainEvent":"\/event\/waermepumpen-contracting-neue-waermeloesungen-erfolgreich-denken-und-umsetzen","relatedEvents":""},{"updatedAt":"2026-08-05T12:01:58+02:00","createdAt":"2026-07-22T14:52:13+02:00","executionType":"online","executionTypes":["Online"],"clientKey":"101","number":"220532","title":"Wasserz\u00e4hler - Recht, Trends und Praxis","subtitle":"Funkwasserz\u00e4hler | Digitales Messwesen | Datenanalyse","titleShort":"Wasserz\u00e4hler","start":"2026-09-15T00:00:00+02:00","end":"2026-09-15T00:00:00+02:00","registrationDeadline":null,"location":{"number":"31000001","contactType":"Unternehmen","name":"Virtueller Veranstaltungsraum","name2":"","name3":"","firstName":"","middleName":"","lastName":"","addressStreet":"","addressHouseNo":"","addressZip":"","addressCity":"Online","addressCountry":[],"addressCountryName":"Deutschland","salutation":"OHNE","title":"","email":"","phone":"","fax":"","www":"","companyName":"Virtueller Veranstaltungsraum","companyPosition":"","image":null,"imageExternal":"","slug":"virtueller-veranstaltungsraum","portrait":"","uid":9160,"booth":null,"links":null},"locationContactNo":"","brand":{"code":"BDEW","description":"BDEW","mail_to":"web@bosbach.de","tel":"030 284494 242","mail_to_sales":"ausstellung@ew-online.de","tel_sales":"069 7104687 553","logo":"https:\/\/api.stage.essociation.de\/fileadmin\/templates\/brand-logos\/logo_bdew.svg","ogImage":"https:\/\/api.stage.essociation.de\/fileadmin\/_processed_\/f\/b\/csm_logo_bdew_dc80a0031f.jpg","link":"https:\/\/stage.essociation.de\/veranstalter\/bdew","mail_to_inhouse":"inhouse@essociation.de","link_terms":"https:\/\/stage.essociation.de\/agb-ew","link_privacy":"https:\/\/stage.essociation.de\/datenschutz","link_sponsor":"ausstellung@ew-online.de","mail_to_order":"anmeldung@ew-online.de","tel_order":"030 284494 242","notice_order":"<p>Sobald die Mindestteilnehmerzahl erreicht ist, erhalten die Teilnehmer eine Buchungsbest&auml;tigung per E-Mail. Eine Rechnung versenden wir an die hinterlegte Rechnungsadresse.<\/p>\\n<p>Bitte beachten Sie, dass eine kostenfreie Stornierung bis zum 30. Kalendertag vor Veranstaltungsbeginn m&ouml;glich ist.<\/p>","mail_to_support":"bdew@essociation.de","metadata_author":"BDEW","slider_content":null},"status":"HAUPT","participantsMin":0,"participantsMax":0,"isRecommended":false,"isNewUntil":"0","isInhouse":false,"mainTopic":{"uid":34,"code":"WASSER","description":"Wasser- und Abwasserwirtschaft","image":null,"topicPage":"","isTopTopic":false},"subtopics":[{"uid":6,"code":"DATENSCHUTZ","description":"Datenschutz","image":null,"topicPage":"","isTopTopic":false},{"uid":23,"code":"MESSWESEN","description":"Messwesen","image":null,"topicPage":"","isTopTopic":false}],"parties":[],"slots":[],"slotsAgendaViewUrl":"\/event\/programm\/list\/wasserzaehler-recht-trends-und-praxis","services":[{"prices":[{"type":"","value":1060,"priceGroup":"","minAmount":0,"discountPercent":0,"discountType":{"code":null,"title":null,"description":null,"labelPercent":null},"start":null,"end":null}],"service":{"number":"VAL_016","description":"Normalpreis (online) \/ mit Studentennachweis","info":"<ul><li>Virtuelle Teilnahme<\/li><\/ul>","type":"Hauptleistung","canCarryDiscountCode":false,"requiresFileUpload":true,"requiresMemberNumber":false}}],"metaData":[{"code":"VA-FOCUS-KEYWORD","value":"Wasserz\u00e4hler Eichrecht Messwesen"},{"code":"VA-META-TITLE","value":"BDEW Infotag Wasserz\u00e4hler | 15.09.2026 | online"},{"code":"VA-METADESCRIPTION","value":"Die BDEW Veranstaltung informiert Sie kompakt und verst\u00e4ndlich zur Praxis und Trends von intelligenten Wasserz\u00e4hlern und Wasserz\u00e4hlerdaten."},{"code":"VA-KURZTEXT","value":"Die Digitalisierung revolutioniert die Wasserwirtschaft: Funkwasserz\u00e4hler und digitale Messsysteme erm\u00f6glichen pr\u00e4zise Verbrauchserfassung, automatisierte Ablesung und datenbasiertes Management. Unser Informationstag bietet Praxisberichte, Einblicke in Recht, Datenschutz, IT-Sicherheit sowie Trends bei LoRaWAN, Mioty und KI-gest\u00fctzter Datennutzung. Erfahren Sie, wie innovative Technologien zur Effizienzsteigerung, fr\u00fchzeitigen Schadenserkennung und dynamischen Tarifmodellen beitragen. Diskutieren Sie mit Expert:innen und erhalten Sie wertvolle Impulse f\u00fcr die digitale Wasserinfrastruktur."},{"code":"VA-SEMINARINHALT","value":"<p>Die Digitalisierung er&ouml;ffnet der Wasserwirtschaft neue M&ouml;glichkeiten f&uuml;r effizientere, nachhaltigere und kundenorientierte Prozesse. Insbesondere funkbasierte Wasserz&auml;hler und digitale Messsysteme stehen im Zentrum dieser Entwicklung: Sie erm&ouml;glichen eine pr&auml;zise Verbrauchserfassung, automatisierte Ablese- und Abrechnungsprozesse sowie innovative Anwendungen im datenbasierten Wassermanagement.<\/p><p>In dieser Veranstaltung erhalten Sie einen fundierten &Uuml;berblick &uuml;ber aktuelle Entwicklungen und zentrale Fragestellungen rund um das digitale Messwesen. Entdecken Sie, welche rechtlichen Rahmenbedingungen das Z&auml;hlerwesen derzeit pr&auml;gen und wie sich neue Vorgaben konkret auf die Praxis auswirken. Gewinnen Sie Klarheit dar&uuml;ber, worauf es beim Datenschutz im Umfeld von Funkwasserz&auml;hlern ankommt &ndash; von der DSGVO bis hin zu aktuellen Entwicklungen auf europ&auml;ischer Ebene.<\/p><p>Auch die Anforderungen an IT- und Cybersicherheit r&uuml;cken zunehmend in den Fokus. Erhalten Sie Einblicke in die Auswirkungen von KRITIS-Vorgaben und der NIS2-Richtlinie und nehmen Sie mit, welche konkreten Ma&szlig;nahmen Betreiber jetzt ergreifen sollten.<\/p><p>Praxisnahe Beitr&auml;ge zeigen, wie digitale L&ouml;sungen bereits erfolgreich eingesetzt werden: Lassen Sie sich inspirieren von Erfahrungsberichten zum Einsatz von LoRaWAN und erfahren Sie, welche n&auml;chsten Schritte bei der Weiterentwicklung digitaler Infrastrukturen anstehen. Stimmen aus der Industrie geben Ihnen zudem einen kompakten &Uuml;berblick &uuml;ber technologische Trends, Normungsfragen und aktuelle Entwicklungen bei Wasserz&auml;hlern.<\/p><p>Ein besonderer Schwerpunkt liegt auf der Nutzung von Messdaten: Sehen Sie, wie sich Verbrauchsdaten sinnvoll aufbereiten und nutzen lassen &ndash; von mehr Transparenz &uuml;ber die fr&uuml;hzeitige Erkennung von Leckagen und Sch&auml;den bis hin zu dynamischen Tarifmodellen und dem Einsatz von K&uuml;nstlicher Intelligenz. Verschaffen Sie sich au&szlig;erdem einen Eindruck von innovativen Technologien wie Mioty und deren praktischen Einsatzm&ouml;glichkeiten.<\/p><p>Nutzen Sie die Gelegenheit, w&auml;hrend des Informationstags mit unseren Expertinnen und Experten ins Gespr&auml;ch zu kommen, individuelle Fragen zu kl&auml;ren und wertvolle Impulse f&uuml;r Ihre t&auml;gliche Arbeit mitzunehmen.<\/p>"},{"code":"VA-THEMENSCHWERPUNKT","value":"<ul><li>Rechtliche Entwicklungen bei Funkwasserz&auml;hlern und im digitalen Messstellenbetrieb inkl. Datenschutz, Haftung, Cybersicherheit, KRITIS-Dachgesetz und NIS2<\/li><li>Trends und Innovationen bei Wasserz&auml;hlern aus Hersteller- und Anwendersicht<\/li><li>Erkenntnisse und Erfahrungen aus laufenden digitalen Wasserz&auml;hlerprojekten z.B. LoRaWAN, Mioty und digitale Z&auml;hler in der Praxis<\/li><li>Nutzung und Potenziale von Wasserz&auml;hlerdaten: Anwendungsf&auml;lle f&uuml;r Kundenmehrwert, Netzsteuerung, dynamische Tarife und Leckageerkennung<\/li><li>Data Analytics, KI und Data Science in der Wasserwirtschaft: aktuelle Anwendungen und Perspektiven f&uuml;r Effizienz und Service<\/li><\/ul>"},{"code":"VA-TEILNEHMER","value":"<p>Mitarbeiter:innen von Wasserversorgern und Stadtwerken aus den Abteilungen Mess- und Z&auml;hlwesen, Abrechnung und Strategie sowie Ingenieur:innen, Techniker:innen und Kolleg:innen von Z&auml;hlerherstellern, Messwesen-Dienstleistern sowie Start-ups <\/p>"},{"code":"VA-ARGUMENTE","value":"<ul><li>&Uuml;berblick &uuml;ber den aktuellen Rechtsrahmen (z. B. Eichrecht, Haftung, Datenschutz, Cybersecurity) f&uuml;r digitale und funkbasierte Wasserz&auml;hler<\/li><li>Lehren aus Praxiserfahrungen im Messwesen Wasser aus Hersteller- und Anwenderperspektive<\/li><li>Impulse zur Nutzung von Wasserz&auml;hler-Daten in Bezug auf Kundenkommunikation, Netzoptimierung und dynamische Tarifmodelle<\/li><li>Gelegenheit zum fachlichen Austausch mit Kolleg:innen aus Wasserversorgung, Beh&ouml;rden, Forschung und Start-ups mit Schwerpunkt digitale Messtechnik<\/li><\/ul>"}],"eventType":{"code":"INFORMATIONSTAG","value":"Informationstag","uid":3},"learnLevel":"","meta":{"title":"","subtitle":"","abstract":"","description":"","keywords":"","canonical":""},"socialMedia":{"ogTitle":"","ogDescription":"","ogImage":[],"twitterTitle":"","twitterDescription":"","twitterCard":"","twitterImage":[]},"venueCount":1,"subeventCount":1,"occupancy":0,"links":{"Links":[{"Link_Adresse":"K:\\220532\\","Link_Beschreibung":"Projektordner"}]},"detailViewUrl":"\/event\/wasserzaehler-recht-trends-und-praxis","bookingFormUrl":"\/event\/booking\/form\/wasserzaehler-recht-trends-und-praxis","detailViewUrlMainEvent":"\/event\/wasserzaehler-recht-trends-und-praxis","relatedEvents":""},{"updatedAt":"2026-08-05T12:01:58+02:00","createdAt":"2026-07-22T14:52:13+02:00","executionType":"online","executionTypes":["Inhouse","Online"],"clientKey":"101","number":"250401","title":"Agil durch die Wende - Ver\u00e4nderungen in der Energiebranche agil meistern","subtitle":"","titleShort":"ADW","start":"2026-09-15T09:00:00+02:00","end":"2026-09-15T13:00:00+02:00","registrationDeadline":null,"location":{"number":"31000001","contactType":"Unternehmen","name":"Virtueller Veranstaltungsraum","name2":"","name3":"","firstName":"","middleName":"","lastName":"","addressStreet":"","addressHouseNo":"","addressZip":"","addressCity":"Online","addressCountry":[],"addressCountryName":"Deutschland","salutation":"OHNE","title":"","email":"","phone":"","fax":"","www":"","companyName":"Virtueller Veranstaltungsraum","companyPosition":"","image":null,"imageExternal":"","slug":"virtueller-veranstaltungsraum","portrait":"","uid":9160,"booth":null,"links":null},"locationContactNo":"","brand":{"code":"BDEW AKADEMIE","description":"BDEW Akademie","mail_to":"web@bosbach.de","tel":"030 284494 242","mail_to_sales":"ausstellung@ew-online.de","tel_sales":"069 7104687 553","logo":"https:\/\/api.stage.essociation.de\/fileadmin\/templates\/brand-logos\/logo_bdew_akademie.svg","ogImage":"https:\/\/api.stage.essociation.de\/fileadmin\/_processed_\/c\/4\/csm_logo_bdew_akademie_3b758de2f5.jpg","link":"https:\/\/stage.essociation.de\/veranstalter\/bdew-akademie","mail_to_inhouse":"inhouse@essociation.de","link_terms":"https:\/\/stage.essociation.de\/agb-ew","link_privacy":"https:\/\/stage.essociation.de\/datenschutz","link_sponsor":"ausstellung@ew-online.de","mail_to_order":"anmeldung@ew-online.de","tel_order":"030 284494 242","notice_order":"<p>Sobald die Mindestteilnehmerzahl erreicht ist, erhalten die Teilnehmer eine Buchungsbest&auml;tigung per E-Mail. Eine Rechnung versenden wir an die hinterlegte Rechnungsadresse.<\/p> <p>Bitte beachten Sie, dass eine kostenfreie Stornierung bis zum 30. Kalendertag vor Veranstaltungsbeginn m&ouml;glich ist.<\/p>","mail_to_support":"bdewakademie@essociation.de","metadata_author":"BDEW AKADEMIE","slider_content":null},"status":"HAUPT","participantsMin":5,"participantsMax":12,"isRecommended":false,"isNewUntil":"1772362927","isInhouse":true,"mainTopic":{"uid":26,"code":"PERSONAL","description":"Personal","image":null,"topicPage":"","isTopTopic":false},"subtopics":[{"uid":38,"code":"MANAGEMENT","description":"Management","image":null,"topicPage":"","isTopTopic":false}],"parties":[{"role":"REFERENT","party":{"number":"31028268-001","contactType":"Ansprechpartner","name":"Dorothea Ward ","name2":"","name3":"","firstName":"Dorothea","middleName":"","lastName":"Ward","salutation":"FR","title":"","www":"","companyName":"SharkBite Innovation GmbH","companyPosition":"Managing Consultant & Head of Sharkademy","image":null,"imageExternal":"https:\/\/essociation.px.media\/plk\/Tp\/31028268-001_Ward_Dorothea.webp","slug":"dorothea-ward","portrait":"<p>Mit &uuml;ber acht Jahren Erfahrung in der Transformation von HR-Strategien, F&uuml;hrungskr&auml;fte- und Talententwicklung begleitet Dorothea Ward Unternehmen auf ihrem Weg zu zukunftsf&auml;higen Arbeitsmodellen. Als ICF-zertifizierter Coach (ACC) und Agile Coach hat sie &uuml;ber 100 Workshops moderiert und 200+ Coaching-Stunden f&uuml;r Gr&uuml;nder und F&uuml;hrungskr&auml;fte geleistet. Ihre Expertise umfasst agile F&uuml;hrung, Organisationsentwicklung, New Work, Design Thinking sowie nachhaltige und innovative Arbeitsweisen.<\/p>","uid":9170}}],"slots":[],"slotsAgendaViewUrl":"\/event\/programm\/list\/agil-durch-die-wende-veraenderungen-in-der-energiebranche-agil-meistern","services":[{"prices":[{"type":"","value":1190,"priceGroup":"","minAmount":0,"discountPercent":0,"discountType":{"code":null,"title":null,"description":null,"labelPercent":null},"start":null,"end":null}],"service":{"number":"VAL_016","description":"Normalpreis (online) \/ mit Studentennachweis","info":"<ul><li>Virtuelle Teilnahme<\/li><\/ul>","type":"Hauptleistung","canCarryDiscountCode":false,"requiresFileUpload":true,"requiresMemberNumber":false}}],"metaData":[{"code":"VA-THEMENSCHWERPUNKT","value":"<ul><li>Warum Agilit&auml;t f&uuml;r die Energiebranche zunehmend wichtig wird<\/li><li>Aktuelle Herausforderungen: Marktvolatilit&auml;t, Regulierung, neue Technologien<\/li><li>Agile Prinzipien und Denkweisen: Iteration, Selbstorganisation, Kundenfokus<\/li><li>&Uuml;berblick &uuml;ber agile Methoden: Scrum, Kanban &amp; Co. mit Praxisbeispielen aus der Branche<\/li><li>Quick Wins f&uuml;r den Alltag: Erste Schritte zur agilen Zusammenarbeit im eigenen Team oder Bereich<\/li><\/ul>"},{"code":"VA-ARGUMENTE","value":"<ul><li>Sie verstehen, wie agile Prinzipien helfen, Ver&auml;nderungen besser zu begegnen<\/li><li>Sie lernen zentrale Methoden wie Scrum und Kanban kennen &ndash; praxisnah und mit Branchenbezug<\/li><li>Sie reflektieren, wie agile Denk- und Arbeitsweisen in Ihrem Arbeitsumfeld konkret unterst&uuml;tzen k&ouml;nnen<\/li><li>Sie erhalten einfache Tools, Impulse und erste Quick Wins f&uuml;r einen agilen Einstieg<\/li><li>Sie nehmen Inspiration und Ideen f&uuml;r mehr Eigenverantwortung, Klarheit und Zusammenarbeit im Team mit<\/li><\/ul>"},{"code":"VA-LERN-LEVEL","value":"BASIS"},{"code":"VA-SEMINARINHALT","value":"<p>Die Energiebranche steckt mitten in einem tiefgreifenden Wandel: neue gesetzliche Vorgaben, technologische Entwicklungen und sich ver&auml;ndernde Kundenanforderungen stellen Unternehmen und Mitarbeitende vor gro&szlig;e Herausforderungen.<\/p><p>In diesem Online-Kompakttraining erfahren Sie, wie agile Prinzipien dabei helfen k&ouml;nnen, mit Ver&auml;nderungen souver&auml;ner umzugehen, flexibler zu handeln und die Zusammenarbeit im Team effizienter zu gestalten &ndash; unabh&auml;ngig von Rolle oder Bereich.<\/p><p>Sie lernen zentrale agile Denk- und Handlungsweisen kennen, erhalten einen &Uuml;berblick &uuml;ber praxiserprobte Methoden wie Scrum und Kanban und reflektieren, wie Sie in Ihrem Arbeitskontext kleine, wirksame Schritte in Richtung agiler Zusammenarbeit gehen k&ouml;nnen. Der Fokus liegt auf praxisnahen Impulsen und Quick Wins, die direkt im Arbeitsalltag umsetzbar sind &ndash; auch ohne gro&szlig;es Projekt oder tiefgreifende Umstrukturierung.<\/p>"},{"code":"VA-INHOUSE","value":"Ja"},{"code":"VA-KURZTEXT","value":"Die Energiebranche befindet sich im Umbruch: neue Vorgaben, technologische Entwicklungen und ver\u00e4nderte Erwartungen von Kund:innen pr\u00e4gen den Arbeitsalltag vieler Unternehmen. In diesem Online-Kompakttraining erfahren Sie, wie agile Prinzipien und Methoden dabei unterst\u00fctzen k\u00f6nnen, flexibel zu bleiben und Ver\u00e4nderungen aktiv zu gestalten.Dabei geht es nicht um gro\u00dfe Projekte oder tiefgreifende Umstrukturierungen \u2013 sondern um konkrete, alltagstaugliche Ans\u00e4tze, die sich in verschiedenen Rollen und Arbeitsbereichen direkt ausprobieren lassen.  Das Training bietet einen \u00dcberblick \u00fcber zentrale agile Denk- und Arbeitsweisen und l\u00e4dt dazu ein, erste eigene Schritte in Richtung agiler Zusammenarbeit zu entwickeln."},{"code":"VA-FOCUS-KEYWORD","value":"Agil Energiebranche Marktvolatilit\u00e4t"},{"code":"VA-META-TITLE","value":" Agil durch die Wende \u2013 Ver\u00e4nderungen in der Energiebranche agil meistern "},{"code":"VA-METADESCRIPTION","value":"Agiles Arbeiten in der Energiebranche: Lernen Sie Methoden & Praxistipps, um Ver\u00e4nderungen im Arbeitsalltag erfolgreich zu gestalten."},{"code":"VA-TEILNEHMER","value":"<p>Mitarbeitende aller Bereiche der Energiewirtschaft.<\/p>"},{"code":"VA-NEU","value":"01.03.26"}],"eventType":{"code":"SEMINAR","value":"Seminar","uid":6},"learnLevel":"BASIS","meta":{"title":"","subtitle":"","abstract":"","description":"","keywords":"","canonical":""},"socialMedia":{"ogTitle":"","ogDescription":"","ogImage":[],"twitterTitle":"","twitterDescription":"","twitterCard":"","twitterImage":[]},"venueCount":1,"subeventCount":1,"occupancy":0,"links":{"Links":[{"Link_Adresse":"K:\\250401\\","Link_Beschreibung":"Projektordner"}]},"detailViewUrl":"\/event\/agil-durch-die-wende-veraenderungen-in-der-energiebranche-agil-meistern","bookingFormUrl":"\/event\/booking\/form\/agil-durch-die-wende-veraenderungen-in-der-energiebranche-agil-meistern","detailViewUrlMainEvent":"\/event\/agil-durch-die-wende-veraenderungen-in-der-energiebranche-agil-meistern","relatedEvents":""}]},{"config":{"tabTitle":"Pr\u00e4senz","singleTabLimit":5},"events":[{"updatedAt":"2026-08-05T12:01:58+02:00","createdAt":"2026-07-22T14:52:13+02:00","executionType":"praesenz","executionTypes":["Pr\u00e4senz"],"clientKey":"101","number":"220297","title":"TAR-Fachforum 2026","subtitle":"Stabile Netze und sichere Versorgung jetzt und in Zukunft","titleShort":"TAR-Fachforum","start":"2026-04-14T09:00:00+02:00","end":"2026-09-23T00:00:00+02:00","registrationDeadline":null,"location":[],"locationContactNo":"","brand":{"code":"FNN","description":"VDE FNN","mail_to":"web@bosbach.de","tel":"030 284494 242","mail_to_sales":"ausstellung@ew-online.de","tel_sales":"069 7104687 145","logo":"https:\/\/api.stage.essociation.de\/fileadmin\/templates\/brand-logos\/logo_vde_fnn.svg","ogImage":"https:\/\/api.stage.essociation.de\/fileadmin\/_processed_\/4\/2\/csm_logo_vde_fnn_1a1f3cf513.jpg","link":"https:\/\/stage.essociation.de\/search\/?f%5Bbrand%5D=FNN&p=1","mail_to_inhouse":"inhouse@essociation.de","link_terms":"https:\/\/stage.essociation.de\/agb-ew","link_privacy":"https:\/\/stage.essociation.de\/datenschutz","link_sponsor":"seminare@vde-verlag.de","mail_to_order":"anmeldung@ew-online.de","tel_order":"030 284494 242","notice_order":"<p>Sobald die Mindestteilnehmerzahl erreicht ist, erhalten die Teilnehmer eine Buchungsbest&auml;tigung per E-Mail. Eine Rechnung versenden wir an die hinterlegte Rechnungsadresse.<\/p>\\n<p>Bitte beachten Sie, dass eine kostenfreie Stornierung bis zum 30. Kalendertag vor Veranstaltungsbeginn m&ouml;glich ist.<\/p>","mail_to_support":"vdefnn@essociation.de","metadata_author":"VDE FNN","slider_content":null},"status":"HAUPT","participantsMin":50,"participantsMax":100,"isRecommended":true,"isNewUntil":"0","isInhouse":false,"mainTopic":{"uid":40,"code":"NETZTECHNIK","description":"Netztechnik","image":null,"topicPage":"","isTopTopic":false},"subtopics":[],"parties":[],"slots":[],"slotsAgendaViewUrl":"\/event\/programm\/list\/tar-fachforum-2026","services":[{"prices":[{"type":"","value":1690,"priceGroup":"","minAmount":0,"discountPercent":0,"discountType":{"code":null,"title":null,"description":null,"labelPercent":null},"start":null,"end":null}],"service":{"number":"VAL_001","description":"Normalpreis","info":"","type":"Hauptleistung","canCarryDiscountCode":true,"requiresFileUpload":false,"requiresMemberNumber":false}},{"prices":[],"service":{"number":"VAL_007","description":"Abendveranstaltung","info":"","type":"Zusatzleistung","canCarryDiscountCode":false,"requiresFileUpload":false,"requiresMemberNumber":false}},{"prices":[{"type":"","value":1540,"priceGroup":"","minAmount":0,"discountPercent":0,"discountType":{"code":null,"title":null,"description":null,"labelPercent":null},"start":null,"end":null}],"service":{"number":"VAL_016","description":"Normalpreis (online) \/ mit Studentennachweis","info":"<ul><li>Virtuelle Teilnahme<\/li><\/ul>","type":"Hauptleistung","canCarryDiscountCode":false,"requiresFileUpload":true,"requiresMemberNumber":false}},{"prices":[{"type":"","value":1290,"priceGroup":"","minAmount":0,"discountPercent":0,"discountType":{"code":null,"title":null,"description":null,"labelPercent":null},"start":null,"end":null}],"service":{"number":"VAL_058","description":"Mitgliedspreis VDE","info":"","type":"Hauptleistung","canCarryDiscountCode":false,"requiresFileUpload":true,"requiresMemberNumber":false}},{"prices":[{"type":"","value":1140,"priceGroup":"","minAmount":0,"discountPercent":0,"discountType":{"code":null,"title":null,"description":null,"labelPercent":null},"start":null,"end":null}],"service":{"number":"VAL_059","description":"Mitgliedspreis VDE (online)","info":"<ul><li>Virtuelle Teilnahme<\/li><\/ul>","type":"Hauptleistung","canCarryDiscountCode":false,"requiresFileUpload":false,"requiresMemberNumber":false}}],"metaData":[{"code":"VA-SEMINARINHALT","value":"<p>F&uuml;r den sicheren Betrieb der Stromnetze ist die Netzintegration erneuerbarer Energien und die Interoperabilit&auml;t der Netze auf allen Spannungsebenen unerl&auml;sslich. Zu diesem Zweck entwickelt der VDE FNN kontinuierlich die technischen Regeln f&uuml;r den Netzanschluss auf allen Spannungsebenen weiter.<\/p><p>Unsere Experten informieren Sie wieder umfassend &uuml;ber die aktuellen Ver&auml;nderungen der VDE FNN Regelwerke. Machen Sie sich unter anderem mit den neuen Anforderungen gem&auml;&szlig; VDE-AR-N 4100 beim Einsatz von Stromsensoren zur Messwerterfassung im Vorz&auml;hlerbereich in der Niederspannung vertraut. Erfahren Sie, was bei mehreren Netzanschl&uuml;ssen in einem Geb&auml;ude oder bei Z&auml;hlerpl&auml;tzen in Bestandsanlagen zu beachten ist.<\/p><p>Mit dem zunehmenden Ausbau der Erneuerbaren Energien steigt auch die Systemrelevanz der dezentralen Erzeugungsanlagen im Niederspannungsnetz. Vor diesem Hintergrund wurde auch die VDE-AR-N 4105 &uuml;berarbeitet. Zuk&uuml;nftig m&uuml;ssen Erzeugungsanlagen bei Anschluss in der Niederspannung h&ouml;here technische Anforderungen erf&uuml;llen und einen Beitrag zur Netzst&uuml;tzung leisten. Informieren Sie sich &uuml;ber die technischen Voraussetzungen f&uuml;r die Eigenversorgung in Kundenanlagen sowie die Netzeinbindung der bidirektionalen Ladevorg&auml;nge der E-Mobilit&auml;t.<\/p><p>Neben dem steigenden Anteil dezentraler Erzeugungsanlagen werden auch steuerbare Verbrauchseinrichtungen eine wichtige Rolle bei den technischen Anschlussregeln spielen. Der neue &sect; 14 a EnWG regelt die netzorientierte Steuerung von Letztverbrauchereinrichtungen. Diskutieren Sie mit Ihren Kolleg;innen die Auswirkungen auf das Last- und Energiemanagement im Niederspannungsnetz und wie Dauerstromanwendungen wie W&auml;rmepumpen oder Elektroautos netzdienlich integriert werden k&ouml;nnen.<\/p><p>Die TAR-Fachforen bieten Ihnen wieder viel Raum f&uuml;r den fachlichen Austausch. Die begleitende Fachausstellung mit namhaften Herstellern und Dienstleistern l&auml;dt Sie nicht nur tags&uuml;ber zum Entdecken ein, auch zur Abendveranstaltung k&ouml;nnen Sie hier in entspannter Atmosph&auml;re die Themen des Tages diskutieren.<\/p>"},{"code":"VA-KURZTEXT","value":"Der forcierte Ausbau von EE-Anlagen, Speichern und Elektromobilit\u00e4t erh\u00f6ht die Systemrelevanz von dezentralen Erzeugungsanlagen und Verbrauchseinrichtungen am Niederspannungsnetz. Die aktuellen \u00dcberarbeitungen der VDE-AR-N 4100 und VDE-AR-N 4105 tragen dieser Entwicklung Rechnung. Unsere Experten informieren Sie \u00fcber die neuen technischen Anforderungen zur sicheren Integration dieser Erzeugungsleistung in das Niederspannungsnetz. <a href=\"https:\/\/www.tar-fachforum.de\/\" target=\"_blank\">Zur Kongress Website<\/a>"},{"code":"VA-TEILNEHMER","value":"<p>Fach- und F&uuml;hrungskr&auml;fte, Verantwortliche und Expert:innen aus Netzbetrieb, Netztechnik, Messstellenbetreiber, Elektrotechniker:innen des Elektrohandwerks sowie Hersteller und Planer.<\/p>"},{"code":"VA-ARGUMENTE","value":"<ul><li>Sicherheit beim Umgang mit den neuen Anforderungen der VDE-AR-N 4100 und VDE-AR-N 4105<\/li><li>Praktische Tipps zur netzdienlichen Steuerung von Verbrauchseinrichtungen gem&auml;&szlig; &sect; 14a EnWG<\/li><li>&Uuml;berblick &uuml;ber die aktuellen technischen Entwicklungen und fachlichen Austausch im Rahmen der Fachausstellung<\/li><\/ul>"},{"code":"VA-THEMENSCHWERPUNKT","value":"<ul><li>Aktueller Rechtsrahmen: EEG 2023, &sect;14a EnWG und GNDEW<\/li><li>&Auml;nderungen der VDE-AR-N 4100<\/li><li>Neue Anforderungen an dezentrale Erzeugungsanlagen am Niederspannungsnetz &ndash; Novelle VDE-AR-N 4105<\/li><li>Netzvertr&auml;gliche Steuerung von Verbrauchseinrichtungen &ndash; Auswirkungen des &sect; 14a EnWG<\/li><li>Digitalisierung der Prozesse und Grunds&auml;tze der Zusammenarbeit<\/li><\/ul>"},{"code":"VA-META-TITLE","value":"TAR-Fachforen: 4 Termine im 2. Quartal 2026; Pr\u00e4senz"},{"code":"VA-METADESCRIPTION","value":"TAR-Fachforen: Neue Regeln durch VDE-AR-N 4100 & 4105 | Auswirkungen \u00a7 14 a EnWG | Mit begleitender Fachausstellung in Hamburg, Dresden, K\u00f6ln, Ulm"},{"code":"VA-FOCUS-KEYWORD","value":"TAR-Fachforen"},{"code":"VA-EMPFEHLUNG","value":"Ja"}],"eventType":{"code":"FACHTAGUNG","value":"Fachtagung","uid":1},"learnLevel":"","meta":{"title":"","subtitle":"","abstract":"","description":"","keywords":"","canonical":""},"socialMedia":{"ogTitle":"","ogDescription":"","ogImage":[],"twitterTitle":"","twitterDescription":"","twitterCard":"","twitterImage":[]},"venueCount":5,"subeventCount":5,"occupancy":0,"links":{"Links":[{"Link_Adresse":"K:\\220297\\","Link_Beschreibung":"Projektordner"},{"Link_Adresse":"https:\/\/www.tar-fachforum.de\/","Link_Beschreibung":"VA-EXT-WEBSITE"}]},"detailViewUrl":"\/event\/tar-fachforum-2026","bookingFormUrl":"\/event\/booking\/form\/tar-fachforum-2026","detailViewUrlMainEvent":"\/event\/tar-fachforum-2026","relatedEvents":""},{"updatedAt":"2026-08-05T12:01:58+02:00","createdAt":"2026-07-22T14:52:13+02:00","executionType":"praesenz","executionTypes":["Pr\u00e4senz"],"clientKey":"101","number":"210003","title":"Regulierungsmanagement in der Energiewirtschaft","subtitle":"","titleShort":"RM","start":"2026-09-09T00:00:00+02:00","end":"2026-09-10T15:00:00+02:00","registrationDeadline":null,"location":[],"locationContactNo":"","brand":{"code":"BDEW AKADEMIE","description":"BDEW Akademie","mail_to":"web@bosbach.de","tel":"030 284494 242","mail_to_sales":"ausstellung@ew-online.de","tel_sales":"069 7104687 553","logo":"https:\/\/api.stage.essociation.de\/fileadmin\/templates\/brand-logos\/logo_bdew_akademie.svg","ogImage":"https:\/\/api.stage.essociation.de\/fileadmin\/_processed_\/c\/4\/csm_logo_bdew_akademie_3b758de2f5.jpg","link":"https:\/\/stage.essociation.de\/veranstalter\/bdew-akademie","mail_to_inhouse":"inhouse@essociation.de","link_terms":"https:\/\/stage.essociation.de\/agb-ew","link_privacy":"https:\/\/stage.essociation.de\/datenschutz","link_sponsor":"ausstellung@ew-online.de","mail_to_order":"anmeldung@ew-online.de","tel_order":"030 284494 242","notice_order":"<p>Sobald die Mindestteilnehmerzahl erreicht ist, erhalten die Teilnehmer eine Buchungsbest&auml;tigung per E-Mail. Eine Rechnung versenden wir an die hinterlegte Rechnungsadresse.<\/p> <p>Bitte beachten Sie, dass eine kostenfreie Stornierung bis zum 30. Kalendertag vor Veranstaltungsbeginn m&ouml;glich ist.<\/p>","mail_to_support":"bdewakademie@essociation.de","metadata_author":"BDEW AKADEMIE","slider_content":null},"status":"HAUPT","participantsMin":7,"participantsMax":0,"isRecommended":false,"isNewUntil":"0","isInhouse":false,"mainTopic":{"uid":28,"code":"REGULIERUNG","description":"Regulierung","image":null,"topicPage":"","isTopTopic":false},"subtopics":[{"uid":4,"code":"BWL","description":"BWL","image":null,"topicPage":"","isTopTopic":false},{"uid":20,"code":"MARKTPROZESSE","description":"Marktprozesse","image":null,"topicPage":"","isTopTopic":false}],"parties":[],"slots":[],"slotsAgendaViewUrl":"\/event\/programm\/list\/regulierungsmanagement-in-der-energiewirtschaft","services":[{"prices":[{"type":"","value":1290,"priceGroup":"","minAmount":0,"discountPercent":0,"discountType":{"code":null,"title":null,"description":null,"labelPercent":null},"start":null,"end":null}],"service":{"number":"VAL_001","description":"Normalpreis","info":"","type":"Hauptleistung","canCarryDiscountCode":true,"requiresFileUpload":false,"requiresMemberNumber":false}}],"metaData":[{"code":"VA-SEMINARINHALT","value":"<p>Regulierungsmanager*innen sind verantwortlich f&uuml;r die Kommunikation mit der Beh&ouml;rde, die Genehmigung der Netzentgelte, aber auch f&uuml;r die Ausgestaltung der innerbetrieblichen Prozesse. So verk&ouml;rpert das Regulierungsmanagement die Schnittstelle zwischen Unternehmen und dem regulierten Umfeld. Hier werden die laufenden Entwicklungen verfolgt und in Bezug auf das eigene Unternehmen bewertet. Welche Regulierungsvorgaben der BNetzA relevant f&uuml;r das eigene Unternehmen sind, welche Umsetzungsempfehlungen gegeben werden und wie andere Unternehmen diese umsetzen, sind Fragen, die Regulierungsmanager:innen beantworten m&uuml;ssen. Das Seminar bietet sowohl (Quer-) Einsteiger:innen als auch Berufserfahrenen einen fundierten &Uuml;berblick zu den rechtlichen Vorgaben, wirtschaftlichen Zusammenh&auml;ngen und technischen Auswirkungen der Regulierung. Die vermittelten Kenntnisse helfen Ihnen, die Wirkungsweise der Regulierung und die Vorgehensweise der Regulierungsbeh&ouml;rden zu verstehen, sich kritisch damit auseinanderzusetzen und die geforderten Vorgaben umzusetzen.<\/p>"},{"code":"VA-KURZTEXT","value":"Das Seminar bietet sowohl (Quer-)Einsteigern als auch Berufserfahrenen einen fundierten Einstieg in das Regulierungsmanagement. Von A wie Anreizregulierung bis Z wie Z\u00e4hler vermitteln Ihnen praxiserfahrene Referenten sowohl rechtliches als auch wirtschaftliches Know-how rund um die Regulierung und nehmen Bezug auf aktuelle Regulierungsfragen."},{"code":"VA-TEILNEHMER","value":"<p>Fach- und F&uuml;hrungskr&auml;fte aus den Bereichen Regulierungsmanagement, Controlling, Netzbetrieb, Technik, Finanzen, Rechnungswesen, Strategisches Management, Unternehmensentwicklung, Vertrieb oder Recht schwerpunktm&auml;&szlig;ig f&uuml;r Mitarbeiter*innen von Verteilnetzbetreibern<\/p>"},{"code":"VA-ARGUMENTE","value":"<ul><li>Sie bekommen eine Einf&uuml;hrung von A wie Anreizregulierung bis Z wie Z&auml;hler<\/li><li>Sie erhalten einen zusammenh&auml;ngenden &Uuml;berblick der Regulierung<\/li><li>Sie verstehen die Rolle des Regulierungsmanagements<\/li><li>Sie werden die Fristen, Melde- und Ver&ouml;ffentlichungspflichten des Regulierungskalenders zuk&uuml;nftig einhalten<\/li><li>Sie werden Netzentgelte in Zukunft optimal kalkulieren k&ouml;nnen<\/li><\/ul>"},{"code":"VA-LERN-LEVEL","value":"BASIS"},{"code":"VA-THEMENSCHWERPUNKT","value":"<ul><li>Rechtsgrundlagen, Beh&ouml;rdenstruktur, europ&auml;ische Entwicklungen<\/li><li>Regulierungsvorgaben und -management<\/li><li>Regulierung der Netzentgelte, Kostenstrukturen<\/li><li>Anreizregulierung, Investitionsplanung<\/li><li>Konzessionsmanagement<\/li><\/ul>"},{"code":"VA-FOCUS-KEYWORD","value":"Regulierungsmanagement"},{"code":"VA-META-TITLE","value":"Seminar Regulierungsmanagement in der Energiewirtschaft"},{"code":"VA-METADESCRIPTION","value":"Rechtliche, wirtschaftliche und technische Herausforderungen desRegulierungsmanagement in der Energiewirtschaft"}],"eventType":{"code":"SEMINAR","value":"Seminar","uid":6},"learnLevel":"BASIS","meta":{"title":"","subtitle":"","abstract":"","description":"","keywords":"","canonical":""},"socialMedia":{"ogTitle":"","ogDescription":"","ogImage":[],"twitterTitle":"","twitterDescription":"","twitterCard":"","twitterImage":[]},"venueCount":1,"subeventCount":1,"occupancy":0,"links":{"Links":null},"detailViewUrl":"\/event\/regulierungsmanagement-in-der-energiewirtschaft","bookingFormUrl":"\/event\/booking\/form\/regulierungsmanagement-in-der-energiewirtschaft","detailViewUrlMainEvent":"\/event\/regulierungsmanagement-in-der-energiewirtschaft","relatedEvents":""},{"updatedAt":"2026-08-05T12:01:58+02:00","createdAt":"2026-07-22T14:52:13+02:00","executionType":"praesenz","executionTypes":["Inhouse","Pr\u00e4senz"],"clientKey":"101","number":"250435","title":"Die 55 h\u00e4ufigsten Fehler im Energievertrieb","subtitle":"Energievertrieb rechtssicher gestalten","titleShort":"EF55","start":"2026-09-16T09:00:00+02:00","end":"2026-09-17T13:00:00+02:00","registrationDeadline":null,"location":[],"locationContactNo":"","brand":{"code":"BDEW AKADEMIE","description":"BDEW Akademie","mail_to":"web@bosbach.de","tel":"030 284494 242","mail_to_sales":"ausstellung@ew-online.de","tel_sales":"069 7104687 553","logo":"https:\/\/api.stage.essociation.de\/fileadmin\/templates\/brand-logos\/logo_bdew_akademie.svg","ogImage":"https:\/\/api.stage.essociation.de\/fileadmin\/_processed_\/c\/4\/csm_logo_bdew_akademie_3b758de2f5.jpg","link":"https:\/\/stage.essociation.de\/veranstalter\/bdew-akademie","mail_to_inhouse":"inhouse@essociation.de","link_terms":"https:\/\/stage.essociation.de\/agb-ew","link_privacy":"https:\/\/stage.essociation.de\/datenschutz","link_sponsor":"ausstellung@ew-online.de","mail_to_order":"anmeldung@ew-online.de","tel_order":"030 284494 242","notice_order":"<p>Sobald die Mindestteilnehmerzahl erreicht ist, erhalten die Teilnehmer eine Buchungsbest&auml;tigung per E-Mail. Eine Rechnung versenden wir an die hinterlegte Rechnungsadresse.<\/p> <p>Bitte beachten Sie, dass eine kostenfreie Stornierung bis zum 30. Kalendertag vor Veranstaltungsbeginn m&ouml;glich ist.<\/p>","mail_to_support":"bdewakademie@essociation.de","metadata_author":"BDEW AKADEMIE","slider_content":null},"status":"HAUPT","participantsMin":0,"participantsMax":0,"isRecommended":true,"isNewUntil":"1767178928","isInhouse":true,"mainTopic":{"uid":32,"code":"VERTRIEB","description":"Vertrieb","image":null,"topicPage":"","isTopTopic":false},"subtopics":[{"uid":38,"code":"MANAGEMENT","description":"Management","image":null,"topicPage":"","isTopTopic":false},{"uid":41,"code":"RECHT","description":"Recht","image":null,"topicPage":"","isTopTopic":false}],"parties":[],"slots":[],"slotsAgendaViewUrl":"\/event\/programm\/list\/die-55-haeufigsten-fehler-im-energievertrieb","services":[{"prices":[],"service":{"number":"VAL_001","description":"Normalpreis","info":"","type":"Hauptleistung","canCarryDiscountCode":true,"requiresFileUpload":false,"requiresMemberNumber":false}}],"metaData":[{"code":"VA-KURZTEXT","value":"Der Energievertrieb steht unter Druck: Gesetzesnovellen, neue Marktregeln, Preisobergrenzen und BGH-Vorgaben stellen Unternehmen vor komplexe Herausforderungen. Das Seminar zeigt praxisnah die 55 h\u00e4ufigsten Fehler im Energievertrieb \u2013 von der Grundversorgung bis zur Sonderkundenbelieferung. Sie lernen aus realen Beratungssituationen, wie Sie rechtliche Risiken vermeiden und Ihren Vertrieb zukunftssicher aufstellen."},{"code":"VA-THEMENSCHWERPUNKT","value":"<ul><li>Fehlerquellen in der Grund- und Ersatzversorgung<\/li><li>Fehler bei der Vertragsgestaltung und Umsetzung von Sonderliefervertr&auml;gen<\/li><li>Fehler bei der Anwendung von Preisanpassungen<\/li><li>Herausforderungen im Online-Vertrieb<\/li><li>Rechtliche Stolpersteine in der Werbung<\/li><li>Vertriebsbezogene Datenschutzfehler<\/li><\/ul>"},{"code":"VA-LERN-LEVEL","value":"BASIS"},{"code":"VA-TEILNEHMER","value":"<p>Vertriebsleitung, Fachkr&auml;fte und Verantwortliche f&uuml;r Vertrieb und Vertriebsplanung, Kundenmanagement sowie Gesch&auml;ftsf&uuml;hrung<\/p>"},{"code":"VA-ARGUMENTE","value":"<ul><li>Fehlerquellen in der Grund- und Ersatzversorgung erkennen und rechtliche Konflikte vermeiden<\/li><li>Sonderliefervertr&auml;ge rechtssicher gestalten, um teure Auseinandersetzungen zu verhindern<\/li><li>Preisanpassungen korrekt umsetzen, um rechtliche und wirtschaftliche Nachteile zu vermeiden<\/li><li>Stolpersteine im Online-Vertrieb identifizieren<\/li><li>Rechtliche Vorgaben bei der Produktwerbung verstehen und Fehler in Social Media vermeiden<\/li><li>Vertriebsdatenschutz rechtssicher umsetzen und rechtliche Probleme vorbeugen<\/li><\/ul>"},{"code":"VA-FOCUS-KEYWORD","value":"Energievertrieb"},{"code":"VA-SEMINARINHALT","value":"<p>Die Anforderungen an den Energievertrieb sind in den letzten Jahren stetig gewachsen. Diverse Novellen des Energiewirtschaftsgesetzes, die &uuml;berarbeiteten Regeln zur Marktkommunikation, die neuen Preisobergrenzen f&uuml;r moderne Messeinrichtungen und intelligente Messsysteme, dazu eine F&uuml;lle neuer Rechtsprechung zum AGB- und Lauterkeitsrecht und nicht zuletzt die pr&auml;zisen Vorgaben des BGH f&uuml;r Preisanpassungen stellen die Energiewirtschaft vor besondere Herausforderungen. Neue Werbeformen auf Social Media erweitern zwar &bdquo;klassische&ldquo; Ma&szlig;nahmen der Kundenbindung, bieten aber zugleich oftmals unbekannte rechtliche Fallstricke.<\/p><p>Das Seminar &quot;Die 55 h&auml;ufigsten Fehler im Energievertrieb&quot; bietet eine kurzweilige Reise durch eine Sammlung von Fehlerquellen im Energievertrieb, die &uuml;ber die Jahre Gegenstand anwaltlicher Beratung gewesen sind. Besprochen werden auch Konstellationen, die in der nahen Zukunft absehbare Herausforderungen des Vertriebs sein werden.<\/p><p>Die Reise beginnt in der Grund- und Ersatzversorgung sowie aktuellen Streitf&auml;llen. Danach beleuchten wir Fehlerquellen bei der Gestaltung und Umsetzung von Energieliefervertr&auml;gen mit Sonderkunden. Dabei spielen die Wahl des Preissystems und die Rechtskonformit&auml;t von Preisgarantien eine entscheidende Rolle. Unter anderem kl&auml;ren wir folgende Fragen: Wie gew&auml;hrt man einen Bonus oder Rabatt und regelt den Fall des Umzugs? Welche Klauseln werden durch den beschleunigten Lieferantenwechsel und den Einbau intelligenter Messsysteme unwirksam? Wie gestaltet man neue Vertragsformen wie die Belieferung steuerbarer Verbrauchseinrichtungen oder dynamische Tarife? Welche Fehler gibt es bei der Preisanpassung und der CO2-Preisweitergabe in Vertr&auml;gen? Zudem analysieren wir rechtliche Stolpersteine bei der Produktwerbung, E-Mail- und Social Media-Werbung sowie bei der Einhaltung des Datenschutzes im Vertrieb.<\/p>"},{"code":"VA-EMPFEHLUNG","value":"Ja"},{"code":"VA-NEU","value":"31.12.25"},{"code":"VA-INHOUSE","value":"Ja"}],"eventType":{"code":"SEMINAR","value":"Seminar","uid":6},"learnLevel":"BASIS","meta":{"title":"","subtitle":"","abstract":"","description":"","keywords":"","canonical":""},"socialMedia":{"ogTitle":"","ogDescription":"","ogImage":[],"twitterTitle":"","twitterDescription":"","twitterCard":"","twitterImage":[]},"venueCount":1,"subeventCount":1,"occupancy":0,"links":{"Links":[{"Link_Adresse":"K:\\250435\\","Link_Beschreibung":"Projektordner"}]},"detailViewUrl":"\/event\/die-55-haeufigsten-fehler-im-energievertrieb","bookingFormUrl":"\/event\/booking\/form\/die-55-haeufigsten-fehler-im-energievertrieb","detailViewUrlMainEvent":"\/event\/die-55-haeufigsten-fehler-im-energievertrieb","relatedEvents":""},{"updatedAt":"2026-08-05T12:01:58+02:00","createdAt":"2026-07-22T14:52:13+02:00","executionType":"praesenz","executionTypes":["Inhouse","Pr\u00e4senz"],"clientKey":"101","number":"210068","title":"Regionales Energiemarketing erfolgreich planen und umsetzen","subtitle":"Mit wirksamem Content-Marketing regionale Kunden erreichen und \u00fcberzeugen","titleShort":"SWM","start":"2026-09-16T09:00:00+02:00","end":"2026-09-17T16:30:00+02:00","registrationDeadline":null,"location":[],"locationContactNo":"","brand":{"code":"BDEW AKADEMIE","description":"BDEW Akademie","mail_to":"web@bosbach.de","tel":"030 284494 242","mail_to_sales":"ausstellung@ew-online.de","tel_sales":"069 7104687 553","logo":"https:\/\/api.stage.essociation.de\/fileadmin\/templates\/brand-logos\/logo_bdew_akademie.svg","ogImage":"https:\/\/api.stage.essociation.de\/fileadmin\/_processed_\/c\/4\/csm_logo_bdew_akademie_3b758de2f5.jpg","link":"https:\/\/stage.essociation.de\/veranstalter\/bdew-akademie","mail_to_inhouse":"inhouse@essociation.de","link_terms":"https:\/\/stage.essociation.de\/agb-ew","link_privacy":"https:\/\/stage.essociation.de\/datenschutz","link_sponsor":"ausstellung@ew-online.de","mail_to_order":"anmeldung@ew-online.de","tel_order":"030 284494 242","notice_order":"<p>Sobald die Mindestteilnehmerzahl erreicht ist, erhalten die Teilnehmer eine Buchungsbest&auml;tigung per E-Mail. Eine Rechnung versenden wir an die hinterlegte Rechnungsadresse.<\/p> <p>Bitte beachten Sie, dass eine kostenfreie Stornierung bis zum 30. Kalendertag vor Veranstaltungsbeginn m&ouml;glich ist.<\/p>","mail_to_support":"bdewakademie@essociation.de","metadata_author":"BDEW AKADEMIE","slider_content":null},"status":"HAUPT","participantsMin":0,"participantsMax":0,"isRecommended":false,"isNewUntil":"1735642924","isInhouse":true,"mainTopic":{"uid":19,"code":"MARKETING UND PR","description":"Marketing und PR","image":null,"topicPage":"","isTopTopic":false},"subtopics":[{"uid":32,"code":"VERTRIEB","description":"Vertrieb","image":null,"topicPage":"","isTopTopic":false}],"parties":[{"role":"REFERENT","party":{"number":"31006369-001","contactType":"Ansprechpartner","name":"Lothar Keite","name2":"","name3":"","firstName":"Lothar","middleName":"","lastName":"Keite","salutation":"HR","title":"Dipl.-Kaufmann","www":"","companyName":"Institut effibrain","companyPosition":"Gesch\u00e4ftsf\u00fchrer","image":null,"imageExternal":"https:\/\/essociation.px.media\/plk\/Vorlage%20Referentenbilder%20-%201_16.jpg","slug":"lothar-keite","portrait":"<p>Lothar Keite hat das Institut <strong>effibrain<\/strong> als Ort f&uuml;r Consulting, Training und Studien im Jahre 1993 gegr&uuml;ndet. Effektivit&auml;t und Effizienz sind die Anspr&uuml;che. Grundlage ist ein interdisziplin&auml;rer Ansatz, der insbesondere auch die neurowissenschaftliche Perspektive einbezieht, das Kunden-brain.<\/p><p>Das Institut ist spezialisiert auf den Absatzbereich, Marketing, Produktmanagement, Vertrieb. Seit der Liberalisierung liegt ein T&auml;tigkeitsschwerpunkt in der Energiewirtschaft. Leistungen sind Vermarktungsans&auml;tze, Namensfindungen, Ideen, betriebswirtschaftliche Konzepte, Content-Management, Vertriebskampagnen.<\/p><p>Mit diesen Erfahrungen ist Lothar Keite auch seit 20 Jahren als Referent f&uuml;r den BDEW t&auml;tig, heute mit Seminaren wie Content-Marketing, Erfolgreiches Produktmanagement, Vertrieb von Energie und Energiedienstleistungen. Er baut eine Erfolgstreppe aus den zentralen Absatzfeldern Markenmanagement, Produktmanagement, Kundenmanagement.<\/p><p>Lothar Keite ist Autor von Fachb&uuml;chern zu Corporate Identity und Produktmanagement.<\/p>","uid":9125}}],"slots":[{"uid":776,"topic":"Begr\u00fc\u00dfungskaffee","start":"2023-11-15T08:30:00+01:00","end":"2023-11-15T09:00:00+01:00","details":"","parties":[],"programPoints":null,"slotPoints":[],"break":"Ja","categoryName":"","roomCode":"","roomDescription":""},{"uid":777,"topic":"Seminarbeginn und Vorstellung","start":"2023-11-15T09:00:00+01:00","end":"2023-11-15T09:15:00+01:00","details":"","parties":[],"programPoints":null,"slotPoints":[],"break":"Nein","categoryName":"","roomCode":"","roomDescription":""},{"uid":778,"topic":"Marktsituation und Marketingansatz","start":"2023-11-15T09:15:00+01:00","end":"2023-11-15T10:30:00+01:00","details":"<ul><li>Wie lautet unsere Story?<\/li><li>Regionaler Mehrwert, Produktangebot<\/li><li>Marketingkonzept<br \/><em>Fokus Praxis<\/em>: Skizze eines eigenen Marketingkonzept <\/li><li>Stakeholder<\/li><\/ul>","parties":[{"uid":381,"role":"REFERENT","party":{"number":"31006369-001","contactType":"Ansprechpartner","name":"Lothar Keite","name2":"","name3":"","firstName":"Lothar","middleName":"","lastName":"Keite","addressStreet":"Burgwedel","addressHouseNo":"11","addressZip":"22457","addressCity":"Hamburg","addressCountry":[],"addressCountryName":"Deutschland","salutation":"HR","title":"Dipl.-Kaufmann","email":"lothar.keite@effibrain.eu","phone":"+49 - 40 - 57709590","fax":"","www":"","companyName":"Institut effibrain","companyPosition":"Gesch\u00e4ftsf\u00fchrer","image":null,"imageExternal":"https:\/\/essociation.px.media\/plk\/Vorlage%20Referentenbilder%20-%201_16.jpg","slug":"lothar-keite","portrait":"<p>Lothar Keite hat das Institut <strong>effibrain<\/strong> als Ort f&uuml;r Consulting, Training und Studien im Jahre 1993 gegr&uuml;ndet. Effektivit&auml;t und Effizienz sind die Anspr&uuml;che. Grundlage ist ein interdisziplin&auml;rer Ansatz, der insbesondere auch die neurowissenschaftliche Perspektive einbezieht, das Kunden-brain.<\/p><p>Das Institut ist spezialisiert auf den Absatzbereich, Marketing, Produktmanagement, Vertrieb. Seit der Liberalisierung liegt ein T&auml;tigkeitsschwerpunkt in der Energiewirtschaft. Leistungen sind Vermarktungsans&auml;tze, Namensfindungen, Ideen, betriebswirtschaftliche Konzepte, Content-Management, Vertriebskampagnen.<\/p><p>Mit diesen Erfahrungen ist Lothar Keite auch seit 20 Jahren als Referent f&uuml;r den BDEW t&auml;tig, heute mit Seminaren wie Content-Marketing, Erfolgreiches Produktmanagement, Vertrieb von Energie und Energiedienstleistungen. Er baut eine Erfolgstreppe aus den zentralen Absatzfeldern Markenmanagement, Produktmanagement, Kundenmanagement.<\/p><p>Lothar Keite ist Autor von Fachb&uuml;chern zu Corporate Identity und Produktmanagement.<\/p>","uid":9125,"booth":null,"links":[{"Link-Adresse":"https:\/\/essociation.px.media\/plk\/Vorlage%20Referentenbilder%20-%201_16.jpg","Link_Beschreibung":"REFERENT:BILD"}]}}],"programPoints":null,"slotPoints":[],"break":"Nein","categoryName":"","roomCode":"","roomDescription":""},{"uid":779,"topic":"Kaffeepause","start":"2023-11-15T10:30:00+01:00","end":"2023-11-15T11:00:00+01:00","details":"","parties":[],"programPoints":null,"slotPoints":[],"break":"Ja","categoryName":"","roomCode":"","roomDescription":""},{"uid":780,"topic":"Wirksamkeit im Marketing","start":"2023-11-15T11:00:00+01:00","end":"2023-11-15T12:30:00+01:00","details":"<ul><li>Mehrwert f&uuml;r Haushalte<\/li><li>Mehrwert f&uuml;r Gewerbe<\/li><li>Anforderungen aus Erkenntnissen Neuroscience<\/li><li>Persona<br \/><em>Fokus Praxis:<\/em> Zielgruppen-Persona<\/li><\/ul><p> <\/p>","parties":[{"uid":382,"role":"REFERENT","party":{"number":"31006369-001","contactType":"Ansprechpartner","name":"Lothar Keite","name2":"","name3":"","firstName":"Lothar","middleName":"","lastName":"Keite","addressStreet":"Burgwedel","addressHouseNo":"11","addressZip":"22457","addressCity":"Hamburg","addressCountry":[],"addressCountryName":"Deutschland","salutation":"HR","title":"Dipl.-Kaufmann","email":"lothar.keite@effibrain.eu","phone":"+49 - 40 - 57709590","fax":"","www":"","companyName":"Institut effibrain","companyPosition":"Gesch\u00e4ftsf\u00fchrer","image":null,"imageExternal":"https:\/\/essociation.px.media\/plk\/Vorlage%20Referentenbilder%20-%201_16.jpg","slug":"lothar-keite","portrait":"<p>Lothar Keite hat das Institut <strong>effibrain<\/strong> als Ort f&uuml;r Consulting, Training und Studien im Jahre 1993 gegr&uuml;ndet. Effektivit&auml;t und Effizienz sind die Anspr&uuml;che. Grundlage ist ein interdisziplin&auml;rer Ansatz, der insbesondere auch die neurowissenschaftliche Perspektive einbezieht, das Kunden-brain.<\/p><p>Das Institut ist spezialisiert auf den Absatzbereich, Marketing, Produktmanagement, Vertrieb. Seit der Liberalisierung liegt ein T&auml;tigkeitsschwerpunkt in der Energiewirtschaft. Leistungen sind Vermarktungsans&auml;tze, Namensfindungen, Ideen, betriebswirtschaftliche Konzepte, Content-Management, Vertriebskampagnen.<\/p><p>Mit diesen Erfahrungen ist Lothar Keite auch seit 20 Jahren als Referent f&uuml;r den BDEW t&auml;tig, heute mit Seminaren wie Content-Marketing, Erfolgreiches Produktmanagement, Vertrieb von Energie und Energiedienstleistungen. Er baut eine Erfolgstreppe aus den zentralen Absatzfeldern Markenmanagement, Produktmanagement, Kundenmanagement.<\/p><p>Lothar Keite ist Autor von Fachb&uuml;chern zu Corporate Identity und Produktmanagement.<\/p>","uid":9125,"booth":null,"links":[{"Link-Adresse":"https:\/\/essociation.px.media\/plk\/Vorlage%20Referentenbilder%20-%201_16.jpg","Link_Beschreibung":"REFERENT:BILD"}]}}],"programPoints":null,"slotPoints":[],"break":"Nein","categoryName":"","roomCode":"","roomDescription":""},{"uid":781,"topic":"Mittagspause","start":"2023-11-15T12:30:00+01:00","end":"2023-11-15T13:30:00+01:00","details":"","parties":[],"programPoints":null,"slotPoints":[],"break":"Ja","categoryName":"","roomCode":"","roomDescription":""},{"uid":782,"topic":"Marketing-Mix-Modelling","start":"2023-11-15T13:30:00+01:00","end":"2023-11-15T15:00:00+01:00","details":"<ul><li>Unternehmensmarketing<\/li><li>Produkt- und Dienstleistungsmarketing<\/li><li>Kunden-Beziehungsmanagement<\/li><li>Service online und offline<\/li><li>Stakeholdermarketing<br \/><em>Fokus Praxis<\/em>: Positionierung<\/li><\/ul>","parties":[{"uid":383,"role":"REFERENT","party":{"number":"31006369-001","contactType":"Ansprechpartner","name":"Lothar Keite","name2":"","name3":"","firstName":"Lothar","middleName":"","lastName":"Keite","addressStreet":"Burgwedel","addressHouseNo":"11","addressZip":"22457","addressCity":"Hamburg","addressCountry":[],"addressCountryName":"Deutschland","salutation":"HR","title":"Dipl.-Kaufmann","email":"lothar.keite@effibrain.eu","phone":"+49 - 40 - 57709590","fax":"","www":"","companyName":"Institut effibrain","companyPosition":"Gesch\u00e4ftsf\u00fchrer","image":null,"imageExternal":"https:\/\/essociation.px.media\/plk\/Vorlage%20Referentenbilder%20-%201_16.jpg","slug":"lothar-keite","portrait":"<p>Lothar Keite hat das Institut <strong>effibrain<\/strong> als Ort f&uuml;r Consulting, Training und Studien im Jahre 1993 gegr&uuml;ndet. Effektivit&auml;t und Effizienz sind die Anspr&uuml;che. Grundlage ist ein interdisziplin&auml;rer Ansatz, der insbesondere auch die neurowissenschaftliche Perspektive einbezieht, das Kunden-brain.<\/p><p>Das Institut ist spezialisiert auf den Absatzbereich, Marketing, Produktmanagement, Vertrieb. Seit der Liberalisierung liegt ein T&auml;tigkeitsschwerpunkt in der Energiewirtschaft. Leistungen sind Vermarktungsans&auml;tze, Namensfindungen, Ideen, betriebswirtschaftliche Konzepte, Content-Management, Vertriebskampagnen.<\/p><p>Mit diesen Erfahrungen ist Lothar Keite auch seit 20 Jahren als Referent f&uuml;r den BDEW t&auml;tig, heute mit Seminaren wie Content-Marketing, Erfolgreiches Produktmanagement, Vertrieb von Energie und Energiedienstleistungen. Er baut eine Erfolgstreppe aus den zentralen Absatzfeldern Markenmanagement, Produktmanagement, Kundenmanagement.<\/p><p>Lothar Keite ist Autor von Fachb&uuml;chern zu Corporate Identity und Produktmanagement.<\/p>","uid":9125,"booth":null,"links":[{"Link-Adresse":"https:\/\/essociation.px.media\/plk\/Vorlage%20Referentenbilder%20-%201_16.jpg","Link_Beschreibung":"REFERENT:BILD"}]}}],"programPoints":null,"slotPoints":[],"break":"Nein","categoryName":"","roomCode":"","roomDescription":""},{"uid":783,"topic":"Kaffeepause","start":"2023-11-15T15:00:00+01:00","end":"2023-11-15T15:30:00+01:00","details":"","parties":[],"programPoints":null,"slotPoints":[],"break":"Ja","categoryName":"","roomCode":"","roomDescription":""},{"uid":784,"topic":"Synchronisation der Ma\u00dfnahmen","start":"2023-11-15T15:30:00+01:00","end":"2023-11-15T17:00:00+01:00","details":"<ul><li>Content-Management<\/li><li>Storytelling: Welche Interessen haben unsere Zielgruppen?<\/li><li>Macht der Bilder<\/li><li>Customer Journey und Sales Funnel<br \/><em>Fokus Praxis: <\/em>Anpassung und Austausch zur Marketingkonzeptskizze<\/li><\/ul>","parties":[{"uid":384,"role":"REFERENT","party":{"number":"31006369-001","contactType":"Ansprechpartner","name":"Lothar Keite","name2":"","name3":"","firstName":"Lothar","middleName":"","lastName":"Keite","addressStreet":"Burgwedel","addressHouseNo":"11","addressZip":"22457","addressCity":"Hamburg","addressCountry":[],"addressCountryName":"Deutschland","salutation":"HR","title":"Dipl.-Kaufmann","email":"lothar.keite@effibrain.eu","phone":"+49 - 40 - 57709590","fax":"","www":"","companyName":"Institut effibrain","companyPosition":"Gesch\u00e4ftsf\u00fchrer","image":null,"imageExternal":"https:\/\/essociation.px.media\/plk\/Vorlage%20Referentenbilder%20-%201_16.jpg","slug":"lothar-keite","portrait":"<p>Lothar Keite hat das Institut <strong>effibrain<\/strong> als Ort f&uuml;r Consulting, Training und Studien im Jahre 1993 gegr&uuml;ndet. Effektivit&auml;t und Effizienz sind die Anspr&uuml;che. Grundlage ist ein interdisziplin&auml;rer Ansatz, der insbesondere auch die neurowissenschaftliche Perspektive einbezieht, das Kunden-brain.<\/p><p>Das Institut ist spezialisiert auf den Absatzbereich, Marketing, Produktmanagement, Vertrieb. Seit der Liberalisierung liegt ein T&auml;tigkeitsschwerpunkt in der Energiewirtschaft. Leistungen sind Vermarktungsans&auml;tze, Namensfindungen, Ideen, betriebswirtschaftliche Konzepte, Content-Management, Vertriebskampagnen.<\/p><p>Mit diesen Erfahrungen ist Lothar Keite auch seit 20 Jahren als Referent f&uuml;r den BDEW t&auml;tig, heute mit Seminaren wie Content-Marketing, Erfolgreiches Produktmanagement, Vertrieb von Energie und Energiedienstleistungen. Er baut eine Erfolgstreppe aus den zentralen Absatzfeldern Markenmanagement, Produktmanagement, Kundenmanagement.<\/p><p>Lothar Keite ist Autor von Fachb&uuml;chern zu Corporate Identity und Produktmanagement.<\/p>","uid":9125,"booth":null,"links":[{"Link-Adresse":"https:\/\/essociation.px.media\/plk\/Vorlage%20Referentenbilder%20-%201_16.jpg","Link_Beschreibung":"REFERENT:BILD"}]}}],"programPoints":null,"slotPoints":[],"break":"Nein","categoryName":"","roomCode":"","roomDescription":""},{"uid":785,"topic":"Ende des ersten Seminartages\/anschlie\u00dfend gemeinsames Abendessen \u2013 Networking & Kontakte kn\u00fcpfen","start":"2023-11-15T17:30:00+01:00","end":"2023-11-15T17:30:00+01:00","details":"","parties":[],"programPoints":null,"slotPoints":[],"break":"Nein","categoryName":"","roomCode":"","roomDescription":""},{"uid":786,"topic":"Zentraler Hub: Website","start":"2023-11-16T08:30:00+01:00","end":"2023-11-16T10:30:00+01:00","details":"<ul><li>Linie: Emotion und Interaktion<\/li><li>Usability und Barrierefreiheit<\/li><li>Mobile und Tablet<\/li><li>Zukunft Conversional Commerce<\/li><li>Kriterien und Vergleich f&uuml;r heute<br \/><em>Fokus Praxis - Workshop:<\/em> Kriterien zur Website und vergleichende Analyse Ihrer Webseite<br \/> <\/li><\/ul><p>Online-Marketing<\/p><ul><li>Paid and earned Media<\/li><li>Performance: Banner und Co.<\/li><li>Geotargeting: gezielte Ansprache<\/li><li>Analytics<\/li><li>Optimieren<br \/> <\/li><\/ul><p>Social Media<\/p><ul><li>Wo sind unsere Zielgruppen unterwegs?<\/li><li>Was schafft Beziehungsaufbau?<\/li><li>Likes und Empfehlungen, Netzwerke<\/li><li>Social Commerce<\/li><\/ul>","parties":[{"uid":385,"role":"REFERENT","party":{"number":"31006369-001","contactType":"Ansprechpartner","name":"Lothar Keite","name2":"","name3":"","firstName":"Lothar","middleName":"","lastName":"Keite","addressStreet":"Burgwedel","addressHouseNo":"11","addressZip":"22457","addressCity":"Hamburg","addressCountry":[],"addressCountryName":"Deutschland","salutation":"HR","title":"Dipl.-Kaufmann","email":"lothar.keite@effibrain.eu","phone":"+49 - 40 - 57709590","fax":"","www":"","companyName":"Institut effibrain","companyPosition":"Gesch\u00e4ftsf\u00fchrer","image":null,"imageExternal":"https:\/\/essociation.px.media\/plk\/Vorlage%20Referentenbilder%20-%201_16.jpg","slug":"lothar-keite","portrait":"<p>Lothar Keite hat das Institut <strong>effibrain<\/strong> als Ort f&uuml;r Consulting, Training und Studien im Jahre 1993 gegr&uuml;ndet. Effektivit&auml;t und Effizienz sind die Anspr&uuml;che. Grundlage ist ein interdisziplin&auml;rer Ansatz, der insbesondere auch die neurowissenschaftliche Perspektive einbezieht, das Kunden-brain.<\/p><p>Das Institut ist spezialisiert auf den Absatzbereich, Marketing, Produktmanagement, Vertrieb. Seit der Liberalisierung liegt ein T&auml;tigkeitsschwerpunkt in der Energiewirtschaft. Leistungen sind Vermarktungsans&auml;tze, Namensfindungen, Ideen, betriebswirtschaftliche Konzepte, Content-Management, Vertriebskampagnen.<\/p><p>Mit diesen Erfahrungen ist Lothar Keite auch seit 20 Jahren als Referent f&uuml;r den BDEW t&auml;tig, heute mit Seminaren wie Content-Marketing, Erfolgreiches Produktmanagement, Vertrieb von Energie und Energiedienstleistungen. Er baut eine Erfolgstreppe aus den zentralen Absatzfeldern Markenmanagement, Produktmanagement, Kundenmanagement.<\/p><p>Lothar Keite ist Autor von Fachb&uuml;chern zu Corporate Identity und Produktmanagement.<\/p>","uid":9125,"booth":null,"links":[{"Link-Adresse":"https:\/\/essociation.px.media\/plk\/Vorlage%20Referentenbilder%20-%201_16.jpg","Link_Beschreibung":"REFERENT:BILD"}]}}],"programPoints":null,"slotPoints":[],"break":"Nein","categoryName":"","roomCode":"","roomDescription":""},{"uid":787,"topic":"Kaffeepause","start":"2023-11-16T10:30:00+01:00","end":"2023-11-16T11:00:00+01:00","details":"","parties":[],"programPoints":null,"slotPoints":[],"break":"Ja","categoryName":"","roomCode":"","roomDescription":""},{"uid":788,"topic":"Gewerbe-Marketing","start":"2023-11-16T11:00:00+01:00","end":"2023-11-16T12:30:00+01:00","details":"<ul><li>Transformation stimulieren und begleiten<\/li><li>Fahrplan f&uuml;r Klimaentlastung<\/li><li>CO2-Bilanzen (Format Whitepaper)<\/li><li>E-Mobilit&auml;t<\/li><\/ul>","parties":[{"uid":386,"role":"REFERENT","party":{"number":"31006369-001","contactType":"Ansprechpartner","name":"Lothar Keite","name2":"","name3":"","firstName":"Lothar","middleName":"","lastName":"Keite","addressStreet":"Burgwedel","addressHouseNo":"11","addressZip":"22457","addressCity":"Hamburg","addressCountry":[],"addressCountryName":"Deutschland","salutation":"HR","title":"Dipl.-Kaufmann","email":"lothar.keite@effibrain.eu","phone":"+49 - 40 - 57709590","fax":"","www":"","companyName":"Institut effibrain","companyPosition":"Gesch\u00e4ftsf\u00fchrer","image":null,"imageExternal":"https:\/\/essociation.px.media\/plk\/Vorlage%20Referentenbilder%20-%201_16.jpg","slug":"lothar-keite","portrait":"<p>Lothar Keite hat das Institut <strong>effibrain<\/strong> als Ort f&uuml;r Consulting, Training und Studien im Jahre 1993 gegr&uuml;ndet. Effektivit&auml;t und Effizienz sind die Anspr&uuml;che. Grundlage ist ein interdisziplin&auml;rer Ansatz, der insbesondere auch die neurowissenschaftliche Perspektive einbezieht, das Kunden-brain.<\/p><p>Das Institut ist spezialisiert auf den Absatzbereich, Marketing, Produktmanagement, Vertrieb. Seit der Liberalisierung liegt ein T&auml;tigkeitsschwerpunkt in der Energiewirtschaft. Leistungen sind Vermarktungsans&auml;tze, Namensfindungen, Ideen, betriebswirtschaftliche Konzepte, Content-Management, Vertriebskampagnen.<\/p><p>Mit diesen Erfahrungen ist Lothar Keite auch seit 20 Jahren als Referent f&uuml;r den BDEW t&auml;tig, heute mit Seminaren wie Content-Marketing, Erfolgreiches Produktmanagement, Vertrieb von Energie und Energiedienstleistungen. Er baut eine Erfolgstreppe aus den zentralen Absatzfeldern Markenmanagement, Produktmanagement, Kundenmanagement.<\/p><p>Lothar Keite ist Autor von Fachb&uuml;chern zu Corporate Identity und Produktmanagement.<\/p>","uid":9125,"booth":null,"links":[{"Link-Adresse":"https:\/\/essociation.px.media\/plk\/Vorlage%20Referentenbilder%20-%201_16.jpg","Link_Beschreibung":"REFERENT:BILD"}]}}],"programPoints":null,"slotPoints":[],"break":"Nein","categoryName":"","roomCode":"","roomDescription":""},{"uid":789,"topic":"Mittagspause","start":"2023-11-16T12:30:00+01:00","end":"2023-11-16T13:30:00+01:00","details":"","parties":[],"programPoints":null,"slotPoints":[],"break":"Ja","categoryName":"","roomCode":"","roomDescription":""},{"uid":790,"topic":"Content-Tableau","start":"2023-11-16T13:30:00+01:00","end":"2023-11-16T15:00:00+01:00","details":"<ul><li>Content f&uuml;r unterschiedliche Zielgruppen (Haushalt &amp; Gewerbe)<\/li><li>Story entwickeln<\/li><li>Inhalte ausspielen (Multiplikatoren)<\/li><li>Kundenmagnet Content: Leads<\/li><li>Kontakt halten und pflegen<br \/><em>Fokus Praxis - Workshop:<\/em> Erstellen eines Content-Tableau<\/li><\/ul><p> <\/p>","parties":[{"uid":387,"role":"REFERENT","party":{"number":"31006369-001","contactType":"Ansprechpartner","name":"Lothar Keite","name2":"","name3":"","firstName":"Lothar","middleName":"","lastName":"Keite","addressStreet":"Burgwedel","addressHouseNo":"11","addressZip":"22457","addressCity":"Hamburg","addressCountry":[],"addressCountryName":"Deutschland","salutation":"HR","title":"Dipl.-Kaufmann","email":"lothar.keite@effibrain.eu","phone":"+49 - 40 - 57709590","fax":"","www":"","companyName":"Institut effibrain","companyPosition":"Gesch\u00e4ftsf\u00fchrer","image":null,"imageExternal":"https:\/\/essociation.px.media\/plk\/Vorlage%20Referentenbilder%20-%201_16.jpg","slug":"lothar-keite","portrait":"<p>Lothar Keite hat das Institut <strong>effibrain<\/strong> als Ort f&uuml;r Consulting, Training und Studien im Jahre 1993 gegr&uuml;ndet. Effektivit&auml;t und Effizienz sind die Anspr&uuml;che. Grundlage ist ein interdisziplin&auml;rer Ansatz, der insbesondere auch die neurowissenschaftliche Perspektive einbezieht, das Kunden-brain.<\/p><p>Das Institut ist spezialisiert auf den Absatzbereich, Marketing, Produktmanagement, Vertrieb. Seit der Liberalisierung liegt ein T&auml;tigkeitsschwerpunkt in der Energiewirtschaft. Leistungen sind Vermarktungsans&auml;tze, Namensfindungen, Ideen, betriebswirtschaftliche Konzepte, Content-Management, Vertriebskampagnen.<\/p><p>Mit diesen Erfahrungen ist Lothar Keite auch seit 20 Jahren als Referent f&uuml;r den BDEW t&auml;tig, heute mit Seminaren wie Content-Marketing, Erfolgreiches Produktmanagement, Vertrieb von Energie und Energiedienstleistungen. Er baut eine Erfolgstreppe aus den zentralen Absatzfeldern Markenmanagement, Produktmanagement, Kundenmanagement.<\/p><p>Lothar Keite ist Autor von Fachb&uuml;chern zu Corporate Identity und Produktmanagement.<\/p>","uid":9125,"booth":null,"links":[{"Link-Adresse":"https:\/\/essociation.px.media\/plk\/Vorlage%20Referentenbilder%20-%201_16.jpg","Link_Beschreibung":"REFERENT:BILD"}]}}],"programPoints":null,"slotPoints":[],"break":"Nein","categoryName":"","roomCode":"","roomDescription":""},{"uid":791,"topic":"Kaffeepause","start":"2023-11-16T15:00:00+01:00","end":"2023-11-16T15:30:00+01:00","details":"","parties":[],"programPoints":null,"slotPoints":[],"break":"Ja","categoryName":"","roomCode":"","roomDescription":""},{"uid":792,"topic":"Relationship-Marketing","start":"2023-11-16T15:30:00+01:00","end":"2023-11-16T15:45:00+01:00","details":"<ul><li>Sponsoring<\/li><li>Club-Gedanke<ul><li>Gewerbe<\/li><li>Kundenbeirat<\/li><li>Aufsichtsrat \/ Beirat<\/li><\/ul><\/li><\/ul><p> <\/p>","parties":[{"uid":388,"role":"REFERENT","party":{"number":"31006369-001","contactType":"Ansprechpartner","name":"Lothar Keite","name2":"","name3":"","firstName":"Lothar","middleName":"","lastName":"Keite","addressStreet":"Burgwedel","addressHouseNo":"11","addressZip":"22457","addressCity":"Hamburg","addressCountry":[],"addressCountryName":"Deutschland","salutation":"HR","title":"Dipl.-Kaufmann","email":"lothar.keite@effibrain.eu","phone":"+49 - 40 - 57709590","fax":"","www":"","companyName":"Institut effibrain","companyPosition":"Gesch\u00e4ftsf\u00fchrer","image":null,"imageExternal":"https:\/\/essociation.px.media\/plk\/Vorlage%20Referentenbilder%20-%201_16.jpg","slug":"lothar-keite","portrait":"<p>Lothar Keite hat das Institut <strong>effibrain<\/strong> als Ort f&uuml;r Consulting, Training und Studien im Jahre 1993 gegr&uuml;ndet. Effektivit&auml;t und Effizienz sind die Anspr&uuml;che. Grundlage ist ein interdisziplin&auml;rer Ansatz, der insbesondere auch die neurowissenschaftliche Perspektive einbezieht, das Kunden-brain.<\/p><p>Das Institut ist spezialisiert auf den Absatzbereich, Marketing, Produktmanagement, Vertrieb. Seit der Liberalisierung liegt ein T&auml;tigkeitsschwerpunkt in der Energiewirtschaft. Leistungen sind Vermarktungsans&auml;tze, Namensfindungen, Ideen, betriebswirtschaftliche Konzepte, Content-Management, Vertriebskampagnen.<\/p><p>Mit diesen Erfahrungen ist Lothar Keite auch seit 20 Jahren als Referent f&uuml;r den BDEW t&auml;tig, heute mit Seminaren wie Content-Marketing, Erfolgreiches Produktmanagement, Vertrieb von Energie und Energiedienstleistungen. Er baut eine Erfolgstreppe aus den zentralen Absatzfeldern Markenmanagement, Produktmanagement, Kundenmanagement.<\/p><p>Lothar Keite ist Autor von Fachb&uuml;chern zu Corporate Identity und Produktmanagement.<\/p>","uid":9125,"booth":null,"links":[{"Link-Adresse":"https:\/\/essociation.px.media\/plk\/Vorlage%20Referentenbilder%20-%201_16.jpg","Link_Beschreibung":"REFERENT:BILD"}]}}],"programPoints":null,"slotPoints":[],"break":"Nein","categoryName":"","roomCode":"","roomDescription":""},{"uid":793,"topic":"Performance messen","start":"2023-11-16T15:45:00+01:00","end":"2023-11-16T16:15:00+01:00","details":"<ul><li>Fokusgruppen<\/li><li>Conversions (Anfragen, Abschl&uuml;sse)<\/li><li>Content und Verweilen f&ouml;rdern SEO<\/li><li>Newsletter<br \/><em>Fokus Praxis:<\/em> Vergleich mit der Marketingkonzeptskizze<\/li><\/ul>","parties":[{"uid":389,"role":"REFERENT","party":{"number":"31006369-001","contactType":"Ansprechpartner","name":"Lothar Keite","name2":"","name3":"","firstName":"Lothar","middleName":"","lastName":"Keite","addressStreet":"Burgwedel","addressHouseNo":"11","addressZip":"22457","addressCity":"Hamburg","addressCountry":[],"addressCountryName":"Deutschland","salutation":"HR","title":"Dipl.-Kaufmann","email":"lothar.keite@effibrain.eu","phone":"+49 - 40 - 57709590","fax":"","www":"","companyName":"Institut effibrain","companyPosition":"Gesch\u00e4ftsf\u00fchrer","image":null,"imageExternal":"https:\/\/essociation.px.media\/plk\/Vorlage%20Referentenbilder%20-%201_16.jpg","slug":"lothar-keite","portrait":"<p>Lothar Keite hat das Institut <strong>effibrain<\/strong> als Ort f&uuml;r Consulting, Training und Studien im Jahre 1993 gegr&uuml;ndet. Effektivit&auml;t und Effizienz sind die Anspr&uuml;che. Grundlage ist ein interdisziplin&auml;rer Ansatz, der insbesondere auch die neurowissenschaftliche Perspektive einbezieht, das Kunden-brain.<\/p><p>Das Institut ist spezialisiert auf den Absatzbereich, Marketing, Produktmanagement, Vertrieb. Seit der Liberalisierung liegt ein T&auml;tigkeitsschwerpunkt in der Energiewirtschaft. Leistungen sind Vermarktungsans&auml;tze, Namensfindungen, Ideen, betriebswirtschaftliche Konzepte, Content-Management, Vertriebskampagnen.<\/p><p>Mit diesen Erfahrungen ist Lothar Keite auch seit 20 Jahren als Referent f&uuml;r den BDEW t&auml;tig, heute mit Seminaren wie Content-Marketing, Erfolgreiches Produktmanagement, Vertrieb von Energie und Energiedienstleistungen. Er baut eine Erfolgstreppe aus den zentralen Absatzfeldern Markenmanagement, Produktmanagement, Kundenmanagement.<\/p><p>Lothar Keite ist Autor von Fachb&uuml;chern zu Corporate Identity und Produktmanagement.<\/p>","uid":9125,"booth":null,"links":[{"Link-Adresse":"https:\/\/essociation.px.media\/plk\/Vorlage%20Referentenbilder%20-%201_16.jpg","Link_Beschreibung":"REFERENT:BILD"}]}}],"programPoints":null,"slotPoints":[],"break":"Nein","categoryName":"","roomCode":"","roomDescription":""},{"uid":794,"topic":"Zusammenfassung & Abschluss","start":"2023-11-16T16:15:00+01:00","end":"2023-11-16T16:30:00+01:00","details":"","parties":[],"programPoints":null,"slotPoints":[],"break":"Nein","categoryName":"","roomCode":"","roomDescription":""},{"uid":795,"topic":"Ende des Seminars","start":"2023-11-16T16:30:00+01:00","end":"2023-11-16T16:30:00+01:00","details":"","parties":[],"programPoints":null,"slotPoints":[],"break":"Nein","categoryName":"","roomCode":"","roomDescription":""}],"slotsAgendaViewUrl":"\/event\/programm\/list\/regionales-energiemarketing-erfolgreich-planen-und-umsetzen","services":[{"prices":[{"type":"","value":1490,"priceGroup":"","minAmount":0,"discountPercent":0,"discountType":{"code":null,"title":null,"description":null,"labelPercent":null},"start":null,"end":null}],"service":{"number":"VAL_001","description":"Normalpreis","info":"","type":"Hauptleistung","canCarryDiscountCode":true,"requiresFileUpload":false,"requiresMemberNumber":false}}],"metaData":[{"code":"VA-LERN-LEVEL","value":"AUFBAU"},{"code":"VA-SEMINARINHALT","value":"<p>Die Einstellung und Wahrnehmung der Verbraucher und Verbraucherinnen in Bezug auf Energieversorgung und -beschaffung hat sich ver&auml;ndert. Gerade regionale Anbieter werden gesch&auml;tzt. Die &ouml;kologische Transformation bildet eine zentrale Herausforderung f&uuml;r Wirtschaft und Politik, Krisen f&ouml;rdern das Bestreben nach regionaler Stabilit&auml;t.<\/p><p>Gutes regionales sowie &uuml;berregionales Marketing erfordert eine gute Kundenkenntnis.<\/p><p>Zwei zentrale Aufgaben modernen Marketings sind die Kundengewinnung und Kundenbetreuung. Als gro&szlig;e Herausforderung steht dem die deutlich sinkende Aufmerksamkeitspanne der Kundschaft gegen&uuml;ber. Wer sie erreichen will, muss den passenden Content bieten!<\/p><p>Dieses Seminar mit Workshop-Charakter lebt von der aktiven Teilnahme und dem Austausch der Teilnehmenden. Sie lernen die Grundlagen, Methoden und Instrumente sowie Wirkungsweisen des professionellen Content Marketing kennen. Wir erarbeiten Schritt f&uuml;r Schritt eine Marketingkonzeptskizze und blicken am Ende auf ein gef&uuml;lltes Content-Tableau, welches Sie f&uuml;r sich und Ihre Kunden und Kundinnen erfolgreich adaptieren k&ouml;nnen.<\/p>"},{"code":"VA-KURZTEXT","value":"Die Verbraucher und Verbraucherinnen interessieren sich zunehmend f\u00fcr regionale Energieanbieter, besonders im Kontext der \u00f6kologischen Transformation und regionaler Stabilit\u00e4t. In diesem interaktiven Seminar lernen Sie die Grundlagen, Methoden und Instrumente des professionellen Content Marketings kennen. Wir fokussieren uns darauf, wie Sie ihre Kunden und Kundinnen trotz sinkender Aufmerksamkeitsspanne gewinnen und binden. Gemeinsam entwickeln Sie mit dem Referenten eine Marketingkonzeptskizze und ein praxisnahes Content-Tableau, das Sie erfolgreich f\u00fcr sich nutzen k\u00f6nnen."},{"code":"VA-TEILNEHMER","value":"<p>Leitende Mitarbeitende und Fach- und F&uuml;hrungskr&auml;fte sowie Verantwortliche aus Marketing, Werbung, Vertrieb und Kommunikation<\/p>"},{"code":"VA-ARGUMENTE","value":"<ul><li>Erkenntnis der speziellen Bedingungen im Marketing f&uuml;r Energie und Energiedienstleistungen<\/li><li>Sie wissen, welchen Wert Content Marketing f&uuml;r den Erfolg Ihres EVU, Ihrer Produkte und Dienstleistungen hat<\/li><li>Sie beherrschen die Phasen und Bausteine des Content-Marketingprozesses<\/li><li>F&auml;higkeit zur Analyse und Optimierung Ihres eigenen Webauftritts<\/li><li>Sammlung und Strukturierung eines Content-Tableaus f&uuml;r Ihr Marketing<\/li><\/ul>"},{"code":"VA-THEMENSCHWERPUNKT","value":"<ul><li>Marketing Wirksamkeit und Performance<\/li><li>Marketing Mix-Modelling<\/li><li>Content-Management und Story-Telling<\/li><li>Online-Marketing: Website, Paid and earned Media, Social Media<\/li><li>Relationship-Marketing und Content-Tableau<\/li><\/ul>"},{"code":"VA-INHOUSE","value":"Ja"},{"code":"VA-FOCUS-KEYWORD","value":"Energiemarketing"},{"code":"VA-META-TITLE","value":"bdew Seminar: Marketing f\u00fcr die Energiewirtschaft"},{"code":"VA-FOCUS-KEYWORD","value":"Marketing"},{"code":"VA-METADESCRIPTION","value":"Holen Sie sich bei unseren Experten wertvolle Tipps f\u00fcr Ihr Marketing!"},{"code":"VA-HINWEIS","value":"<p>Bitte bringen Sie eigene Themen, Fragestellungen oder Unterlagen aus Ihrer Praxis mit. Bringen Sie auf jeden Fall bitte ein Screenshot Ihres Web-Auftritts mit (Eingangssite, above the fold).<\/p><p>F&uuml;r unsere Teilnehmer:innen haben wir bis 6 Wochen vor den Veranstaltungen ein Zimmerkontingent im Tagungshotel reserviert. Wir empfehlen Ihnen rechtzeitig zu buchen, da die Reservierungen begrenzt zur Verf&uuml;gung stehen. Stichwort: &bdquo;EW Medien &ndash; 230072&ldquo;<\/p>"},{"code":"VA-NEU","value":"31.12.24"}],"eventType":{"code":"SEMINAR","value":"Seminar","uid":6},"learnLevel":"AUFBAU","meta":{"title":"","subtitle":"","abstract":"","description":"","keywords":"","canonical":""},"socialMedia":{"ogTitle":"","ogDescription":"","ogImage":[],"twitterTitle":"","twitterDescription":"","twitterCard":"","twitterImage":[]},"venueCount":1,"subeventCount":1,"occupancy":0,"links":{"Links":null},"detailViewUrl":"\/event\/regionales-energiemarketing-erfolgreich-planen-und-umsetzen","bookingFormUrl":"\/event\/booking\/form\/regionales-energiemarketing-erfolgreich-planen-und-umsetzen","detailViewUrlMainEvent":"\/event\/regionales-energiemarketing-erfolgreich-planen-und-umsetzen","relatedEvents":""},{"updatedAt":"2026-08-05T12:01:58+02:00","createdAt":"2026-07-22T14:52:13+02:00","executionType":"praesenz","executionTypes":["Pr\u00e4senz"],"clientKey":"102","number":"S018098","title":"Fachkraft f\u00fcr Glasfaserinstallation (VDE)","subtitle":"Zertifizierungslehrgang mit theoretischer und praktischer Pr\u00fcfung","titleShort":"Fachkraft f\u00fcr Glasfaserinstallation (VDE)","start":"2026-09-21T09:00:00+02:00","end":"2026-11-12T00:00:00+01:00","registrationDeadline":null,"location":{"number":"828849","contactType":"Unternehmen","name":"ANEDIS Management GmbH","name2":"","name3":"","firstName":"","middleName":"","lastName":"","addressStreet":"Alexander-Mei\u00dfner-Str.","addressHouseNo":"24-28","addressZip":"12526","addressCity":"Berlin","addressCountry":[],"addressCountryName":"Deutschland","salutation":"OHNE","title":"","email":"","phone":"030\/710963-23","fax":"","www":"","companyName":"ANEDIS Management GmbH","companyPosition":"","image":null,"imageExternal":"","slug":"anedis-management-gmbh","portrait":"","uid":9649,"booth":null,"links":[{"Link-Adresse":"\\\\sanprodoff\\OFFPROD\\Gruppenordner\\Seminare\\21-externe R\u00e4ume\\Berlin\\Berlin_ANEDIS","Link_Beschreibung":"Berlin_ANEDIS"}]},"locationContactNo":"","brand":{"code":"VDE ACADEMY","description":"VDE ACADEMY","mail_to":"web@bosbach.de","tel":"069 840006 1312","mail_to_sales":"seminare@vde-verlag.de","tel_sales":"069 840006 1312","logo":"https:\/\/api.stage.essociation.de\/fileadmin\/templates\/brand-logos\/logo_vde_academy.svg","ogImage":"https:\/\/api.stage.essociation.de\/fileadmin\/_processed_\/3\/5\/csm_logo_vde_academy_41953a8f97.jpg","link":"https:\/\/stage.essociation.de\/veranstalter\/vde-academy","mail_to_inhouse":"seminare@vde-verlag.de","link_terms":"https:\/\/stage.essociation.de\/agb-vdev","link_privacy":"https:\/\/stage.essociation.de\/datenschutz","link_sponsor":"seminare@vde-verlag.de","mail_to_order":"seminare@vde-verlag.de","tel_order":"069 840006 1312","notice_order":"<p>Sobald die Mindestteilnehmerzahl erreicht ist, sp&auml;testens jedoch 14 Tage vor Ihrer Veranstaltung, erhalten Sie von uns eine Buchungsbest&auml;tigung per E-Mail an die von Ihnen angegebene Adresse. Sollten sich &Auml;nderungen oder Erg&auml;nzungen zu Ihrer Buchung ergeben, so senden Sie diese bitte per Mail an seminare@vde-verlag.de. Wir werden uns umgehend bei Ihnen zur&uuml;ckmelden.<\/p>","mail_to_support":"vdeacademy@essociation.de","metadata_author":"VDE ACADEMY","slider_content":null},"status":"HAUPT","participantsMin":5,"participantsMax":8,"isRecommended":true,"isNewUntil":"0","isInhouse":false,"mainTopic":{"uid":37,"code":"INFORMATIONSTECHNIK","description":"Informationstechnik","image":null,"topicPage":"","isTopTopic":false},"subtopics":[{"uid":13,"code":"GEB\u00c4UDE","description":"Geb\u00e4udetechnik","image":null,"topicPage":"","isTopTopic":false},{"uid":17,"code":"LEITUNG UND KABEL","description":"Leitungs- und Kabelverlegung","image":null,"topicPage":"","isTopTopic":false}],"parties":[{"role":"REFERENT","party":{"number":"828875","contactType":"Person","name":"G\u00fcnter Richter","name2":"","name3":"","firstName":"G\u00fcnter","middleName":"","lastName":"Richter","salutation":"HR","title":"Dipl.-Ing.","www":"","companyName":"","companyPosition":"","image":null,"imageExternal":"https:\/\/essociation.px.media\/plk\/828875-Richter_G%C3%BCnter.jpg","slug":"guenter-richter","portrait":"<p>Bildungsweg:<\/p><ul><li>Berufsausbildung zum Facharbeiter f&uuml;r Nachrichtentechnik mit Abitur<\/li><li>Studium zum Dipl.Ing. (FH) f&uuml;r Fernmeldetechniktechnik und Studium zum Dipl.Ing. f&uuml;r Fernmeldetechnik und IT<\/li><\/ul><p>Beruflicher Werdegang:<\/p><ul><li>Deutsche Post &ndash; Fernmeldemonteur<\/li><li>Offizier NVA \/ Bundeswehr f&uuml;r Fernmeldetechnik und IT<\/li><li>Planungsingenieur \/ Bau- und Projektmanager Telekommunikation Orts- und Weitnetze, CATV und LWL-Netze<\/li><li>Vertrieb elektronischer Messtechnik f&uuml;r die Bereiche LWL, Digital, HF und Mobilfunk f&uuml;r ANRITSU, Sunrise Telecom, VeEX, VIAVI Solution,CORNING, ComSonics, Inno Instruments<\/li><\/ul><p>Dozent f&uuml;r die Fachgebiete: LWL- Digital, HF- und Mobilfunkmesstechnik, Grundlagen der optischen Nachrichten&uuml;bertragung, Messungen an LWL-Netzen und Auswertung der Messergebnisse mit Auswertesoftware FiberDoc, FiberCable\/Fibertrace, Grundlagen der LWL &ndash; Montage, Anwenderschulungen f&uuml;r die Montage von LWL-Komponenten CORNING<\/p>","uid":9650}},{"role":"REFERENT","party":{"number":"828849-003","contactType":"Ansprechpartner","name":"Matthias Reu\u00df","name2":"","name3":"","firstName":"Matthias","middleName":"","lastName":"Reu\u00df","salutation":"HR","title":"","www":"","companyName":"ANEDIS Management GmbH","companyPosition":"","image":null,"imageExternal":"","slug":"matthias-reuss","portrait":"","uid":9651}}],"slots":[],"slotsAgendaViewUrl":"\/event\/programm\/list\/fachkraft-fuer-glasfaserinstallation-vde","services":[{"prices":[{"type":"","value":2920,"priceGroup":"","minAmount":0,"discountPercent":0,"discountType":{"code":null,"title":null,"description":null,"labelPercent":null},"start":null,"end":null}],"service":{"number":"VAL_001","description":"Normalpreis","info":"","type":"Hauptleistung","canCarryDiscountCode":true,"requiresFileUpload":false,"requiresMemberNumber":false}},{"prices":[{"type":"","value":2920,"priceGroup":"","minAmount":0,"discountPercent":0,"discountType":{"code":null,"title":null,"description":null,"labelPercent":null},"start":null,"end":null}],"service":{"number":"VAL_016","description":"Normalpreis (online) \/ mit Studentennachweis","info":"<ul><li>Virtuelle Teilnahme<\/li><\/ul>","type":"Hauptleistung","canCarryDiscountCode":false,"requiresFileUpload":true,"requiresMemberNumber":false}},{"prices":[{"type":"","value":2840,"priceGroup":"","minAmount":0,"discountPercent":0,"discountType":{"code":null,"title":null,"description":null,"labelPercent":null},"start":null,"end":null}],"service":{"number":"VAL_058","description":"Mitgliedspreis VDE","info":"","type":"Hauptleistung","canCarryDiscountCode":false,"requiresFileUpload":true,"requiresMemberNumber":false}},{"prices":[{"type":"","value":2840,"priceGroup":"","minAmount":0,"discountPercent":0,"discountType":{"code":null,"title":null,"description":null,"labelPercent":null},"start":null,"end":null}],"service":{"number":"VAL_059","description":"Mitgliedspreis VDE (online)","info":"<ul><li>Virtuelle Teilnahme<\/li><\/ul>","type":"Hauptleistung","canCarryDiscountCode":false,"requiresFileUpload":false,"requiresMemberNumber":false}}],"metaData":[{"code":"VA-SEMINARZIEL","value":"Die Teilnehmer erlernen zentrale F\u00e4higkeiten und praktische Fertigkeiten zur Glasfaserinstallation. Es werden Kenntnisse zum Aufbau von LWL-\u00dcbertragungsstrecken, zu den grundlegenden Messverfahren vermittelt und durch praktische \u00dcbungen trainiert."},{"code":"VA-SEMINARINHALT","value":"<p>Die Weiterbildung vermittelt zentrale F&auml;higkeiten und Fertigkeiten in der Glasfaserinstallation und zur Lichtwellenleitertechnik (LWL-Technik). Wesentliche Arbeitsmethoden der LWL-Technik werden von den Absolventen nach erfolgreicher Beendigung der Weiterbildung beherrscht. Die Teilnehmer erlernen Kenntnisse &uuml;ber den Aufbau, das Verlegen, das Splei&szlig;en und den Abschluss von LWL-Kabeln. Des Weiteren werden die Kursteilnehmer mit dem Aufbau von LWL-&Uuml;bertragungsstrecken und den grundlegenden Begriffen und Funktionsweisen der optischen Nachrichten&uuml;bertragung vertraut gemacht.<\/p>"},{"code":"VA-TEILNEHMER","value":"<p>Fachkr&auml;fte aus dem Handwerk und der Industrie mit elektro- und informationstechnischem Hintergrund sowie Quereinsteiger\/ - innen, z. B. aus dem Tief- und Rohrleitungsbau.<\/p>"},{"code":"VA-KURZTEXT","value":"In diesem Seminar erlernen die Teilnehmer zentrale F\u00e4higkeiten und praktische Fertigkeiten zur Glasfaserinstallation. Es werden Kenntnisse zum Aufbau von LWL-\u00dcbertragungsstrecken, zu den grundlegenden Messverfahren vermittelt und durch praktische \u00dcbungen trainiert."},{"code":"VA-ARGUMENTE","value":"<ul><li>Wir vermitteln Ihnen die wichtigsten Grundlagen der optischen Nachrichten&uuml;bertragung<\/li><li>Unser Zertifikatslehrgang betrachtet dabei eine Vielzahl an grundlegenden Messverfahren<\/li><li>Profitieren Sie auch von der praktischen Anwendung, wie der Durchf&uuml;hrung von D&auml;mpfungs- &amp; Leistungsmessungen mit OLS- und OLP<\/li><li>Im Detail erhalten Sie Einblicke in die LWL Installation, die Vorbereitung von Glasfaserkabeln zum Splei&szlig;en und dem Splei&szlig;en von LWL-Fasern<\/li><\/ul>"},{"code":"VA-FOCUS-KEYWORD","value":"Glasfaser Breitband Lichtwellenleiter "},{"code":"VA-METADESCRIPTION","value":"Die Weiterbildung vermittelt zentrale F\u00e4higkeiten und Fertigkeiten in der Glasfaserinstallation und zur Lichtwellenleitertechnik (LWL-Technik). Wesentliche Arbeitsmethoden der LWL-Technik werden von den Absolventen nach erfolgreicher Beendigung der Weiterbildung beherrscht."},{"code":"VA-LERN-LEVEL","value":"BASIS"},{"code":"VA-THEMENSCHWERPUNKT","value":"<ul><li>Grundlagen der optischen Nachrichten&uuml;bertragung<\/li><li>Grundlegende Messverfahren<\/li><li>LWL-Installation <\/li><li>Vorbereitung von Glasfaserkabeln zum Splei&szlig;en <\/li><li>Splei&szlig;en von LWL-Fasern<\/li><\/ul><p> <\/p>"},{"code":"VA-EMPFEHLUNG","value":"Ja"},{"code":"VA-INHOUSE","value":"Nein"}],"eventType":{"code":"SEMINAR","value":"Seminar","uid":6},"learnLevel":"BASIS","meta":{"title":"","subtitle":"","abstract":"","description":"","keywords":"","canonical":""},"socialMedia":{"ogTitle":"","ogDescription":"","ogImage":[],"twitterTitle":"","twitterDescription":"","twitterCard":"","twitterImage":[]},"venueCount":2,"subeventCount":2,"occupancy":0,"links":{"Links":[{"Link_Adresse":"\\\\sanprodoff\\OFFPROD\\Gruppenordner\\Seminare\\11-Seminarunterlagen\\Seminare ab 2022\\S018098","Link_Beschreibung":"S018098"}]},"detailViewUrl":"\/event\/fachkraft-fuer-glasfaserinstallation-vde","bookingFormUrl":"\/event\/booking\/form\/fachkraft-fuer-glasfaserinstallation-vde","detailViewUrlMainEvent":"\/event\/fachkraft-fuer-glasfaserinstallation-vde","relatedEvents":""}]},{"config":{"tabTitle":"Inhouse","singleTabLimit":5},"events":[{"updatedAt":"2026-08-05T12:01:58+02:00","createdAt":"2026-07-22T14:52:13+02:00","executionType":"praesenz","executionTypes":["Pr\u00e4senz"],"clientKey":"101","number":"220297","title":"TAR-Fachforum 2026","subtitle":"Stabile Netze und sichere Versorgung jetzt und in Zukunft","titleShort":"TAR-Fachforum","start":"2026-04-14T09:00:00+02:00","end":"2026-09-23T00:00:00+02:00","registrationDeadline":null,"location":[],"locationContactNo":"","brand":{"code":"FNN","description":"VDE FNN","mail_to":"web@bosbach.de","tel":"030 284494 242","mail_to_sales":"ausstellung@ew-online.de","tel_sales":"069 7104687 145","logo":"https:\/\/api.stage.essociation.de\/fileadmin\/templates\/brand-logos\/logo_vde_fnn.svg","ogImage":"https:\/\/api.stage.essociation.de\/fileadmin\/_processed_\/4\/2\/csm_logo_vde_fnn_1a1f3cf513.jpg","link":"https:\/\/stage.essociation.de\/search\/?f%5Bbrand%5D=FNN&p=1","mail_to_inhouse":"inhouse@essociation.de","link_terms":"https:\/\/stage.essociation.de\/agb-ew","link_privacy":"https:\/\/stage.essociation.de\/datenschutz","link_sponsor":"seminare@vde-verlag.de","mail_to_order":"anmeldung@ew-online.de","tel_order":"030 284494 242","notice_order":"<p>Sobald die Mindestteilnehmerzahl erreicht ist, erhalten die Teilnehmer eine Buchungsbest&auml;tigung per E-Mail. Eine Rechnung versenden wir an die hinterlegte Rechnungsadresse.<\/p>\\n<p>Bitte beachten Sie, dass eine kostenfreie Stornierung bis zum 30. Kalendertag vor Veranstaltungsbeginn m&ouml;glich ist.<\/p>","mail_to_support":"vdefnn@essociation.de","metadata_author":"VDE FNN","slider_content":null},"status":"HAUPT","participantsMin":50,"participantsMax":100,"isRecommended":true,"isNewUntil":"0","isInhouse":false,"mainTopic":{"uid":40,"code":"NETZTECHNIK","description":"Netztechnik","image":null,"topicPage":"","isTopTopic":false},"subtopics":[],"parties":[],"slots":[],"slotsAgendaViewUrl":"\/event\/programm\/list\/tar-fachforum-2026","services":[{"prices":[{"type":"","value":1690,"priceGroup":"","minAmount":0,"discountPercent":0,"discountType":{"code":null,"title":null,"description":null,"labelPercent":null},"start":null,"end":null}],"service":{"number":"VAL_001","description":"Normalpreis","info":"","type":"Hauptleistung","canCarryDiscountCode":true,"requiresFileUpload":false,"requiresMemberNumber":false}},{"prices":[],"service":{"number":"VAL_007","description":"Abendveranstaltung","info":"","type":"Zusatzleistung","canCarryDiscountCode":false,"requiresFileUpload":false,"requiresMemberNumber":false}},{"prices":[{"type":"","value":1540,"priceGroup":"","minAmount":0,"discountPercent":0,"discountType":{"code":null,"title":null,"description":null,"labelPercent":null},"start":null,"end":null}],"service":{"number":"VAL_016","description":"Normalpreis (online) \/ mit Studentennachweis","info":"<ul><li>Virtuelle Teilnahme<\/li><\/ul>","type":"Hauptleistung","canCarryDiscountCode":false,"requiresFileUpload":true,"requiresMemberNumber":false}},{"prices":[{"type":"","value":1290,"priceGroup":"","minAmount":0,"discountPercent":0,"discountType":{"code":null,"title":null,"description":null,"labelPercent":null},"start":null,"end":null}],"service":{"number":"VAL_058","description":"Mitgliedspreis VDE","info":"","type":"Hauptleistung","canCarryDiscountCode":false,"requiresFileUpload":true,"requiresMemberNumber":false}},{"prices":[{"type":"","value":1140,"priceGroup":"","minAmount":0,"discountPercent":0,"discountType":{"code":null,"title":null,"description":null,"labelPercent":null},"start":null,"end":null}],"service":{"number":"VAL_059","description":"Mitgliedspreis VDE (online)","info":"<ul><li>Virtuelle Teilnahme<\/li><\/ul>","type":"Hauptleistung","canCarryDiscountCode":false,"requiresFileUpload":false,"requiresMemberNumber":false}}],"metaData":[{"code":"VA-SEMINARINHALT","value":"<p>F&uuml;r den sicheren Betrieb der Stromnetze ist die Netzintegration erneuerbarer Energien und die Interoperabilit&auml;t der Netze auf allen Spannungsebenen unerl&auml;sslich. Zu diesem Zweck entwickelt der VDE FNN kontinuierlich die technischen Regeln f&uuml;r den Netzanschluss auf allen Spannungsebenen weiter.<\/p><p>Unsere Experten informieren Sie wieder umfassend &uuml;ber die aktuellen Ver&auml;nderungen der VDE FNN Regelwerke. Machen Sie sich unter anderem mit den neuen Anforderungen gem&auml;&szlig; VDE-AR-N 4100 beim Einsatz von Stromsensoren zur Messwerterfassung im Vorz&auml;hlerbereich in der Niederspannung vertraut. Erfahren Sie, was bei mehreren Netzanschl&uuml;ssen in einem Geb&auml;ude oder bei Z&auml;hlerpl&auml;tzen in Bestandsanlagen zu beachten ist.<\/p><p>Mit dem zunehmenden Ausbau der Erneuerbaren Energien steigt auch die Systemrelevanz der dezentralen Erzeugungsanlagen im Niederspannungsnetz. Vor diesem Hintergrund wurde auch die VDE-AR-N 4105 &uuml;berarbeitet. Zuk&uuml;nftig m&uuml;ssen Erzeugungsanlagen bei Anschluss in der Niederspannung h&ouml;here technische Anforderungen erf&uuml;llen und einen Beitrag zur Netzst&uuml;tzung leisten. Informieren Sie sich &uuml;ber die technischen Voraussetzungen f&uuml;r die Eigenversorgung in Kundenanlagen sowie die Netzeinbindung der bidirektionalen Ladevorg&auml;nge der E-Mobilit&auml;t.<\/p><p>Neben dem steigenden Anteil dezentraler Erzeugungsanlagen werden auch steuerbare Verbrauchseinrichtungen eine wichtige Rolle bei den technischen Anschlussregeln spielen. Der neue &sect; 14 a EnWG regelt die netzorientierte Steuerung von Letztverbrauchereinrichtungen. Diskutieren Sie mit Ihren Kolleg;innen die Auswirkungen auf das Last- und Energiemanagement im Niederspannungsnetz und wie Dauerstromanwendungen wie W&auml;rmepumpen oder Elektroautos netzdienlich integriert werden k&ouml;nnen.<\/p><p>Die TAR-Fachforen bieten Ihnen wieder viel Raum f&uuml;r den fachlichen Austausch. Die begleitende Fachausstellung mit namhaften Herstellern und Dienstleistern l&auml;dt Sie nicht nur tags&uuml;ber zum Entdecken ein, auch zur Abendveranstaltung k&ouml;nnen Sie hier in entspannter Atmosph&auml;re die Themen des Tages diskutieren.<\/p>"},{"code":"VA-KURZTEXT","value":"Der forcierte Ausbau von EE-Anlagen, Speichern und Elektromobilit\u00e4t erh\u00f6ht die Systemrelevanz von dezentralen Erzeugungsanlagen und Verbrauchseinrichtungen am Niederspannungsnetz. Die aktuellen \u00dcberarbeitungen der VDE-AR-N 4100 und VDE-AR-N 4105 tragen dieser Entwicklung Rechnung. Unsere Experten informieren Sie \u00fcber die neuen technischen Anforderungen zur sicheren Integration dieser Erzeugungsleistung in das Niederspannungsnetz. <a href=\"https:\/\/www.tar-fachforum.de\/\" target=\"_blank\">Zur Kongress Website<\/a>"},{"code":"VA-TEILNEHMER","value":"<p>Fach- und F&uuml;hrungskr&auml;fte, Verantwortliche und Expert:innen aus Netzbetrieb, Netztechnik, Messstellenbetreiber, Elektrotechniker:innen des Elektrohandwerks sowie Hersteller und Planer.<\/p>"},{"code":"VA-ARGUMENTE","value":"<ul><li>Sicherheit beim Umgang mit den neuen Anforderungen der VDE-AR-N 4100 und VDE-AR-N 4105<\/li><li>Praktische Tipps zur netzdienlichen Steuerung von Verbrauchseinrichtungen gem&auml;&szlig; &sect; 14a EnWG<\/li><li>&Uuml;berblick &uuml;ber die aktuellen technischen Entwicklungen und fachlichen Austausch im Rahmen der Fachausstellung<\/li><\/ul>"},{"code":"VA-THEMENSCHWERPUNKT","value":"<ul><li>Aktueller Rechtsrahmen: EEG 2023, &sect;14a EnWG und GNDEW<\/li><li>&Auml;nderungen der VDE-AR-N 4100<\/li><li>Neue Anforderungen an dezentrale Erzeugungsanlagen am Niederspannungsnetz &ndash; Novelle VDE-AR-N 4105<\/li><li>Netzvertr&auml;gliche Steuerung von Verbrauchseinrichtungen &ndash; Auswirkungen des &sect; 14a EnWG<\/li><li>Digitalisierung der Prozesse und Grunds&auml;tze der Zusammenarbeit<\/li><\/ul>"},{"code":"VA-META-TITLE","value":"TAR-Fachforen: 4 Termine im 2. Quartal 2026; Pr\u00e4senz"},{"code":"VA-METADESCRIPTION","value":"TAR-Fachforen: Neue Regeln durch VDE-AR-N 4100 & 4105 | Auswirkungen \u00a7 14 a EnWG | Mit begleitender Fachausstellung in Hamburg, Dresden, K\u00f6ln, Ulm"},{"code":"VA-FOCUS-KEYWORD","value":"TAR-Fachforen"},{"code":"VA-EMPFEHLUNG","value":"Ja"}],"eventType":{"code":"FACHTAGUNG","value":"Fachtagung","uid":1},"learnLevel":"","meta":{"title":"","subtitle":"","abstract":"","description":"","keywords":"","canonical":""},"socialMedia":{"ogTitle":"","ogDescription":"","ogImage":[],"twitterTitle":"","twitterDescription":"","twitterCard":"","twitterImage":[]},"venueCount":5,"subeventCount":5,"occupancy":0,"links":{"Links":[{"Link_Adresse":"K:\\220297\\","Link_Beschreibung":"Projektordner"},{"Link_Adresse":"https:\/\/www.tar-fachforum.de\/","Link_Beschreibung":"VA-EXT-WEBSITE"}]},"detailViewUrl":"\/event\/tar-fachforum-2026","bookingFormUrl":"\/event\/booking\/form\/tar-fachforum-2026","detailViewUrlMainEvent":"\/event\/tar-fachforum-2026","relatedEvents":""},{"updatedAt":"2026-08-05T12:01:58+02:00","createdAt":"2026-08-04T17:30:54+02:00","executionType":"","executionTypes":[],"clientKey":"101","number":"230433","title":"ZMP kompakt","subtitle":"Praktische Umsetzung der Steuerung \u00fcber iMSys","titleShort":"ZMP kompakt","start":"2026-06-25T10:30:00+02:00","end":"2026-06-26T14:30:00+02:00","registrationDeadline":null,"location":[],"locationContactNo":"","brand":{"code":"FNN","description":"VDE FNN","mail_to":"web@bosbach.de","tel":"030 284494 242","mail_to_sales":"ausstellung@ew-online.de","tel_sales":"069 7104687 145","logo":"https:\/\/api.stage.essociation.de\/fileadmin\/templates\/brand-logos\/logo_vde_fnn.svg","ogImage":"https:\/\/api.stage.essociation.de\/fileadmin\/_processed_\/4\/2\/csm_logo_vde_fnn_1a1f3cf513.jpg","link":"https:\/\/stage.essociation.de\/search\/?f%5Bbrand%5D=FNN&p=1","mail_to_inhouse":"inhouse@essociation.de","link_terms":"https:\/\/stage.essociation.de\/agb-ew","link_privacy":"https:\/\/stage.essociation.de\/datenschutz","link_sponsor":"seminare@vde-verlag.de","mail_to_order":"anmeldung@ew-online.de","tel_order":"030 284494 242","notice_order":"<p>Sobald die Mindestteilnehmerzahl erreicht ist, erhalten die Teilnehmer eine Buchungsbest&auml;tigung per E-Mail. Eine Rechnung versenden wir an die hinterlegte Rechnungsadresse.<\/p>\\n<p>Bitte beachten Sie, dass eine kostenfreie Stornierung bis zum 30. Kalendertag vor Veranstaltungsbeginn m&ouml;glich ist.<\/p>","mail_to_support":"vdefnn@essociation.de","metadata_author":"VDE FNN","slider_content":null},"status":"HAUPT","participantsMin":0,"participantsMax":0,"isRecommended":false,"isNewUntil":"0","isInhouse":false,"mainTopic":{"uid":39,"code":"MESS- UND PR\u00dcF","description":"Mess- und Pr\u00fcftechnik","image":null,"topicPage":"","isTopTopic":false},"subtopics":[],"parties":[],"slots":[],"slotsAgendaViewUrl":"\/event\/programm\/list\/zmp-kompakt","services":[],"metaData":[{"code":"VA-KURZTEXT","value":"Die ZMP kompakt geht in die zweite Runde! Am 25. und 26. Juni 2026 trifft sich die Branche im Estrel Berlin, um \u00fcber die Zukunft der intelligenten Stromnetze zu sprechen. Im Mittelpunkt: die Steuerung mit intelligenten Messsystemen. Freuen Sie sich auf aktuelle Trends, praxisnahe Einblicke und eine Fachausstellung mit smarten L\u00f6sungen. Nutzen Sie die Gelegenheit zum fachlichen Austausch und zur Orientierung im dynamischen Umfeld der Energiewende!"},{"code":"VA-TEILNEHMER","value":"<p>F&uuml;hrungs- und Fachkr&auml;fte aus den Bereichen Netze, Z&auml;hler und Messung. Hersteller und Betreiber von steuerbaren Verbrauchseinrichtungen sowie die dazu geh&ouml;renden Verb&auml;nde.<\/p>"},{"code":"VA-ARGUMENTE","value":"<ul><li>Sie erhalten Informationen aus erster Hand von BNetzA, BSI und Expert*innen aus den VDE FNN Gremien<\/li><li>Sie lernen, wie Sie den kompletten Prozess der Steuerung im Unternehmen umsetzen<\/li><li>Sie k&ouml;nnen mit Branchenexpert*innen pers&ouml;nlich &uuml;ber die Herausforderungen diskutieren<\/li><li>L&ouml;sungsanbieter pr&auml;sentieren Ihnen Ihre Produkte<\/li><\/ul>"},{"code":"VA-THEMENSCHWERPUNKT","value":"<ul><li>Regulatorischer Rahmen<\/li><li>Prozesse f&uuml;r die drei Steuerungs-Ausbaustufen<\/li><li>Marktkommunikation: Bestellung von Konfigurationen zur Steuerung<\/li><li>Netzzustandsermittlung beim VNB<\/li><li>Mindestbezugsleistung mehrerer SteuVE und Ermittlung der H&ouml;he des Steuerbefehls<\/li><li>Aussendung des Steuerbefehls (Status Quo: Steuerbox)<\/li><li>FNN Steuerbox &ndash; Weitergabe des Steuerbefehls an die SteuVE\/das EMS<\/li><li>R&uuml;cknahme einer Steuerungsma&szlig;nahme<\/li><li>Programmstruktur f&uuml;r VNB und MSB<\/li><\/ul>"},{"code":"VA-META-TITLE","value":"ZMP kompakt | 25. - 26.06.2025 | Berlin"},{"code":"VA-FOCUS-KEYWORD","value":"Smart Meter Rollout"},{"code":"VA-METADESCRIPTION","value":"Top-Speaker, spannende Diskussionsrunden, begleitende Fachausstellung, Networking und Informationen rund ums Thema \u201eSteuern mit intelligenten Messsystemen\u201c. Ticket sichern!"},{"code":"VA-SEMINARINHALT","value":"<p>Nach dem erfolgreichen Auftakt 2024 geht die ZMP kompakt in die zweite Runde &ndash; am 25. und 26. Juni 2026 im Estrel Berlin. Im Mittelpunkt steht erneut die netzorientierte Steuerung mit intelligenten Messsystemen. Ziel ist es, aktuelle Entwicklungen im Zusammenspiel von Regulierung, Technik und Praxis sichtbar zu machen. Erwartet werden Beitr&auml;ge zu den Umsetzungsanforderungen aus &sect;14a EnWG, zur Netzzustandsermittlung und zur praktischen Ausf&uuml;hrung von Steuerma&szlig;nahmen. Fachexpert*innen aus Netzbetrieb und Messwesen geben Einblicke in den Gesamtprozess &ndash; von der Bestellung &uuml;ber das Smart Meter Gateway bis zur Umsetzung im Feld. Erg&auml;nzt wird das Programm durch eine Fachausstellung mit L&ouml;sungen rund um Steuerung, Interoperabilit&auml;t und sichere Kommunikation. Nutzen Sie die Gelegenheit zum Austausch mit Expert*innen und Praktiker*innen aus der Branche &ndash; kompakt, praxisnah und auf den Punkt.<\/p>"}],"eventType":{"code":"INFORMATIONSTAG","value":"Informationstag","uid":3},"learnLevel":"","meta":{"title":"","subtitle":"","abstract":"","description":"","keywords":"","canonical":""},"socialMedia":{"ogTitle":"","ogDescription":"","ogImage":[],"twitterTitle":"","twitterDescription":"","twitterCard":"","twitterImage":[]},"venueCount":1,"subeventCount":1,"occupancy":0,"links":{"Links":[{"Link_Adresse":"K:\\230433\\","Link_Beschreibung":"Projektordner"}]},"detailViewUrl":"\/event\/zmp-kompakt","bookingFormUrl":"\/event\/booking\/form\/zmp-kompakt","detailViewUrlMainEvent":"\/event\/zmp-kompakt","relatedEvents":""},{"updatedAt":"2026-08-05T12:01:58+02:00","createdAt":"2026-07-22T14:52:13+02:00","executionType":"online","executionTypes":["Online"],"clientKey":"101","number":"250406","title":"Energy Insights - Das monatliche Online-Update f\u00fcr die Energiewirtschaft","subtitle":"Top-Themen aus Markt, Digitalisierung und Regulierung","titleShort":"EI","start":"2026-08-07T00:00:00+02:00","end":"2026-12-04T00:00:00+01:00","registrationDeadline":null,"location":[],"locationContactNo":"","brand":{"code":"BDEW AKADEMIE","description":"BDEW Akademie","mail_to":"web@bosbach.de","tel":"030 284494 242","mail_to_sales":"ausstellung@ew-online.de","tel_sales":"069 7104687 553","logo":"https:\/\/api.stage.essociation.de\/fileadmin\/templates\/brand-logos\/logo_bdew_akademie.svg","ogImage":"https:\/\/api.stage.essociation.de\/fileadmin\/_processed_\/c\/4\/csm_logo_bdew_akademie_3b758de2f5.jpg","link":"https:\/\/stage.essociation.de\/veranstalter\/bdew-akademie","mail_to_inhouse":"inhouse@essociation.de","link_terms":"https:\/\/stage.essociation.de\/agb-ew","link_privacy":"https:\/\/stage.essociation.de\/datenschutz","link_sponsor":"ausstellung@ew-online.de","mail_to_order":"anmeldung@ew-online.de","tel_order":"030 284494 242","notice_order":"<p>Sobald die Mindestteilnehmerzahl erreicht ist, erhalten die Teilnehmer eine Buchungsbest&auml;tigung per E-Mail. Eine Rechnung versenden wir an die hinterlegte Rechnungsadresse.<\/p> <p>Bitte beachten Sie, dass eine kostenfreie Stornierung bis zum 30. Kalendertag vor Veranstaltungsbeginn m&ouml;glich ist.<\/p>","mail_to_support":"bdewakademie@essociation.de","metadata_author":"BDEW AKADEMIE","slider_content":null},"status":"HAUPT","participantsMin":0,"participantsMax":0,"isRecommended":false,"isNewUntil":"1775037727","isInhouse":false,"mainTopic":{"uid":38,"code":"MANAGEMENT","description":"Management","image":null,"topicPage":"","isTopTopic":false},"subtopics":[{"uid":4,"code":"BWL","description":"BWL","image":null,"topicPage":"","isTopTopic":false},{"uid":20,"code":"MARKTPROZESSE","description":"Marktprozesse","image":null,"topicPage":"","isTopTopic":false}],"parties":[],"slots":[],"slotsAgendaViewUrl":"\/event\/programm\/list\/energy-insights-das-monatliche-online-update-fuer-die-energiewirtschaft","services":[{"prices":[{"type":"","value":2500,"priceGroup":"","minAmount":0,"discountPercent":0,"discountType":{"code":null,"title":null,"description":null,"labelPercent":null},"start":null,"end":null}],"service":{"number":"VAL_016","description":"Normalpreis (online) \/ mit Studentennachweis","info":"<ul><li>Virtuelle Teilnahme<\/li><\/ul>","type":"Hauptleistung","canCarryDiscountCode":false,"requiresFileUpload":true,"requiresMemberNumber":false}}],"metaData":[{"code":"VA-SEMINARINHALT","value":"<p>&bdquo;Energy Insights&ldquo; ist Ihr kompaktes Weiterbildungsformat zur Einordnung aktueller Entwicklungen in der Energiewirtschaft. In jeder Session greifen wir ein konkretes Thema auf, das f&uuml;r die Praxis der Energiebranche besonders relevant ist &ndash; sei es durch neue gesetzliche Anforderungen, technische Umstellungen oder Ver&auml;nderungen in Markt- und Kommunikationsprozessen.<\/p><p>In jeweils 90 Minuten erhalten Sie eine strukturierte Einf&uuml;hrung ins Thema durch erfahrene Referierende. Anschlie&szlig;end haben Sie die M&ouml;glichkeit, Ihre individuellen Fragen einzubringen oder bereits vorab zu senden &ndash; f&uuml;r maximalen Praxisbezug und direkte Anwendbarkeit.<\/p><p><strong>Die Inhalte orientieren sich an aktuellen Branchenschwerpunkten und Herausforderungen wie:<\/strong><\/p><ul><li>7. August 2026 - <a href=\"https:\/\/www.essociation.de\/event\/foerdermittelfinanzierung-von-kommunalen-investitionen\">F&ouml;rdermittelfinanzierung von kommunalen Investitionen<\/a><\/li><li>4.September 2026 - <a href=\"https:\/\/www.essociation.de\/event\/waermepumpen-contracting-neue-waermeloesungen-erfolgreich-denken-und-umsetzen\">W&auml;rmepumpen-Contracting: Neue W&auml;rmel&ouml;sungen erfolgreich denken und umsetzen<\/a><\/li><li>2. Oktober 2026 - <a href=\"https:\/\/www.essociation.de\/event\/fachkraefte-sichern-entwickeln-und-binden-im-transformationsumfeld\">Fachkr&auml;fte sichern, entwickeln und binden im Transformationsumfeld<\/a><\/li><li>6. November 2026 - <a href=\"https:\/\/www.essociation.de\/event\/tarife-fuer-14a-kunden\">Tarife f&uuml;r &sect;14a-Kunden<\/a><\/li><li>4. Dezember 2026 - <a href=\"https:\/\/www.essociation.de\/event\/ki-trends-und-strategien-in-der-energiewirtschaft-was-jetzt-zaehlt\">KI-Trends &amp; Strategien in der Energiewirtschaft<\/a><\/li><\/ul><p>Die Sessions sind einzeln buchbar. So behalten Sie nicht nur den &Uuml;berblick, sondern gewinnen konkrete Anhaltspunkte f&uuml;r die Umsetzung im eigenen Arbeitsumfeld.<\/p>"},{"code":"VA-TEILNEHMER","value":"<ul><li>Fach- und F&uuml;hrungskr&auml;fte, die ihr Wissen regelm&auml;&szlig;ig auffrischen m&ouml;chten<\/li><li>Spezialisten, die sich gezielt zu aktuellen Entwicklungen informieren wollen<\/li><li>Alle Mitarbeitenden, die sich schnell einen &Uuml;berblick &uuml;ber die Branche verschaffen m&ouml;chten<\/li><\/ul>"},{"code":"VA-ARGUMENTE","value":"<ul><li>Regelm&auml;&szlig;ige Updates &ndash; bleiben Sie stets informiert zu Gesetzen, Technologien und Marktentwicklungen<\/li><li>Kompakter Wissenstransfer &ndash; in 1,5 Stunden auf dem neuesten Stand<\/li><li>Erfahrene Expert*innen &ndash; profitieren Sie von fundierten Einsch&auml;tzungen aus der Praxis<\/li><li>Individuelle Relevanz &ndash; stellen Sie Ihre Fragen direkt oder reichen Sie diese vorab ein<\/li><li>Flexible Teilnahme &ndash; buchen Sie die Einzeltermine nach Interesse und Notwendigkeit<\/li><\/ul>"},{"code":"VA-KURZTEXT","value":"Die Energiewirtschaft steht unter hohem Ver\u00e4nderungsdruck: neue gesetzliche Vorgaben, wachsende Anforderungen durch Digitalisierung und sich wandelnde Marktbedingungen erfordern kontinuierliche Information und schnelle Reaktionsf\u00e4higkeit. Mit \"Energy Insights\" bieten wir Ihnen ein neues, kompaktes Format, um genau das zu erm\u00f6glichen.In unserer monatlichen Online-Reihe erhalten Sie jeden 1. Freitag im Monat einen fundierten \u00dcberblick \u00fcber aktuelle Entwicklungen, Herausforderungen und Chancen der Branche \u2013 von regulatorischen \u00c4nderungen \u00fcber digitale Tools bis hin zu neuen Prozessen im Energiemarkt. Das Besondere: In nur 90 Minuten erhalten Sie nicht nur konzentrierten Fachinput, sondern auch 30 Minuten Zeit f\u00fcr den Austausch mit Expert*innen \u2013 live und interaktiv."},{"code":"VA-FOCUS-KEYWORD","value":"monatliches Update zu aktuellen E-Themen"},{"code":"VA-META-TITLE","value":"Energy Insights - Update zu E-Themen"},{"code":"VA-THEMENSCHWERPUNKT","value":"<ul><li>Inhalte variieren je nach Modul<\/li><li>neue gesetzliche Anforderungen<\/li><li>technische Umstellungen<\/li><li>Ver&auml;nderungen in Markt- und Kommunikationsprozessen<\/li><li>Trends im spezifischen Bereich<\/li><li>Diskussionsrunde<\/li><\/ul>"},{"code":"VA-NEU","value":"01.04.26"}],"eventType":{"code":"SEMINAR","value":"Seminar","uid":6},"learnLevel":"","meta":{"title":"","subtitle":"","abstract":"","description":"","keywords":"","canonical":""},"socialMedia":{"ogTitle":"","ogDescription":"","ogImage":[],"twitterTitle":"","twitterDescription":"","twitterCard":"","twitterImage":[]},"venueCount":1,"subeventCount":1,"occupancy":0,"links":{"Links":[{"Link_Adresse":"K:\\250406\\","Link_Beschreibung":"Projektordner"}]},"detailViewUrl":"\/event\/energy-insights-das-monatliche-online-update-fuer-die-energiewirtschaft","bookingFormUrl":"\/event\/booking\/form\/energy-insights-das-monatliche-online-update-fuer-die-energiewirtschaft","detailViewUrlMainEvent":"\/event\/energy-insights-das-monatliche-online-update-fuer-die-energiewirtschaft","relatedEvents":""},{"updatedAt":"2026-08-05T12:01:58+02:00","createdAt":"2026-07-22T14:52:13+02:00","executionType":"online","executionTypes":["Online"],"clientKey":"101","number":"260395","title":"F\u00f6rdermittelfinanzierung von kommunalen Investitionen","subtitle":"Zusch\u00fcsse, F\u00f6rderdarlehen und optimale Finanzierungsstrukturen sicher bewerten und kombinieren","titleShort":"EI_12","start":"2026-08-07T10:00:00+02:00","end":"2026-08-07T12:00:00+02:00","registrationDeadline":null,"location":{"number":"31000001","contactType":"Unternehmen","name":"Virtueller Veranstaltungsraum","name2":"","name3":"","firstName":"","middleName":"","lastName":"","addressStreet":"","addressHouseNo":"","addressZip":"","addressCity":"Online","addressCountry":[],"addressCountryName":"Deutschland","salutation":"OHNE","title":"","email":"","phone":"","fax":"","www":"","companyName":"Virtueller Veranstaltungsraum","companyPosition":"","image":null,"imageExternal":"","slug":"virtueller-veranstaltungsraum","portrait":"","uid":9160,"booth":null,"links":null},"locationContactNo":"","brand":{"code":"BDEW AKADEMIE","description":"BDEW Akademie","mail_to":"web@bosbach.de","tel":"030 284494 242","mail_to_sales":"ausstellung@ew-online.de","tel_sales":"069 7104687 553","logo":"https:\/\/api.stage.essociation.de\/fileadmin\/templates\/brand-logos\/logo_bdew_akademie.svg","ogImage":"https:\/\/api.stage.essociation.de\/fileadmin\/_processed_\/c\/4\/csm_logo_bdew_akademie_3b758de2f5.jpg","link":"https:\/\/stage.essociation.de\/veranstalter\/bdew-akademie","mail_to_inhouse":"inhouse@essociation.de","link_terms":"https:\/\/stage.essociation.de\/agb-ew","link_privacy":"https:\/\/stage.essociation.de\/datenschutz","link_sponsor":"ausstellung@ew-online.de","mail_to_order":"anmeldung@ew-online.de","tel_order":"030 284494 242","notice_order":"<p>Sobald die Mindestteilnehmerzahl erreicht ist, erhalten die Teilnehmer eine Buchungsbest&auml;tigung per E-Mail. Eine Rechnung versenden wir an die hinterlegte Rechnungsadresse.<\/p> <p>Bitte beachten Sie, dass eine kostenfreie Stornierung bis zum 30. Kalendertag vor Veranstaltungsbeginn m&ouml;glich ist.<\/p>","mail_to_support":"bdewakademie@essociation.de","metadata_author":"BDEW AKADEMIE","slider_content":null},"status":"HAUPT","participantsMin":5,"participantsMax":15,"isRecommended":false,"isNewUntil":"0","isInhouse":false,"mainTopic":{"uid":4,"code":"BWL","description":"BWL","image":null,"topicPage":"","isTopTopic":false},"subtopics":[{"uid":15,"code":"HANDEL","description":"Handel","image":null,"topicPage":"","isTopTopic":false},{"uid":38,"code":"MANAGEMENT","description":"Management","image":null,"topicPage":"","isTopTopic":false}],"parties":[{"role":"REFERENT","party":{"number":"31004621-073","contactType":"Ansprechpartner","name":"Mario Stoffels","name2":"","name3":"","firstName":"Mario","middleName":"","lastName":"Stoffels","salutation":"HR","title":"","www":"","companyName":"Campus-EW GmbH","companyPosition":"","image":null,"imageExternal":"","slug":"mario-stoffels","portrait":"","uid":9608}}],"slots":[],"slotsAgendaViewUrl":"\/event\/programm\/list\/foerdermittelfinanzierung-von-kommunalen-investitionen","services":[{"prices":[{"type":"","value":450,"priceGroup":"","minAmount":0,"discountPercent":0,"discountType":{"code":null,"title":null,"description":null,"labelPercent":null},"start":null,"end":null}],"service":{"number":"VAL_016","description":"Normalpreis (online) \/ mit Studentennachweis","info":"<ul><li>Virtuelle Teilnahme<\/li><\/ul>","type":"Hauptleistung","canCarryDiscountCode":false,"requiresFileUpload":true,"requiresMemberNumber":false}}],"metaData":[{"code":"VA-ARGUMENTE","value":"<ul><li>Finanzierungskosten gezielt optimieren: Sie verstehen Pricing-Systeme von F&ouml;rderdarlehen und k&ouml;nnen Zinsvorteile realistisch bewerten<\/li><li>F&ouml;rdervoraussetzungen sicher einsch&auml;tzen: Sie gewinnen Klarheit &uuml;ber Strukturierungsfragen &ndash; insbesondere bei kommunaler Beteiligung<\/li><li>Zusch&uuml;sse strategisch kombinieren: Sie lernen, wie direkte Zusch&uuml;sse, Tilgungszusch&uuml;sse und steuerliche Effekte sinnvoll zusammenspielen<\/li><li>Rating- und Bankenperspektive verstehen: Sie erfahren, wie F&ouml;rdermittel das Rating beeinflussen und welche Rolle die Hausbank tats&auml;chlich spielt<\/li><li>Praxisnahe Umsetzung: Durch Fallstudien und Best-Practice-Beispiele erhalten Sie konkrete Ans&auml;tze f&uuml;r Ihre Investitionsprojekte<\/li><\/ul>"},{"code":"VA-TEILNEHMER","value":"<p>Mitarbeitende kommunaler Unternehmen und Stadtwerke aus den Bereichen Finanzen, Controlling, Beteiligungsmanagement, strategische Unternehmensentwicklung, Investitionsplanung, Regulierungsmanagement sowie Gesch&auml;ftsf&uuml;hrung<\/p>"},{"code":"VA-THEMENSCHWERPUNKT","value":"<ul><li>Grundlagen der F&ouml;rdermittel<\/li><li>Besonderheiten bei Zusch&uuml;ssen<\/li><li>Besonderheiten bei F&ouml;rderdarlehen<\/li><\/ul>"},{"code":"VA-SEMINARINHALT","value":"<p>Investitionen kommunaler Unternehmen stehen zunehmend unter Finanzierungsdruck: steigende Kapitalbedarfe, regulatorische Anforderungen, Transformationsprojekte in Energie, Infrastruktur und Digitalisierung. F&ouml;rdermittel k&ouml;nnen hier einen entscheidenden wirtschaftlichen Hebel darstellen &ndash; wenn sie strategisch richtig eingesetzt werden.<\/p><p>In diesem Seminar erhalten Sie einen fundierten &Uuml;berblick &uuml;ber die aktuelle F&ouml;rdermittelkulisse f&uuml;r kommunale Unternehmen und Stadtwerke. Sie lernen die unterschiedlichen F&ouml;rdermittelarten und -formen kennen &ndash; von direkten Zusch&uuml;ssen &uuml;ber Tilgungszusch&uuml;sse bis hin zu F&ouml;rderdarlehen mit besonderen Pricing-Systemen.<\/p><p>Ein besonderer Fokus liegt auf:<\/p><ul><li>F&ouml;rdervoraussetzungen und Abgrenzungsfragen (&bdquo;mit oder ohne Kommune?&ldquo;)<\/li><li>Besonderheiten bei Zusch&uuml;ssen und steuerlichen Effekten<\/li><li>Rating-Auswirkungen von F&ouml;rderdarlehen<\/li><li>Rolle und Einbindung der Hausbank<\/li><li>Pricing-Mechanismen bei F&ouml;rderkrediten<\/li><\/ul><p>Anhand konkreter Fallstudien und Best-Practice-Beispiele diskutieren wir Erfolgsfaktoren und typische Fehlerquellen. Ziel ist es, Investitionsvorhaben wirtschaftlich zu optimieren, Finanzierungskosten realistisch zu bewerten und F&ouml;rdermittel strategisch in die Unternehmensplanung einzubinden.<\/p><p>Das Seminar verbindet Grundlagenwissen mit praxisorientierter Anwendung &ndash; kompakt, strukturiert und direkt umsetzbar.<\/p><p>Das ist ein Modul der Reihe &quot;Energy Insights&quot; - F&uuml;r kontinuierliche Updates und maximale Wissensvorteile!<\/p><p>Die einzelnen Termine f&uuml;r die Anmeldung finden Sie hier:<\/p><ul><li>7. August 2026 - <a href=\"https:\/\/www.essociation.de\/event\/foerdermittelfinanzierung-von-kommunalen-investitionen\">F&ouml;rdermittelfinanzierung von kommunalen Investitionen<\/a><\/li><li>4.September 2026 - <a href=\"https:\/\/www.essociation.de\/event\/waermepumpen-contracting-neue-waermeloesungen-erfolgreich-denken-und-umsetzen\">W&auml;rmepumpen-Contracting: Neue W&auml;rmel&ouml;sungen erfolgreich denken und umsetzen<\/a><\/li><li>2. Oktober 2026 - <a href=\"https:\/\/www.essociation.de\/event\/fachkraefte-sichern-entwickeln-und-binden-im-transformationsumfeld\">Fachkr&auml;fte sichern, entwickeln und binden im Transformationsumfeld<\/a><\/li><li>6. November 2026 - <a href=\"https:\/\/www.essociation.de\/event\/tarife-fuer-14a-kunden\">Tarife f&uuml;r &sect;14a-Kunden<\/a><\/li><li>4. Dezember 2026 - <a href=\"https:\/\/www.essociation.de\/event\/ki-trends-und-strategien-in-der-energiewirtschaft-was-jetzt-zaehlt\">KI-Trends &amp; Strategien in der Energiewirtschaft<\/a><\/li><\/ul>"},{"code":"VA-KURZTEXT","value":"Dieses Seminar vermittelt einen kompakten \u00dcberblick \u00fcber die F\u00f6rdermittelkulisse bei Investitionen kommunaler Unternehmen und ihrer jeweiligen F\u00f6rdervoraussetzungen. Die unterschiedlichen F\u00f6rdermittelarten und -formen werden vorgestellt und diskutiert. Es wird ein dezidierter \u00dcberblick \u00fcber die unterschiedlichen Pricings bei F\u00f6rdermittelkrediten gegeben."},{"code":"VA-FOCUS-KEYWORD","value":"F\u00f6rdermittelfinanzierung, kommunale Investitionen"},{"code":"VA-METADESCRIPTION","value":"Erhalten Sie kompaktes Wissen zum Thema F\u00f6rdermittelfinanzierung von kommunalen Investitionen!"},{"code":"VA-META-TITLE","value":"F\u00f6rdermittelfinanzierung, kommunale Investitionen, F\u00f6rdermittel, Investitionen, Antr\u00e4ge, Funding"}],"eventType":{"code":"SEMINAR","value":"Seminar","uid":6},"learnLevel":"","meta":{"title":"","subtitle":"","abstract":"","description":"","keywords":"","canonical":""},"socialMedia":{"ogTitle":"","ogDescription":"","ogImage":[],"twitterTitle":"","twitterDescription":"","twitterCard":"","twitterImage":[]},"venueCount":1,"subeventCount":1,"occupancy":0,"links":{"Links":[{"Link_Adresse":"K:\\260395\\","Link_Beschreibung":"Projektordner"}]},"detailViewUrl":"\/event\/foerdermittelfinanzierung-von-kommunalen-investitionen","bookingFormUrl":"\/event\/booking\/form\/foerdermittelfinanzierung-von-kommunalen-investitionen","detailViewUrlMainEvent":"\/event\/foerdermittelfinanzierung-von-kommunalen-investitionen","relatedEvents":""},{"updatedAt":"2026-08-05T12:01:58+02:00","createdAt":"2026-07-22T14:52:13+02:00","executionType":"","executionTypes":["Pr\u00e4senz","Online"],"clientKey":"102","number":"S018043","title":"Fachkraft f\u00fcr Photovoltaik (VDE\/DGS)","subtitle":"Zertifikats-Lehrgang zu fach- und normgerechter Planung, Installation, Montage und Inbetriebnahme von PV-Anlagen","titleShort":"Fachkraft f\u00fcr Photovoltaik (VDE\/DGS)","start":"2026-08-24T10:00:00+02:00","end":"2026-12-11T00:00:00+01:00","registrationDeadline":null,"location":[],"locationContactNo":"","brand":{"code":"VDE ACADEMY","description":"VDE ACADEMY","mail_to":"web@bosbach.de","tel":"069 840006 1312","mail_to_sales":"seminare@vde-verlag.de","tel_sales":"069 840006 1312","logo":"https:\/\/api.stage.essociation.de\/fileadmin\/templates\/brand-logos\/logo_vde_academy.svg","ogImage":"https:\/\/api.stage.essociation.de\/fileadmin\/_processed_\/3\/5\/csm_logo_vde_academy_41953a8f97.jpg","link":"https:\/\/stage.essociation.de\/veranstalter\/vde-academy","mail_to_inhouse":"seminare@vde-verlag.de","link_terms":"https:\/\/stage.essociation.de\/agb-vdev","link_privacy":"https:\/\/stage.essociation.de\/datenschutz","link_sponsor":"seminare@vde-verlag.de","mail_to_order":"seminare@vde-verlag.de","tel_order":"069 840006 1312","notice_order":"<p>Sobald die Mindestteilnehmerzahl erreicht ist, sp&auml;testens jedoch 14 Tage vor Ihrer Veranstaltung, erhalten Sie von uns eine Buchungsbest&auml;tigung per E-Mail an die von Ihnen angegebene Adresse. Sollten sich &Auml;nderungen oder Erg&auml;nzungen zu Ihrer Buchung ergeben, so senden Sie diese bitte per Mail an seminare@vde-verlag.de. Wir werden uns umgehend bei Ihnen zur&uuml;ckmelden.<\/p>","mail_to_support":"vdeacademy@essociation.de","metadata_author":"VDE ACADEMY","slider_content":null},"status":"HAUPT","participantsMin":16,"participantsMax":36,"isRecommended":false,"isNewUntil":"0","isInhouse":false,"mainTopic":{"uid":10,"code":"ERNEUERBARE","description":"Erneuerbare Energien","image":null,"topicPage":"","isTopTopic":false},"subtopics":[{"uid":7,"code":"ELEKTROTECHNIK","description":"Elektrotechnik","image":null,"topicPage":"","isTopTopic":false},{"uid":40,"code":"NETZTECHNIK","description":"Netztechnik","image":null,"topicPage":"","isTopTopic":false}],"parties":[{"role":"REFERENT","party":{"number":"585170-001","contactType":"Ansprechpartner","name":"Ralf Haselhuhn","name2":"","name3":"","firstName":"Ralf","middleName":"","lastName":"Haselhuhn","salutation":"HR","title":"Dipl.-Ing.","www":"","companyName":"DGS  Deutsche Gesellschaft f\u00fcr Sonnenenergie e.V.","companyPosition":"","image":null,"imageExternal":"https:\/\/essociation.px.media\/plk\/585170-001-Haselhuhn_Ralf.jpg","slug":"ralf-haselhuhn","portrait":"<ul><li><p>Dipl.-Ing. f&uuml;r Elektrotechnik, Energietechnik TU Dresden<\/p><\/li><li>Energieberatung und Energiemanagement TU-Berlin (postgradual)<\/li><li>t&auml;tig als Fachplaner, Gutachter, Sachverst&auml;ndiger, Dozent und Autor, Projektleiter verschiedener Forschungsprojekte bei der DGS Berlin<\/li><li>Ab 2000 VDE-Normung: stimmberechtigter Mitarbeiter im DKE-Komitee 373 PV und weiteren DKE-Arbeitskreisen z. B. AK 221 Installation, Planen, Errichten PV-Anlagen, Blitz- und &Uuml;berspannungsschutz VDE0185-305-3 Beiblatt 5 und VDE-Anwendungs-regeln Station&auml;re Batteriespeicher, AK 371. Sicherheit Li-Ion-Heimspeicher<\/li><\/ul><p> <\/p><ul><li>seit 1995 Planung, Abnahme und technische Fachgutachten f&uuml;r PV-Anlagen<\/li><li>2000-2010 Vorlesung Photovoltaik: Hochschule f&uuml;r Technik &amp; Wirtschaft Berlin<\/li><li>seit 2001 Mitarbeit in der EEG-Clearingstelle, Vorschl&auml;ge zum EEG<\/li><li>seit 2003 Vorsitzender des bundesweiten Fachausschusses Photovoltaik<\/li><li>seit 2008 in BSW-Fach- und Arbeitsgruppen: Blitz, Netz, Brand, Bau, Speicher<\/li><li>ab 2009 Tagungsbeirat PV-Symposium Kloster Banz, Fachgremium InterSolarAward<\/li><li>ab 2012 im ZVEH\/BSW-Expertenkreis Speicher, Fachgremium EES-Award<\/li><li>ab 2014 ep-Jury Deutscher Elektroplaner Preis, BVES-AG, BEE-FG Netz<\/li><\/ul>","uid":9637}},{"role":"REFERENT","party":{"number":"585170-008","contactType":"Ansprechpartner","name":"Udo Siegfriedt","name2":"","name3":"","firstName":"Udo","middleName":"","lastName":"Siegfriedt","salutation":"HR","title":"Dipl.-Ing.","www":"","companyName":"DGS  Deutsche Gesellschaft f\u00fcr Sonnenenergie e.V.","companyPosition":"","image":null,"imageExternal":"https:\/\/vde.px.media\/plk\/zx\/585170-008-Udo_Siegfriedt.jpg","slug":"udo-siegfriedt","portrait":"<p>Titel:<\/p><ul><li>Dipl.-Ing. Elektrotechnik<\/li><\/ul><p> <\/p><p>Beruflicher Werdegang:<\/p><ul><li>Studium der Elektrotechnik an der TU Berlin<\/li><li>Von 1990 bis 1995 studentische Hilfskraft beim PV-Pionier Wuseltronik im Bereich Wechselrichterproduktion<\/li><li>Seit 1995 regelm&auml;&szlig;ige Dozentent&auml;tigkeit f&uuml;r die DGS Deutsche Gesellschaft f&uuml;r Sonnenenergie<\/li><li>Von 1997 bis 2009 t&auml;tig bei der SOLON AG in den Bereichen Wechselrichterproduktion, O&amp;M sowie R&amp;D<\/li><li>Seit 2009 angestellt bei der DGS Deutsche Gesellschaft f&uuml;r Sonnenenergie als Gutachter und Dozent<\/li><\/ul><p> <\/p><p>Arbeitsfelder:<\/p><ul><li>Gutachten f&uuml;r Photovoltaik<\/li><li>Weiterbildungen im Bereich Photovoltaik<\/li><li>Erarbeitung von internationalen Weiterbildungsangeboten und der Ausbildung von Trainern<\/li><li>Mitarbeit in der Normung<\/li><\/ul><p> <\/p><p>Jetzige T&auml;tigkeit:<\/p><ul><li>Erstellung von Fachgutachten zur Abnahme<\/li><li>Gutachterliche T&auml;tigkeit vor Gericht<\/li><li>Dozent f&uuml;r die DGS, den VDE und weiteren Bildungstr&auml;gern<\/li><li>Mitautor von Fachliteratur und der Wissensplattform <a href=\"https:\/\/www.pv-wissen.de\/\">www.pv-wissen.de<\/a><\/li><li>Mitglied des DKE-Arbeitskreises &bdquo;UK 221.5 Zukunftsf&auml;hige Elektroinstallationen&ldquo;<\/li><\/ul>","uid":9638}},{"role":"REFERENT","party":{"number":"585170-010","contactType":"Ansprechpartner","name":"Markus Homburg","name2":"","name3":"","firstName":"Markus","middleName":"","lastName":"Homburg","salutation":"HR","title":"Dipl.-Ing.","www":"","companyName":"DGS  Deutsche Gesellschaft f\u00fcr Sonnenenergie e.V.","companyPosition":"","image":null,"imageExternal":"https:\/\/essociation.px.media\/plk\/585170-010-Homburg_Markus.png","slug":"markus-homburg","portrait":"<ul><li>Diplomingenieur f&uuml;r Energietechnik (TU Berlin)<\/li><li>seit 2000 als Planer, Projektleiter und Installateur in der Solarbranche t&auml;tig<\/li><li>Schwerpunkte: Solarthermie, Photovoltaik und Systementwicklung (Eisspeicher\/ Solar)<\/li><li>Entwicklung und Durchf&uuml;hrung von Schulungsprojekten u.a. f&uuml;r die Deutsche Bundesstiftung Umwelt DBU und Schulen<\/li><\/ul>","uid":9639}},{"role":"REFERENT","party":{"number":"585170-011","contactType":"Ansprechpartner","name":"Elisa F\u00f6rster","name2":"","name3":"","firstName":"Elisa","middleName":"","lastName":"F\u00f6rster","salutation":"FR","title":"","www":"","companyName":"DGS  Deutsche Gesellschaft f\u00fcr Sonnenenergie e.V.","companyPosition":"","image":null,"imageExternal":"https:\/\/essociation.px.media\/plk\/585170-011-F%C3%B6rster_Elisa.jpg","slug":"elisa-foerster","portrait":"<ul><li><p>Diplomingenieurin Regenerative Energien (FH, HTW Berlin)<\/p><\/li><li><p>Wissenschaftliche T&auml;tigkeit im Bereich Energiesystemsimulationen (z.B. hohe Anteile EE, Sektorenkopplung, PV Eigenverbrauch)<\/p><\/li><li><p>Projektleiterin verschiedener Forschungsprojekte am Reiner Lemoine Institut<\/p><\/li><li><p>Nebent&auml;tigkeit als Dozentin im Bildungsprojekt &bdquo;Neue Energie f&uuml;r Ingenieurinnen&ldquo; des LIFE e.V. Berlin (2014)<\/p><\/li><li><p>Seit 2019 Projektleiterin im SolarZentrum Berlin, DGS Berlin Brandenburg<\/p><\/li><li><p>Seit 2019 Dozentin f&uuml;r verschiedene Schulungen im Bereich Photovoltaik bei der DGS Berlin Brandenburg<\/p><\/li><\/ul>","uid":9640}}],"slots":[],"slotsAgendaViewUrl":"\/event\/programm\/list\/fachkraft-fuer-photovoltaik-vde-dgs","services":[{"prices":[{"type":"","value":2920,"priceGroup":"","minAmount":0,"discountPercent":0,"discountType":{"code":null,"title":null,"description":null,"labelPercent":null},"start":null,"end":null}],"service":{"number":"VAL_001","description":"Normalpreis","info":"","type":"Hauptleistung","canCarryDiscountCode":true,"requiresFileUpload":false,"requiresMemberNumber":false}},{"prices":[{"type":"","value":2920,"priceGroup":"","minAmount":0,"discountPercent":0,"discountType":{"code":null,"title":null,"description":null,"labelPercent":null},"start":null,"end":null}],"service":{"number":"VAL_016","description":"Normalpreis (online) \/ mit Studentennachweis","info":"<ul><li>Virtuelle Teilnahme<\/li><\/ul>","type":"Hauptleistung","canCarryDiscountCode":false,"requiresFileUpload":true,"requiresMemberNumber":false}},{"prices":[{"type":"","value":2800,"priceGroup":"","minAmount":0,"discountPercent":0,"discountType":{"code":null,"title":null,"description":null,"labelPercent":null},"start":null,"end":null}],"service":{"number":"VAL_058","description":"Mitgliedspreis VDE","info":"","type":"Hauptleistung","canCarryDiscountCode":false,"requiresFileUpload":true,"requiresMemberNumber":false}},{"prices":[{"type":"","value":2800,"priceGroup":"","minAmount":0,"discountPercent":0,"discountType":{"code":null,"title":null,"description":null,"labelPercent":null},"start":null,"end":null}],"service":{"number":"VAL_059","description":"Mitgliedspreis VDE (online)","info":"<ul><li>Virtuelle Teilnahme<\/li><\/ul>","type":"Hauptleistung","canCarryDiscountCode":false,"requiresFileUpload":false,"requiresMemberNumber":false}}],"metaData":[{"code":"VA-SEMINARZIEL","value":"Fachgerechter, VDE-Regel-konformer Umgang mit PV-Anlagen auf h\u00f6chstem Qualit\u00e4tsniveau:  Bef\u00e4higung zur Planung und Installation von PV-Anlagen nach dem neuesten Entwicklungsstand der Photovoltaik unter Ber\u00fccksichtigung der geltenden Normen, Bestimmungen und Sicherheitsanforderungen. Kenntnisse zur fach- und qualit\u00e4tsgerechten Planung, Installation und zum Bau werden angeboten."},{"code":"VA-HINWEIS","value":"<p><strong>Zertifikatslehrgang<\/strong><\/p><p>Der Lehrgang wird von VDE und DGS als Institutionen f&uuml;r elektrische Sicherheit und internationale Anwendungspraxis gemeinsam veranstaltet. Bei erfolgreichem Bestehen einer schriftlichen Abschlusspr&uuml;fung (optional, kostenfrei) wird das Zertifikat erworben: Fachkraft f&uuml;r Photovoltaik (VDE\/DGS)<\/p><p><strong>Rechtliche Belange der Handwerksordnung oder der Gewerbeord&shy;nung wer&shy;den vom Seminar nicht ber&uuml;hrt.<\/strong><\/p>"},{"code":"VA-SEMINARINHALT","value":"<p>Dieser umfassende Lehrgang richtet sich an alle, die sich mit Planung, Bau und Installation von PV-Anlagen besch&auml;ftigen. Er enth&auml;lt alle Bestandteile um Elektrofachkr&auml;fte und Ingenieure zu bef&auml;higen PV-Anlagen fachgerecht und VDE-Regel-konform zu planen, zu errichten, in Betrieb zu nehmen und zu betreiben. Die Inhalte bestehen aus Grundlagen und Praxis auf dem neuesten Entwicklungsstand der Photovoltaik unter Ber&uuml;cksichtigung des aktuellen Standes der Technik, der geltenden Normen, Bestimmungen und Sicherheitsanforderungen.<\/p><p>Es werden Auswahl, Auslegung und Installation der Kabel und Leitungen, der DC- \/ AC- Schutzelemente, einzuhaltende Isolationswiderst&auml;nde, Blitz- und &Uuml;berspannungsschutz sowie Netzintegration und Netzanschluss unter Ber&uuml;cksichtigung der EEG-Anforderungen und der FNN-Anwendungsregeln erl&auml;utert (Spannungshaltung, Blindleistungs- und Frequenzregelung). Neben den elektrotechnischen Anforderungen bilden Statik, bauliche Anforderungen, Montagesysteme, MBO- sowie DIBt- Bauanforderungen und Brandschutz einen Schwerpunkt.<\/p><p>Zudem wird das Wissen f&uuml;r die Planung von Eigenverbrauchsanlagen besprochen - die Anpassung von Energiebedarf und Verbr&auml;uchen sowie die Nutzung von Energiemanagementsystemen und Speicherm&ouml;glichkeiten. In einem Praxisteil werden elektrotechnische Messung und Pr&uuml;fungen sowie die sichere Montage (Montage&uuml;bung nur in Pr&auml;senz) ge&uuml;bt.<\/p><p>Das Zertifikat ist kein Sachkundenachweis f&uuml;r die Eintragung von Installationsunternehmen bei Netzbetreibern oder Handwerkskammern.<\/p><p>Es ist ein allgemein anerkannter Nachweis der Fachkunde f&uuml;r die Planung und Errichtung von Photovoltaikanlagen nach den Normen, Richtlinien und Regeln der Technik.<\/p>"},{"code":"VA-TEILNEHMER","value":"<p>Fach- und F&uuml;hrungskr&auml;fte der Elektro- und Solarbranche sowie der Energiewirtschaft wie Energieversorger oder Netzbetreiber.<\/p><p>Insbesondere Ingenieure, Planer, Techniker, Meister, Handwerker, Installateure, Gutachter, Sachverst&auml;ndige, Energieberater sowie elektrotechnisch versierte Bauplaner und Akademiker aus anderen technischen Fachrichtungen oder Mitarbeiter von Bildungs- und Forschungseinrichtungen.<\/p>"},{"code":"VA-KURZTEXT","value":"Dieses Seminar vermittelt den fachgerechten, VDE-Regel-konformen Umgang mit PV-Anlagen auf h\u00f6chstem Qualit\u00e4tsniveau: Sie erhalten die Bef\u00e4higung zur Planung und Installation von PV-Anlagen nach dem neuesten Entwicklungsstand der Photovoltaik unter Ber\u00fccksichtigung der geltenden Normen, Bestimmungen und Sicherheitsanforderungen. Kenntnisse zur fach- und qualit\u00e4tsgerechten Planung, Installation und zum Bau werden angeboten."},{"code":"VA-ZERTIFIKAT","value":"Ja"},{"code":"VA-FOCUS-KEYWORD","value":"Photovoltaik"},{"code":"VA-METADESCRIPTION","value":"Das Seminar enth\u00e4lt alle Bestandteile um Elektrofachkr\u00e4fte und Ingenieure zu bef\u00e4higen PV-Anlagen fachgerecht und VDE-Regel-konform zu planen, zu errichten, in Betrieb zu nehmen und zu betreiben."},{"code":"VA-INHOUSE","value":"Nein"},{"code":"VA-LERN-LEVEL","value":"AUFBAU"},{"code":"VA-ARGUMENTE","value":"<ul><li>Modultechnik und PV-Generator<\/li><li>Anlagentechnik (Wechselrichter, Schutzkomponenten, Speicher&hellip;)<\/li><li>Planung und Auslegung<\/li><li>Normgerechte Elektro-Installation<\/li><li>Netzanschluss, Inbetriebnahme und Betrieb<\/li><\/ul>"},{"code":"VA-THEMENSCHWERPUNKT","value":"<ul><li>Modultechnik und PV-Generator<\/li><li>Anlagentechnik (Wechselrichter, Schutzkomponenten, Speicher&hellip;)<\/li><li>Planung und Auslegung<\/li><li>Normgerechte Elektro-Installation<\/li><li>Netzanschluss, Inbetriebnahme und Betrieb<\/li><\/ul>"}],"eventType":{"code":"SEMINAR","value":"Seminar","uid":6},"learnLevel":"AUFBAU","meta":{"title":"","subtitle":"","abstract":"","description":"","keywords":"","canonical":""},"socialMedia":{"ogTitle":"","ogDescription":"","ogImage":[],"twitterTitle":"","twitterDescription":"","twitterCard":"","twitterImage":[]},"venueCount":2,"subeventCount":3,"occupancy":0,"links":{"Links":[{"Link_Adresse":"\\\\sanprodoff\\OFFPROD\\Gruppenordner\\Seminare\\11-Seminarunterlagen\\Seminare ab 2022\\S018043\\","Link_Beschreibung":"Projektordner"}]},"detailViewUrl":"\/event\/fachkraft-fuer-photovoltaik-vde-dgs","bookingFormUrl":"\/event\/booking\/form\/fachkraft-fuer-photovoltaik-vde-dgs","detailViewUrlMainEvent":"\/event\/fachkraft-fuer-photovoltaik-vde-dgs","relatedEvents":""}]}]}}},{"id":293,"pid":1,"type":"structured_content","colPos":0,"categories":"","appearance":{"layout":"highlights-content-container","frameClass":"container-lg","spaceBefore":"","spaceAfter":"","frameHide":""},"content":{"header":"PHASE 2","subheader":"","headerLayout":100,"headerPosition":"","headerLink":"","structure":{"layout":"twocol","grid":{"threecol":"0","onecol":"0","fourthcol":"0","twocol":"0"},"rows":[{"columns":[{"config":{"name":"First column","colPos":"101"},"elements":[{"id":292,"pid":1,"type":"text","colPos":-1,"categories":"","appearance":{"layout":"text","frameClass":"default","spaceBefore":"","spaceAfter":"","frameHide":""},"content":{"header":"EINE PLATTFORM - DIE BESTEN ANBIETER","subheader":"","headerLayout":2,"headerPosition":"","headerLink":"","bodytext":"<p>Als Allianz verschiedener Marken bieten wir ein umfassendes Portfolio an Online- und Pr\u00e4senzveranstaltungen zu E-Themen f\u00fcr alle Branchen. Damit schaffen wir eine zentrale Anlaufstelle f\u00fcr den branchen\u00fcbergreifenden Wissenstransfer auf h\u00f6chstem Qualit\u00e4tsstandard, der den Bed\u00fcrfnissen der heutigen Zeit gerecht wird.<\/p>"}}]},{"config":{"name":"Second column","colPos":"102"},"elements":[{"id":291,"pid":1,"type":"q3i_number_list","colPos":-1,"categories":"","appearance":{"layout":"default","frameClass":"default","spaceBefore":"","spaceAfter":"","frameHide":""},"content":{"header":"Liste mit Zahlen","subheader":"","headerLayout":0,"headerPosition":"","headerLink":"","items":[{"header":"694","subheader":"Veranstaltungen","bodytext":"<p>Digital, Vor-Ort oder Hybrid \u2013 vom Seminar \u00fcber die Tagung bis zu Kongressen und Messen<\/p>"},{"header":"1.130","subheader":"Referenten","bodytext":"<p>Vertreter und Entscheidungstr\u00e4ger aus Politik, Verb\u00e4nden, Unternehmen und Wissenschaft<\/p>"},{"header":"2.024","subheader":"Aussteller \/ Sponsoren","bodytext":"<p>Ausstellungsstand, Elevator Pitch, Coffee-Bike \u2013 Ihre M\u00f6glichkeiten sind grenzenlos<\/p>"},{"header":"13.880","subheader":"Teilnehmer","bodytext":"<p>Azubis, Sachbearbeiter, Fach- und F\u00fchrungskr\u00e4fte, Gesch\u00e4ftsf\u00fchrer und Gr\u00fcnder<\/p>"}]}}]}]}]}}},{"id":294,"pid":1,"type":"q3i_top_topics","colPos":0,"categories":"","appearance":{"layout":"default","frameClass":"default","spaceBefore":"","spaceAfter":"","frameHide":""},"content":{"header":"TOP THEMEN","subheader":"","headerLayout":0,"headerPosition":"","headerLink":"","items":[{"header":"Elektrosicherheit","headerLayout":"3","link":{"type":"page","url":"\/themen\/elektrosicherheit","target":"","title":"","class":"","link":"t3:\/\/page?uid=69","aTagParams":""},"bodytext":"<p>Fachkunde und Jahresunterweisungen f\u00fcr alle Qualifikationsstufen von Elektrofachkr\u00e4ften<\/p>","image":"https:\/\/api.stage.essociation.de\/fileadmin\/dokumente\/themen\/KEY-Topthema_Elektrosicherheit.jpg"},{"header":"Netz- und Energietechnik","headerLayout":"3","link":{"type":"page","url":"\/themen\/netz-und-energietechnik","target":"","title":"","class":"","link":"t3:\/\/page?uid=37","aTagParams":""},"bodytext":"<p>Normen und rechtliche Vorgaben f\u00fcr eine zukunftsf\u00e4hige Infrastruktur<\/p>","image":"https:\/\/api.stage.essociation.de\/fileadmin\/dokumente\/themen\/KEY-Topthema-Energietechnik.jpg"},{"header":"Blitz- und \u00dcberspannungsschutz","headerLayout":"3","link":{"type":"page","url":"\/themen\/blitz-und-ueberspannungsschutz","target":"","title":"","class":"","link":"t3:\/\/page?uid=70","aTagParams":""},"bodytext":"<p>Kompetenzen f\u00fcr die Planung, Installation, Pr\u00fcfung und Wartung<\/p>","image":"https:\/\/api.stage.essociation.de\/fileadmin\/dokumente\/themen\/KEY-Topthema_Blitzschutz.jpg"},{"header":"Marktprozesse","headerLayout":"3","link":{"type":"page","url":"\/themen\/marktprozesse","target":"","title":"","class":"","link":"t3:\/\/page?uid=35","aTagParams":""},"bodytext":"<p>Schnittstellen zwischen Unternehmen, Kommunikation mit Beh\u00f6rden und Ausgestaltung der innerbetrieblichen Prozesse<\/p>","image":"https:\/\/api.stage.essociation.de\/fileadmin\/dokumente\/themen\/KEY-Topthema-Marktprozesse.jpg"}]}},{"id":87,"pid":1,"type":"q3i_button","colPos":0,"categories":"","appearance":{"layout":"show-all-events","frameClass":"container-lg","spaceBefore":"","spaceAfter":"large","frameHide":""},"content":{"header":"Alle Veranstaltungen","subheader":"","headerLayout":0,"headerPosition":"","headerLink":"","button_link":{"type":"url","url":"https:\/\/stage.essociation.de\/search\/?q=","target":"","title":"","class":"","link":"https:\/\/stage.essociation.de\/search\/?q=","aTagParams":""},"button_text":"Alle Veranstaltungen","button_layout":"primary"}}]},"languages":[{"languageId":0,"locale":"de_DE.UTF-8","title":"Deutsch","navigationTitle":"Deutsch","twoLetterIsoCode":"de","hreflang":"de-DE","direction":"","flag":"flags-de","link":"\/","active":1,"current":0,"available":1}]}